{"id":4760,"date":"2023-03-31T14:51:32","date_gmt":"2023-03-31T14:51:32","guid":{"rendered":"https:\/\/dev2.eklore.ca\/oaq\/?page_id=4760"},"modified":"2026-03-03T17:18:38","modified_gmt":"2026-03-03T22:18:38","slug":"gouvernance","status":"publish","type":"page","link":"https:\/\/audioprothesistes.org\/staging20260303\/a-propos\/gouvernance\/","title":{"rendered":"Gouvernance"},"content":{"rendered":"<p>[et_pb_section fb_built=\u00a0\u00bb1&Prime; _builder_version=\u00a0\u00bb4.19.0&Prime; _module_preset=\u00a0\u00bbdefault\u00a0\u00bb custom_padding=\u00a0\u00bb0px||0px||false|false\u00a0\u00bb global_colors_info=\u00a0\u00bb{}\u00a0\u00bb theme_builder_area=\u00a0\u00bbpost_content\u00a0\u00bb][et_pb_row _builder_version=\u00a0\u00bb4.19.0&Prime; _module_preset=\u00a0\u00bbdefault\u00a0\u00bb global_colors_info=\u00a0\u00bb{}\u00a0\u00bb theme_builder_area=\u00a0\u00bbpost_content\u00a0\u00bb][et_pb_column type=\u00a0\u00bb4_4&Prime; _builder_version=\u00a0\u00bb4.19.0&Prime; _module_preset=\u00a0\u00bbdefault\u00a0\u00bb global_colors_info=\u00a0\u00bb{}\u00a0\u00bb theme_builder_area=\u00a0\u00bbpost_content\u00a0\u00bb][et_pb_text _builder_version=\u00a0\u00bb4.19.0&Prime; _module_preset=\u00a0\u00bbdefault\u00a0\u00bb global_colors_info=\u00a0\u00bb{}\u00a0\u00bb theme_builder_area=\u00a0\u00bbpost_content\u00a0\u00bb]<\/p>\n<p>L\u2019Ordre des audioproth\u00e9sistes du Qu\u00e9bec est administr\u00e9 par un conseil d\u2019administration form\u00e9 de huit administrateurs. Six administrateurs sont \u00e9lus parmi les membres de l\u2019Ordre et deux sont nomm\u00e9s par l\u2019Office des professions du Qu\u00e9bec.<\/p>\n<p>[\/et_pb_text][et_pb_toggle title=\u00a0\u00bbR\u00f4le du conseil d&rsquo;administration\u00a0\u00bb closed_toggle_background_color=\u00a0\u00bb#FFFFFF\u00a0\u00bb _builder_version=\u00a0\u00bb4.21.0&Prime; _module_preset=\u00a0\u00bbbab4c2cd-4a88-438d-a5c7-00b7bc1dfce7&Prime; title_font_size=\u00a0\u00bb20px\u00a0\u00bb custom_css_toggle_title=\u00a0\u00bbcolor:var&#8211;(darkblue)!important;\u00a0\u00bb custom_css_toggle_content=\u00a0\u00bbcolor:var&#8211;(darkblue)!important;\u00a0\u00bb global_colors_info=\u00a0\u00bb{}\u00a0\u00bb theme_builder_area=\u00a0\u00bbpost_content\u00a0\u00bb]<\/p>\n<p>Le conseil d\u2019administration est charg\u00e9 de l\u2019administration g\u00e9n\u00e9rale des affaires de l\u2019Ordre. Il veille \u00e0 l\u2019application des dispositions du\u00a0<em>Code des professions<\/em>, de la\u00a0<em>Loi sur les audioproth\u00e9sistes<\/em>\u00a0et des r\u00e8glements adopt\u00e9s conform\u00e9ment au<em>\u00a0Code des professions<\/em>\u00a0ou \u00e0 la\u00a0<em>Loi sur les audioproth\u00e9sistes<\/em>. Il exerce tous les droits, pouvoirs et pr\u00e9rogatives de l\u2019Ordre, sauf ceux qui sont du ressort des membres de l\u2019Ordre r\u00e9unis en assembl\u00e9e g\u00e9n\u00e9rale soit l\u2019approbation de la cotisation annuelle fix\u00e9e par le conseil d\u2019administration et la nomination des v\u00e9rificateurs.<\/p>\n<p>Le conseil d\u2019administration est second\u00e9 dans sa t\u00e2che par le secr\u00e9taire de l\u2019Ordre. Le secr\u00e9taire s\u2019assure du suivi des d\u00e9cisions de nature statutaire. Il est redevable directement au conseil d\u2019administration de l\u2019Ordre.<\/p>\n<p>De plus, un avocat agit comme conseiller juridique aupr\u00e8s du pr\u00e9sident et du conseil d\u2019administration.<\/p>\n<p>[\/et_pb_toggle][et_pb_toggle title=\u00a0\u00bbR\u00f4le du pr\u00e9sident\u00a0\u00bb closed_toggle_background_color=\u00a0\u00bb#FFFFFF\u00a0\u00bb _builder_version=\u00a0\u00bb4.27.4&Prime; _module_preset=\u00a0\u00bbbab4c2cd-4a88-438d-a5c7-00b7bc1dfce7&Prime; title_font_size=\u00a0\u00bb20px\u00a0\u00bb custom_css_toggle_title=\u00a0\u00bbcolor:var&#8211;(darkblue)!important;\u00a0\u00bb custom_css_toggle_content=\u00a0\u00bbcolor:var&#8211;(darkblue)!important;\u00a0\u00bb global_colors_info=\u00a0\u00bb{}\u00a0\u00bb theme_builder_area=\u00a0\u00bbpost_content\u00a0\u00bb]<\/p>\n<p>Le pr\u00e9sident, \u00e9lu par le conseil d\u2019administration parmi les six administrateurs \u00e9lus par les membres qui composent le conseil d\u2019administration, exerce un droit de surveillance g\u00e9n\u00e9rale sur les affaires de l\u2019Ordre. Il assume \u00e9galement d\u2019autres responsabilit\u00e9s que lui confie le conseil d\u2019administration.<\/p>\n<p>Le pr\u00e9sident :<\/p>\n<ul>\n<li>pr\u00e9side les s\u00e9ances du conseil d\u2019administration ainsi que les d\u00e9lib\u00e9rations lors des assembl\u00e9es g\u00e9n\u00e9rales;<\/li>\n<li>est responsable de l\u2019administration des affaires du conseil d\u2019administration ainsi que de l\u2019application des d\u00e9cisions du conseil d\u2019administration et de celles des membres de l\u2019Ordre r\u00e9unis en assembl\u00e9e g\u00e9n\u00e9rale;<\/li>\n<li>coordonne les travaux du conseil d\u2019administration et de l\u2019assembl\u00e9e;<\/li>\n<li>veille au respect par les administrateurs des normes d\u2019\u00e9thique et de d\u00e9ontologie qui leur sont applicables.<\/li>\n<\/ul>\n<p>Le pr\u00e9sident peut requ\u00e9rir des informations d\u2019un membre d\u2019un comit\u00e9 form\u00e9 par le conseil d\u2019administration, d\u2019un employ\u00e9 de l\u2019Ordre ou de toute personne qui exerce au sein de l\u2019Ordre une fonction pr\u00e9vue au code ou \u00e0 la loi constituant l\u2019Ordre, dont un syndic en ce qui regarde l\u2019existence d\u2019une enqu\u00eate ou le progr\u00e8s de celle-ci.<\/p>\n<p>[\/et_pb_toggle][\/et_pb_column][\/et_pb_row][et_pb_row _builder_version=\u00a0\u00bb4.19.0&Prime; _module_preset=\u00a0\u00bbdefault\u00a0\u00bb custom_padding=\u00a0\u00bb||0px|||\u00a0\u00bb global_colors_info=\u00a0\u00bb{}\u00a0\u00bb theme_builder_area=\u00a0\u00bbpost_content\u00a0\u00bb][et_pb_column type=\u00a0\u00bb4_4&Prime; _builder_version=\u00a0\u00bb4.19.0&Prime; _module_preset=\u00a0\u00bbdefault\u00a0\u00bb global_colors_info=\u00a0\u00bb{}\u00a0\u00bb theme_builder_area=\u00a0\u00bbpost_content\u00a0\u00bb][et_pb_text _builder_version=\u00a0\u00bb4.27.4&Prime; _module_preset=\u00a0\u00bbdefault\u00a0\u00bb global_colors_info=\u00a0\u00bb{}\u00a0\u00bb theme_builder_area=\u00a0\u00bbpost_content\u00a0\u00bb]<\/p>\n<h2><strong>Les membres du conseil d\u2019administration<\/strong><\/h2>\n<p>[\/et_pb_text][\/et_pb_column][\/et_pb_row][\/et_pb_section][et_pb_section fb_built=\u00a0\u00bb1&Prime; _builder_version=\u00a0\u00bb4.19.0&Prime; _module_preset=\u00a0\u00bbdefault\u00a0\u00bb use_background_color_gradient=\u00a0\u00bbon\u00a0\u00bb background_color_gradient_direction=\u00a0\u00bb0deg\u00a0\u00bb background_color_gradient_stops=\u00a0\u00bb#e9e9e9 72%|#ffffff 72%\u00a0\u00bb custom_margin=\u00a0\u00bb35px||||false|false\u00a0\u00bb custom_margin_tablet=\u00a0\u00bb15px||||false|false\u00a0\u00bb custom_margin_phone=\u00a0\u00bb0px||||false|false\u00a0\u00bb custom_margin_last_edited=\u00a0\u00bbon|desktop\u00a0\u00bb custom_padding=\u00a0\u00bb0px||0px||false|false\u00a0\u00bb global_colors_info=\u00a0\u00bb{}\u00a0\u00bb theme_builder_area=\u00a0\u00bbpost_content\u00a0\u00bb][et_pb_row column_structure=\u00a0\u00bb1_4,1_4,1_4,1_4&Prime; _builder_version=\u00a0\u00bb4.19.0&Prime; _module_preset=\u00a0\u00bb_initial\u00a0\u00bb global_colors_info=\u00a0\u00bb{}\u00a0\u00bb theme_builder_area=\u00a0\u00bbpost_content\u00a0\u00bb][et_pb_column type=\u00a0\u00bb1_4&Prime; _builder_version=\u00a0\u00bb4.19.0&Prime; _module_preset=\u00a0\u00bbdefault\u00a0\u00bb global_colors_info=\u00a0\u00bb{}\u00a0\u00bb theme_builder_area=\u00a0\u00bbpost_content\u00a0\u00bb][et_pb_team_member image_url=\u00a0\u00bbhttps:\/\/audioprothesistes.org\/staging20260303\/wp-content\/uploads\/2025\/12\/David-Gelinas_Web_2025.png\u00a0\u00bb _builder_version=\u00a0\u00bb4.27.4&Prime; _module_preset=\u00a0\u00bbdefault\u00a0\u00bb global_colors_info=\u00a0\u00bb{}\u00a0\u00bb theme_builder_area=\u00a0\u00bbpost_content\u00a0\u00bb]<\/p>\n<p><strong>David G\u00e9linas, ap.<\/strong><br \/>Pr\u00e9sident<br \/>R\u00e9gion Est<\/p>\n<p>[\/et_pb_team_member][\/et_pb_column][et_pb_column type=\u00a0\u00bb1_4&Prime; _builder_version=\u00a0\u00bb4.19.0&Prime; _module_preset=\u00a0\u00bbdefault\u00a0\u00bb global_colors_info=\u00a0\u00bb{}\u00a0\u00bb theme_builder_area=\u00a0\u00bbpost_content\u00a0\u00bb][et_pb_team_member image_url=\u00a0\u00bbhttps:\/\/audioprothesistes.org\/staging20260303\/wp-content\/uploads\/2025\/12\/Marilyn-Bilodeau_Web_2025.png\u00a0\u00bb _builder_version=\u00a0\u00bb4.27.4&Prime; _module_preset=\u00a0\u00bbdefault\u00a0\u00bb global_colors_info=\u00a0\u00bb{}\u00a0\u00bb theme_builder_area=\u00a0\u00bbpost_content\u00a0\u00bb]<\/p>\n<p><strong>Marilyn Bilodeau, ap.<br \/><\/strong>Vice-pr\u00e9sidente<br \/>R\u00e9gion Ouest<\/p>\n<p>[\/et_pb_team_member][\/et_pb_column][et_pb_column type=\u00a0\u00bb1_4&Prime; _builder_version=\u00a0\u00bb4.19.0&Prime; _module_preset=\u00a0\u00bbdefault\u00a0\u00bb global_colors_info=\u00a0\u00bb{}\u00a0\u00bb theme_builder_area=\u00a0\u00bbpost_content\u00a0\u00bb][et_pb_team_member image_url=\u00a0\u00bbhttps:\/\/audioprothesistes.org\/staging20260303\/wp-content\/uploads\/2025\/12\/Marilyn-Genereux_Web_2025.png\u00a0\u00bb _builder_version=\u00a0\u00bb4.27.4&Prime; _module_preset=\u00a0\u00bbdefault\u00a0\u00bb global_colors_info=\u00a0\u00bb{}\u00a0\u00bb theme_builder_area=\u00a0\u00bbpost_content\u00a0\u00bb]<\/p>\n<p><strong>Marilyn G\u00e9n\u00e9reux, ap.<\/strong><br \/>Tr\u00e9sori\u00e8re<br \/>R\u00e9gion Ouest<\/p>\n<p>[\/et_pb_team_member][\/et_pb_column][et_pb_column type=\u00a0\u00bb1_4&Prime; _builder_version=\u00a0\u00bb4.19.0&Prime; _module_preset=\u00a0\u00bbdefault\u00a0\u00bb global_colors_info=\u00a0\u00bb{}\u00a0\u00bb theme_builder_area=\u00a0\u00bbpost_content\u00a0\u00bb][et_pb_team_member image_url=\u00a0\u00bbhttps:\/\/audioprothesistes.org\/staging20260303\/wp-content\/uploads\/2025\/12\/Fares-Masmoudi_Web_2025.png\u00a0\u00bb _builder_version=\u00a0\u00bb4.27.4&Prime; _module_preset=\u00a0\u00bbdefault\u00a0\u00bb global_colors_info=\u00a0\u00bb{}\u00a0\u00bb theme_builder_area=\u00a0\u00bbpost_content\u00a0\u00bb]<\/p>\n<p><strong>Selmane Fares Masmoudi ap.<\/strong><br \/>Administrateur<br \/>R\u00e9gion Ouest<\/p>\n<p>[\/et_pb_team_member][\/et_pb_column][\/et_pb_row][\/et_pb_section][et_pb_section fb_built=\u00a0\u00bb1&Prime; _builder_version=\u00a0\u00bb4.19.0&Prime; _module_preset=\u00a0\u00bbdefault\u00a0\u00bb use_background_color_gradient=\u00a0\u00bbon\u00a0\u00bb background_color_gradient_direction=\u00a0\u00bb0deg\u00a0\u00bb background_color_gradient_stops=\u00a0\u00bb#ffffff 73%|#e9e9e9 73%\u00a0\u00bb custom_padding=\u00a0\u00bb0px||54px||false|false\u00a0\u00bb global_colors_info=\u00a0\u00bb{}\u00a0\u00bb theme_builder_area=\u00a0\u00bbpost_content\u00a0\u00bb][et_pb_row column_structure=\u00a0\u00bb1_4,1_4,1_4,1_4&Prime; _builder_version=\u00a0\u00bb4.19.0&Prime; _module_preset=\u00a0\u00bb_initial\u00a0\u00bb global_colors_info=\u00a0\u00bb{}\u00a0\u00bb theme_builder_area=\u00a0\u00bbpost_content\u00a0\u00bb][et_pb_column type=\u00a0\u00bb1_4&Prime; _builder_version=\u00a0\u00bb4.19.0&Prime; _module_preset=\u00a0\u00bbdefault\u00a0\u00bb global_colors_info=\u00a0\u00bb{}\u00a0\u00bb theme_builder_area=\u00a0\u00bbpost_content\u00a0\u00bb][et_pb_team_member image_url=\u00a0\u00bb\/wp-content\/uploads\/2023\/11\/7Y1A5405-scaled-e1700664457815.jpg\u00a0\u00bb _builder_version=\u00a0\u00bb4.22.1&Prime; _module_preset=\u00a0\u00bbdefault\u00a0\u00bb global_colors_info=\u00a0\u00bb{}\u00a0\u00bb theme_builder_area=\u00a0\u00bbpost_content\u00a0\u00bb]<\/p>\n<p><strong>Ann-Sophie Murray, ap.<\/strong><br \/>Administratrice<br \/>R\u00e9gion Est<\/p>\n<p>[\/et_pb_team_member][\/et_pb_column][et_pb_column type=\u00a0\u00bb1_4&Prime; _builder_version=\u00a0\u00bb4.19.0&Prime; _module_preset=\u00a0\u00bbdefault\u00a0\u00bb global_colors_info=\u00a0\u00bb{}\u00a0\u00bb theme_builder_area=\u00a0\u00bbpost_content\u00a0\u00bb][et_pb_team_member image_url=\u00a0\u00bbhttps:\/\/audioprothesistes.org\/staging20260303\/wp-content\/uploads\/2025\/12\/Linda-Cloutier_Web_2025.png\u00a0\u00bb _builder_version=\u00a0\u00bb4.27.4&Prime; _module_preset=\u00a0\u00bbdefault\u00a0\u00bb global_colors_info=\u00a0\u00bb{}\u00a0\u00bb theme_builder_area=\u00a0\u00bbpost_content\u00a0\u00bb]<\/p>\n<p><strong>Linda Cloutier, ap.<\/strong><br \/>Administratrice<br \/>R\u00e9gion Ouest<\/p>\n<p>[\/et_pb_team_member][\/et_pb_column][et_pb_column type=\u00a0\u00bb1_4&Prime; _builder_version=\u00a0\u00bb4.19.0&Prime; _module_preset=\u00a0\u00bbdefault\u00a0\u00bb global_colors_info=\u00a0\u00bb{}\u00a0\u00bb theme_builder_area=\u00a0\u00bbpost_content\u00a0\u00bb][et_pb_team_member image_url=\u00a0\u00bbhttps:\/\/audioprothesistes.org\/staging20260303\/wp-content\/uploads\/2025\/12\/Johanne-Cote_Web_2025-1.png\u00a0\u00bb _builder_version=\u00a0\u00bb4.27.4&Prime; _module_preset=\u00a0\u00bbdefault\u00a0\u00bb global_colors_info=\u00a0\u00bb{}\u00a0\u00bb theme_builder_area=\u00a0\u00bbpost_content\u00a0\u00bb]<\/p>\n<p><strong>Johanne C\u00f4t\u00e9<\/strong><br \/>Administratrice<br \/>Repr\u00e9sentante du public<\/p>\n<p>[\/et_pb_team_member][\/et_pb_column][et_pb_column type=\u00a0\u00bb1_4&Prime; _builder_version=\u00a0\u00bb4.19.0&Prime; _module_preset=\u00a0\u00bbdefault\u00a0\u00bb global_colors_info=\u00a0\u00bb{}\u00a0\u00bb theme_builder_area=\u00a0\u00bbpost_content\u00a0\u00bb][et_pb_team_member image_url=\u00a0\u00bb\/wp-content\/uploads\/2023\/11\/7Y1A5417-scaled-e1700247337943.jpg\u00a0\u00bb _builder_version=\u00a0\u00bb4.27.4&Prime; _module_preset=\u00a0\u00bbdefault\u00a0\u00bb global_colors_info=\u00a0\u00bb{}\u00a0\u00bb theme_builder_area=\u00a0\u00bbpost_content\u00a0\u00bb]<\/p>\n<p><strong>Daniel Pinard<\/strong><br \/>Administrateur<br \/>Repr\u00e9sentant du public<\/p>\n<p>[\/et_pb_team_member][\/et_pb_column][\/et_pb_row][et_pb_row _builder_version=\u00a0\u00bb4.19.0&Prime; _module_preset=\u00a0\u00bbdefault\u00a0\u00bb collapsed=\u00a0\u00bboff\u00a0\u00bb global_colors_info=\u00a0\u00bb{}\u00a0\u00bb theme_builder_area=\u00a0\u00bbpost_content\u00a0\u00bb][et_pb_column type=\u00a0\u00bb4_4&Prime; _builder_version=\u00a0\u00bb4.19.0&Prime; _module_preset=\u00a0\u00bbdefault\u00a0\u00bb global_colors_info=\u00a0\u00bb{}\u00a0\u00bb theme_builder_area=\u00a0\u00bbpost_content\u00a0\u00bb][et_pb_text _builder_version=\u00a0\u00bb4.27.4&Prime; _module_preset=\u00a0\u00bbdefault\u00a0\u00bb global_colors_info=\u00a0\u00bb{}\u00a0\u00bb theme_builder_area=\u00a0\u00bbpost_content\u00a0\u00bb]<\/p>\n<p>Pour joindre les membres du conseil d\u2019administration, veuillez communiquer avec Alice Knauf, adjointe de direction et coordonnatrice aux \u00e9v\u00e9nements, au 514 640-5117, poste 201 ou par <a href=\"mailto:adjointealadirection@audioprothesistes.org\">courriel<\/a>.<\/p>\n<p>[\/et_pb_text][\/et_pb_column][\/et_pb_row][\/et_pb_section][et_pb_section fb_built=\u00a0\u00bb1&Prime; disabled_on=\u00a0\u00bboff|off|off\u00a0\u00bb _builder_version=\u00a0\u00bb4.27.6&Prime; _module_preset=\u00a0\u00bbdefault\u00a0\u00bb hover_enabled=\u00a0\u00bb0&Prime; global_colors_info=\u00a0\u00bb{}\u00a0\u00bb theme_builder_area=\u00a0\u00bbpost_content\u00a0\u00bb module_id=\u00a0\u00bbcomites\u00a0\u00bb sticky_enabled=\u00a0\u00bb0&Prime;][et_pb_row column_structure=\u00a0\u00bb2_3,1_3&Prime; _builder_version=\u00a0\u00bb4.19.0&Prime; _module_preset=\u00a0\u00bb34ebdddb-ba4e-47a4-ad6e-f7a0f2f689bf\u00a0\u00bb global_colors_info=\u00a0\u00bb{}\u00a0\u00bb theme_builder_area=\u00a0\u00bbpost_content\u00a0\u00bb][et_pb_column type=\u00a0\u00bb2_3&Prime; _builder_version=\u00a0\u00bb4.19.0&Prime; _module_preset=\u00a0\u00bbdefault\u00a0\u00bb global_colors_info=\u00a0\u00bb{}\u00a0\u00bb theme_builder_area=\u00a0\u00bbpost_content\u00a0\u00bb][et_pb_text _builder_version=\u00a0\u00bb4.27.4&Prime; _module_preset=\u00a0\u00bbdefault\u00a0\u00bb global_colors_info=\u00a0\u00bb{}\u00a0\u00bb theme_builder_area=\u00a0\u00bbpost_content\u00a0\u00bb]<\/p>\n<h2><strong>Les comit\u00e9s<\/strong><\/h2>\n<p>[\/et_pb_text][et_pb_text _builder_version=\u00a0\u00bb4.19.0&Prime; _module_preset=\u00a0\u00bbdefault\u00a0\u00bb global_colors_info=\u00a0\u00bb{}\u00a0\u00bb theme_builder_area=\u00a0\u00bbpost_content\u00a0\u00bb]<\/p>\n<p>La r\u00e9alisation des activit\u00e9s de l\u2019Ordre ne serait pas possible sans la collaboration de ses comit\u00e9s. Certains comit\u00e9s sont <strong>obligatoires;<\/strong> ils sont au nombre de sept OU huit et sont d\u00e9sign\u00e9s\u00a0<a href=\"#comites-lois\"><strong>comit\u00e9s cr\u00e9\u00e9s par la loi<\/strong><\/a>.<\/p>\n<p>D\u2019autres comit\u00e9s r\u00e9pondent aux besoins sp\u00e9cifiques des projets de l\u2019Ordre. Ils sont d\u00e9sign\u00e9s\u00a0<a href=\"#comites-permanents\"><strong>comit\u00e9s permanents<\/strong><\/a>.<\/p>\n<p>Le conseil d\u2019administration peut \u00e9galement nommer des groupes de travail pour r\u00e9pondre \u00e0 des besoins ponctuels que les autres comit\u00e9s de l\u2019Ordre (obligatoires ou permanents) ne peuvent traiter.<\/p>\n<p>[\/et_pb_text][\/et_pb_column][et_pb_column type=\u00a0\u00bb1_3&Prime; _builder_version=\u00a0\u00bb4.19.0&Prime; _module_preset=\u00a0\u00bbdefault\u00a0\u00bb global_colors_info=\u00a0\u00bb{}\u00a0\u00bb theme_builder_area=\u00a0\u00bbpost_content\u00a0\u00bb][\/et_pb_column][\/et_pb_row][\/et_pb_section][et_pb_section fb_built=\u00a0\u00bb1&Prime; disabled_on=\u00a0\u00bboff|off|off\u00a0\u00bb _builder_version=\u00a0\u00bb4.19.0&Prime; _module_preset=\u00a0\u00bba0bf4bbc-ca13-4332-aaa3-530026babc6a\u00a0\u00bb hover_enabled=\u00a0\u00bb0&Prime; global_colors_info=\u00a0\u00bb{}\u00a0\u00bb theme_builder_area=\u00a0\u00bbpost_content\u00a0\u00bb sticky_enabled=\u00a0\u00bb0&Prime;][et_pb_row column_structure=\u00a0\u00bb1_4,3_4&Prime; use_custom_gutter=\u00a0\u00bbon\u00a0\u00bb gutter_width=\u00a0\u00bb2&Prime; _builder_version=\u00a0\u00bb4.27.6&Prime; _module_preset=\u00a0\u00bb34ebdddb-ba4e-47a4-ad6e-f7a0f2f689bf\u00a0\u00bb hover_enabled=\u00a0\u00bb0&Prime; global_colors_info=\u00a0\u00bb{}\u00a0\u00bb theme_builder_area=\u00a0\u00bbpost_content\u00a0\u00bb sticky_enabled=\u00a0\u00bb0&Prime; module_id=\u00a0\u00bbcomites-lois\u00a0\u00bb][et_pb_column type=\u00a0\u00bb1_4&Prime; module_id=\u00a0\u00bbcomites\u00a0\u00bb _builder_version=\u00a0\u00bb4.19.0&Prime; _module_preset=\u00a0\u00bbdefault\u00a0\u00bb global_colors_info=\u00a0\u00bb{}\u00a0\u00bb theme_builder_area=\u00a0\u00bbpost_content\u00a0\u00bb][et_pb_code admin_label=\u00a0\u00bbIcone document\u00a0\u00bb _builder_version=\u00a0\u00bb4.19.0&Prime; _module_preset=\u00a0\u00bbdefault\u00a0\u00bb text_orientation=\u00a0\u00bbcenter\u00a0\u00bb max_width=\u00a0\u00bb550px\u00a0\u00bb custom_css_main_element=\u00a0\u00bbmargin:auto;\u00a0\u00bb global_colors_info=\u00a0\u00bb{}\u00a0\u00bb theme_builder_area=\u00a0\u00bbpost_content\u00a0\u00bb]<svg xmlns=\"http:\/\/www.w3.org\/2000\/svg\" xmlns:xlink=\"http:\/\/www.w3.org\/1999\/xlink\" width=\"50%\" height=\"50%\" viewBox=\"0 0 387.3 395.78\"><!-- [et_pb_line_break_holder] -->  <defs><!-- [et_pb_line_break_holder] -->    <clipPath id=\"clip-path\"><!-- [et_pb_line_break_holder] -->      <rect id=\"Rectangle_183\" data-name=\"Rectangle 183\" width=\"280.3\" height=\"331.2\" fill=\"none\"\/><!-- [et_pb_line_break_holder] -->    <\/clipPath><!-- [et_pb_line_break_holder] -->  <\/defs><!-- [et_pb_line_break_holder] -->  <rect id=\"Rectangle_147\" data-name=\"Rectangle 147\" width=\"337.193\" height=\"337.193\" rx=\"168.596\" transform=\"translate(50.107 58.587)\" fill=\"#eaa04c\"\/><!-- [et_pb_line_break_holder] -->  <g id=\"Groupe_79\" data-name=\"Groupe 79\"><!-- [et_pb_line_break_holder] -->    <g id=\"Groupe_78\" data-name=\"Groupe 78\" clip-path=\"url(#clip-path)\"><!-- [et_pb_line_break_holder] -->      <path id=\"Trac\u00e9_33\" data-name=\"Trac\u00e9 33\" d=\"M115.3,327h161a4.012,4.012,0,0,0,4-4V59.4a4,4,0,1,0-8,0V319h-157a4,4,0,0,0,0,8\" fill=\"#003d4c\"\/><!-- [et_pb_line_break_holder] -->      <path id=\"Trac\u00e9_34\" data-name=\"Trac\u00e9 34\" d=\"M280,45.8a4.028,4.028,0,0,0-.9-4.4L245.2,7.6A26.013,26.013,0,0,0,226.7,0H70.2a4.012,4.012,0,0,0-4,4V160.1a4,4,0,0,0,8,0V7.9H226.7a18.089,18.089,0,0,1,12.8,5.3l27.1,27H244.8a4.908,4.908,0,0,1-4.9-4.9V24.1a4,4,0,0,0-8,0V35.3a12.931,12.931,0,0,0,12.9,12.9h31.5a3.935,3.935,0,0,0,3.7-2.4\" fill=\"#003d4c\"\/><!-- [et_pb_line_break_holder] -->      <path id=\"Trac\u00e9_35\" data-name=\"Trac\u00e9 35\" d=\"M125.4,69.3h95.7a4,4,0,0,0,0-8H125.4a4,4,0,0,0,0,8\" fill=\"#003d4c\"\/><!-- [et_pb_line_break_holder] -->      <path id=\"Trac\u00e9_36\" data-name=\"Trac\u00e9 36\" d=\"M244.3,99.6H125.4a4,4,0,0,0,0,8H244.3a4,4,0,0,0,0-8\" fill=\"#003d4c\"\/><!-- [et_pb_line_break_holder] -->      <path id=\"Trac\u00e9_37\" data-name=\"Trac\u00e9 37\" d=\"M244.3,122.7H102.2a4,4,0,0,0,0,8H244.3a4,4,0,1,0,0-8\" fill=\"#003d4c\"\/><!-- [et_pb_line_break_holder] -->      <path id=\"Trac\u00e9_38\" data-name=\"Trac\u00e9 38\" d=\"M244.3,145.8H102.2a4,4,0,0,0,0,8H244.3a4,4,0,0,0,0-8\" fill=\"#003d4c\"\/><!-- [et_pb_line_break_holder] -->      <path id=\"Trac\u00e9_39\" data-name=\"Trac\u00e9 39\" d=\"M248.3,172.9a4.012,4.012,0,0,0-4-4h-71a4,4,0,0,0,0,8h71a4.012,4.012,0,0,0,4-4\" fill=\"#003d4c\"\/><!-- [et_pb_line_break_holder] -->      <path id=\"Trac\u00e9_40\" data-name=\"Trac\u00e9 40\" d=\"M241,241.1H197.3a4,4,0,0,0,0,8H241a4.012,4.012,0,0,0,4-4,3.949,3.949,0,0,0-4-4\" fill=\"#003d4c\"\/><!-- [et_pb_line_break_holder] -->      <path id=\"Trac\u00e9_41\" data-name=\"Trac\u00e9 41\" d=\"M241,265.6H160.1a4,4,0,0,0,0,8H241a4.012,4.012,0,0,0,4-4,3.949,3.949,0,0,0-4-4\" fill=\"#003d4c\"\/><!-- [et_pb_line_break_holder] -->      <path id=\"Trac\u00e9_42\" data-name=\"Trac\u00e9 42\" d=\"M4.7,181.9a3.932,3.932,0,0,0-3.3.9A4.1,4.1,0,0,0,0,185.9v67.4a65.873,65.873,0,0,0,4.6,24.8c17.3,43.6,63,52.6,65,53,.2,0,.5.1.7.1h.1a1.268,1.268,0,0,0,.6-.1c1.9-.4,47.7-9.3,65-53a67.89,67.89,0,0,0,4.6-24.8V185.9a4.1,4.1,0,0,0-1.4-3.1,3.932,3.932,0,0,0-3.3-.9c-.4.1-44.5,8-62.8-9.4l-.1-.1c-.2-.2-.4-.3-.5-.4-.2-.1-.3-.2-.5-.3h-.1c-.1,0-.1,0-.2-.1a.9.9,0,0,0-.5-.1h-.8a1.7,1.7,0,0,0-.7.1h-.2c-.2,0-.3.1-.5.2-.1,0-.1,0-.2.1l-.6.3a1.756,1.756,0,0,0-.5.4c-18.6,17.3-62.6,9.4-63,9.3m65.5,26.9c11.2,7.8,29.1,7,37.6,6v37.7a35.987,35.987,0,0,1-2.4,13.2c-8.6,21.7-30.8,28-35.2,29.1-4.3-1-26.5-7.3-35.2-29.1a35.607,35.607,0,0,1-2.4-13.2V214.8c8.5,1,26.4,1.8,37.6-6m62.3-18.3v62.8a58.773,58.773,0,0,1-4,21.9C116,306.8,85.9,318.6,74.3,322V302c8.2-2.3,29.5-10.4,38.6-33.3a43.071,43.071,0,0,0,3-16.1V210.3a4.1,4.1,0,0,0-1.4-3.1,3.932,3.932,0,0,0-3.3-.9c-7.2,1.3-27.2,3-36.8-4.4V183.4c18.4,10.9,46.8,8.6,58.1,7.1m-66.3-7.1v18.5c-9.7,7.4-29.6,5.8-36.8,4.4a3.932,3.932,0,0,0-3.3.9,4.1,4.1,0,0,0-1.4,3.1v42.2a43.071,43.071,0,0,0,3,16.1c9.1,23,30.4,31,38.6,33.3v20c-11.8-3.5-41.8-15.2-54.4-46.8a58.4,58.4,0,0,1-4-21.9V190.5c11.3,1.5,39.7,3.8,58.3-7.1\" fill=\"#003d4c\"\/><!-- [et_pb_line_break_holder] -->    <\/g><!-- [et_pb_line_break_holder] -->  <\/g><!-- [et_pb_line_break_holder] --><\/svg><!-- [et_pb_line_break_holder] -->[\/et_pb_code][\/et_pb_column][et_pb_column type=\u00a0\u00bb3_4&Prime; module_id=\u00a0\u00bbcomites\u00a0\u00bb _builder_version=\u00a0\u00bb4.19.0&Prime; _module_preset=\u00a0\u00bbdefault\u00a0\u00bb global_colors_info=\u00a0\u00bb{}\u00a0\u00bb theme_builder_area=\u00a0\u00bbpost_content\u00a0\u00bb][et_pb_text _builder_version=\u00a0\u00bb4.27.6&Prime; _module_preset=\u00a0\u00bbdefault\u00a0\u00bb hover_enabled=\u00a0\u00bb0&Prime; global_colors_info=\u00a0\u00bb{}\u00a0\u00bb theme_builder_area=\u00a0\u00bbpost_content\u00a0\u00bb sticky_enabled=\u00a0\u00bb0&Prime;]<\/p>\n<h3><strong>Les comit\u00e9s cr\u00e9\u00e9s par la loi<\/strong><\/h3>\n<p>[\/et_pb_text][et_pb_toggle title=\u00a0\u00bbConseil d\u2019administration\u00a0\u00bb admin_label=\u00a0\u00bbCA\u00a0\u00bb _builder_version=\u00a0\u00bb4.24.2&Prime; _module_preset=\u00a0\u00bb342de118-c2d7-474a-a892-f63b6e5acaad\u00a0\u00bb global_colors_info=\u00a0\u00bb{}\u00a0\u00bb theme_builder_area=\u00a0\u00bbpost_content\u00a0\u00bb]<\/p>\n<p>Le <a href=\"https:\/\/audioprothesistes.org\/staging20260303\/a-propos\/conseil-administration\/\">conseil d\u2019administration<\/a>, \u00e9tabli selon le <em>R\u00e8glement sur l\u2019organisation de l\u2019Ordre des audioproth\u00e9sistes du Qu\u00e9bec et les \u00e9lections \u00e0 son Conseil d\u2019administration<\/em>, est charg\u00e9 de la surveillance g\u00e9n\u00e9rale de l\u2019Ordre ainsi que de l\u2019encadrement et de la supervision de la conduite des affaires de l\u2019Ordre. Il est responsable de l\u2019application des d\u00e9cisions de l\u2019Ordre et de celles des membres de l\u2019Ordre r\u00e9unis en assembl\u00e9e et il en assure le suivi. Le conseil d\u2019administration est \u00e9galement charg\u00e9 de veiller \u00e0 l\u2019application des dispositions du pr\u00e9sent code, de la loi ou des lettres patentes constituant l\u2019Ordre, du d\u00e9cret de fusion ou d\u2019int\u00e9gration et des r\u00e8glements adopt\u00e9s conform\u00e9ment au pr\u00e9sent code ou \u00e0 ladite loi. Il exerce tous les droits, pouvoirs et pr\u00e9rogatives de l\u2019Ordre, sauf ceux qui sont du ressort des membres de l\u2019Ordre r\u00e9unis en assembl\u00e9e g\u00e9n\u00e9rale. \u00c0 moins de dispositions contraires du pr\u00e9sent code ou de la loi, il les exerce par r\u00e9solution.<\/p>\n<p>Le conseil d\u2019administration, notamment\u00a0:<\/p>\n<ol>\n<li>Veille \u00e0 la poursuite de la mission de l\u2019Ordre;<\/li>\n<\/ol>\n<ol start=\"2\">\n<li>Fournit \u00e0 l\u2019Ordre des orientations strat\u00e9giques;<\/li>\n<\/ol>\n<ol start=\"3\">\n<li>Statue sur les choix strat\u00e9giques de l\u2019Ordre;<\/li>\n<\/ol>\n<ol start=\"4\">\n<li>Adopte le budget de l\u2019Ordre;<\/li>\n<\/ol>\n<ol start=\"5\">\n<li>Se dote de politiques et de pratiques de gouvernance efficaces, efficientes et transparentes;<\/li>\n<\/ol>\n<ol start=\"6\">\n<li>Voit \u00e0 l\u2019int\u00e9grit\u00e9 des r\u00e8gles de contr\u00f4le interne, dont celles de gestion des risques, et assure la viabilit\u00e9 et la p\u00e9rennit\u00e9 de l\u2019Ordre.<\/li>\n<\/ol>\n<p>Le conseil d\u2019administration s\u2019inspire des lignes directrices en mati\u00e8re de gouvernance de l\u2019Office des professions, d\u00e9termin\u00e9es, apr\u00e8s consultation du Conseil interprofessionnel, par l\u2019Office.<\/p>\n<p>[\/et_pb_toggle][et_pb_toggle title=\u00a0\u00bbConseil de discipline\u00a0\u00bb admin_label=\u00a0\u00bbDiscipline\u00a0\u00bb module_id=\u00a0\u00bbconseil-discipline\u00a0\u00bb _builder_version=\u00a0\u00bb4.22.1&Prime; _module_preset=\u00a0\u00bb342de118-c2d7-474a-a892-f63b6e5acaad\u00a0\u00bb global_colors_info=\u00a0\u00bb{}\u00a0\u00bb theme_builder_area=\u00a0\u00bbpost_content\u00a0\u00bb]<\/p>\n<p>Le mandat du conseil de discipline est d\u2019entendre toute plainte formul\u00e9e par le syndic, un syndic adjoint ou toute autre personne, concernant un audioproth\u00e9siste, pour une infraction commise aux dispositions du <em>Code des professions<\/em>, de la Loi sur les audioproth\u00e9sistes du Qu\u00e9bec ou des r\u00e8glements adopt\u00e9s conform\u00e9ment au Code ou \u00e0 la Loi.<\/p>\n<p><em>Pr\u00e9sident (nomm\u00e9 par le Bureau des pr\u00e9sidents)<\/em><\/p>\n<p>\u00c9ric Beltrami, ap., membre<br \/>Michel Habel, ap., membre<br \/>Nancy Jagura, ap., membre<br \/>Alexandre Morin, ap., membre<br \/>Jason Reid, ap., membre<br \/>Am\u00e9lie Smith, ap., membre<br \/>Anny Thiffault, ap., membre\u00a0 \u00a0 \u00a0 \u00a0\u00a0<\/p>\n<p>Secr\u00e9taire : Claude Forest, ap.,\u00a0<span><a href=\"mailto:cforest@audioprothesistes.org\">cforest@audioprothesistes.org<\/a><\/span><\/p>\n<p>[\/et_pb_toggle][et_pb_toggle title=\u00a0\u00bbComit\u00e9 d\u2019inspection professionnelle\u00a0\u00bb admin_label=\u00a0\u00bbInspection professionnelle\u00a0\u00bb module_id=\u00a0\u00bbcomite-inspection-professionnelle\u00a0\u00bb _builder_version=\u00a0\u00bb4.24.2&Prime; _module_preset=\u00a0\u00bb342de118-c2d7-474a-a892-f63b6e5acaad\u00a0\u00bb custom_padding=\u00a0\u00bb||20px|||\u00a0\u00bb global_colors_info=\u00a0\u00bb{}\u00a0\u00bb theme_builder_area=\u00a0\u00bbpost_content\u00a0\u00bb]<\/p>\n<p>Le mandat du comit\u00e9 d\u2019inspection professionnelle (CIP) est \u00e9nonc\u00e9 \u00e0 l\u2019article 112 du <em>Code des professions<\/em>. Il consiste \u00e0 surveiller l\u2019exercice de la profession par les membres et \u00e0 proc\u00e9der principalement \u00e0 l\u2019inspection de leurs dossiers, livres, registres, m\u00e9dicaments, poisons, produits, substances, appareils et \u00e9quipements relatifs \u00e0 cet exercice. Il s\u2019agit d\u2019un m\u00e9canisme de pr\u00e9vention dont le but est d\u2019assurer la protection du public. Le comit\u00e9 ou un de ses membres effectue la surveillance g\u00e9n\u00e9rale de la pratique et il proc\u00e8de, en cas de signalement, \u00e0 des inspections particuli\u00e8res de la comp\u00e9tence de membres particuliers. Le comit\u00e9 ou un de ses membres peut \u00eatre assist\u00e9 d\u2019inspecteurs ou d\u2019experts que le comit\u00e9 nomme selon les modalit\u00e9s d\u00e9termin\u00e9es, le cas \u00e9ch\u00e9ant, dans un r\u00e8glement pris en vertu de l\u2019article 90. Les inspecteurs doivent \u00eatre membres de l\u2019ordre\u00a0(article 112 du <em>Code des professions).<\/em><\/p>\n<p>Natacha Ioannoni, ap., pr\u00e9sidente<br \/>Marie-Audrey Arbour Lord, ap., membre<br \/>Marie-Helen Larochelle ap., membre<\/p>\n<p><strong>Inspecteur | Inspectrices<\/strong><br \/>Pam\u00e9la Lecomte-Dion, ap., inspectrice, pr\u00e9sidente<br \/>Camille Paradis, ap., inspectrice<br \/>David Savard, ap., inspecteur<br \/>Genevi\u00e8ve Thibodeau, ap., inspectrice<br \/>Marie-Eve Trudel, ap., inspectrice<\/p>\n<p>Responsable : Jacinthe Poitras, ap., <a href=\"mailto:sip@audioprothesistes.org\">sip@audioprothesistes.org<\/a><\/p>\n<p>[\/et_pb_toggle][et_pb_toggle title=\u00a0\u00bbComit\u00e9 de la formation\u00a0\u00bb admin_label=\u00a0\u00bbFormation\u00a0\u00bb module_id=\u00a0\u00bbcomite-formation\u00a0\u00bb _builder_version=\u00a0\u00bb4.27.4&Prime; _module_preset=\u00a0\u00bb342de118-c2d7-474a-a892-f63b6e5acaad\u00a0\u00bb custom_padding=\u00a0\u00bb||20px|||\u00a0\u00bb global_colors_info=\u00a0\u00bb{}\u00a0\u00bb theme_builder_area=\u00a0\u00bbpost_content\u00a0\u00bb]Le comit\u00e9 de la formation est un comit\u00e9 consultatif ayant pour mandat d\u2019examiner les questions relatives \u00e0 la qualit\u00e9 de la formation des audioproth\u00e9sistes. Dans le respect des comp\u00e9tences respectives et compl\u00e9mentaires, le comit\u00e9 r\u00e9unit des membres de l\u2019Ordre, des \u00e9tablissements d\u2019enseignement coll\u00e9gial et du minist\u00e8re de l\u2019\u00c9ducation et de l\u2019Enseignement sup\u00e9rieur.<\/p>\n<p>La qualit\u00e9 de la formation s\u2019entend de l\u2019ad\u00e9quation de la formation aux comp\u00e9tences professionnelles \u00e0 acqu\u00e9rir pour l\u2019exercice de la profession d\u2019audioproth\u00e9siste.<\/p>\n<p><em>(R\u00e8glement sur le comit\u00e9 de la formation des audioproth\u00e9sistes)<\/em><\/p>\n<p>V\u00e9ronique Renaud, ap., pr\u00e9sidente<br \/>\nMarie-Helen Larochelle, ap., membre<br \/>\nMarie-Claude Boutet, F\u00e9d\u00e9ration des c\u00e9geps<br \/>\n\u00c9dith Paquette-Lemieux, M.E.E.S.<br \/>\nAnnie Fortin, F\u00e9d\u00e9ration des c\u00e9geps<\/p>\n<p>Responsable : Jacinthe Poitras, ap., <a href=\"mailto:jpoitras@audioprothesistes.org\">jpoitras@audioprothesistes.org<\/a>[\/et_pb_toggle][et_pb_toggle title=\u00a0\u00bbComit\u00e9 de la formation continue\u00a0\u00bb admin_label=\u00a0\u00bbFormation continue\u00a0\u00bb module_id=\u00a0\u00bbcomite-formation-continue\u00a0\u00bb _builder_version=\u00a0\u00bb4.27.4&Prime; _module_preset=\u00a0\u00bb342de118-c2d7-474a-a892-f63b6e5acaad\u00a0\u00bb global_colors_info=\u00a0\u00bb{}\u00a0\u00bb theme_builder_area=\u00a0\u00bbpost_content\u00a0\u00bb]<\/p>\n<p>Ce comit\u00e9 a pour mandat de s\u2019assurer que les activit\u00e9s de formation continue ont pour objet de permettre aux membres d\u2019acqu\u00e9rir, de maintenir, de mettre \u00e0 jour, d\u2019am\u00e9liorer et d\u2019approfondir leurs comp\u00e9tences professionnelles li\u00e9es \u00e0 l\u2019exercice de la profession. En ce sens, les membres doivent d\u00e9montrer avoir cumul\u00e9 le nombre d\u2019unit\u00e9s de formation continue (UFC) requis pour la p\u00e9riode de r\u00e9f\u00e9rence conform\u00e9ment au <em>R\u00e8glement sur la formation continue des membres de l\u2019Ordre des audioproth\u00e9sistes du Qu\u00e9bec<\/em>.<\/p>\n<p>Le comit\u00e9 a \u00e9galement pour mandat d\u2019\u00e9tablir une grille d\u2019attribution d\u2019UFC et fera l\u2019analyse des demandes en fonction de cette m\u00eame grille.<\/p>\n<p>Joey Champagne, ap., pr\u00e9sident<br \/>Maggie Caron, ap., membre<br \/>M\u00e9lanie Fillion, ap., membre<br \/>Alisa Friedrich, ap., membre<br \/>Romain Le Corre, ap., membre<br \/>Responsable : Alice Knauf, adjointe de direction et coordonnatrice aux \u00e9v\u00e9nements <a href=\"mailto:aknauf@audioprothesistes.org\" target=\"_blank\" rel=\"noopener\">aknauf@audioprothesistes.org<\/a><\/p>\n<p>[\/et_pb_toggle][et_pb_toggle title=\u00a0\u00bbComit\u00e9 d\u2019\u00e9quivalence de dipl\u00f4me et de la formation\u00a0\u00bb admin_label=\u00a0\u00bb\u00c9quivalence \u00a0\u00bb module_id=\u00a0\u00bbcomite-equivalence\u00a0\u00bb _builder_version=\u00a0\u00bb4.27.4&Prime; _module_preset=\u00a0\u00bb342de118-c2d7-474a-a892-f63b6e5acaad\u00a0\u00bb global_colors_info=\u00a0\u00bb{}\u00a0\u00bb theme_builder_area=\u00a0\u00bbpost_content\u00a0\u00bb]Le comit\u00e9 doit \u00e9tudier les dossiers des candidats hors Qu\u00e9bec afin de d\u00e9terminer si une \u00e9quivalence de dipl\u00f4me ou de formation doit \u00eatre accept\u00e9e.<\/p>\n<p>Alexia Jolander-Kovacs, ap., pr\u00e9sidente<br \/>\nMyriam Brunel, ap., membre<br \/>\nV\u00e9ronique Renaud, ap., membre<\/p>\n<p>Responsable : Jacinthe Poitras, ap., <a href=\"mailto:jpoitras@audioprothesistes.org\">jpoitras@audioprothesistes.org<\/a>[\/et_pb_toggle][et_pb_toggle title=\u00a0\u00bbComit\u00e9 d\u2019enqu\u00eate \u00e0 l\u2019\u00e9thique et \u00e0 la d\u00e9ontologie\u00a0\u00bb admin_label=\u00a0\u00bbCEED\u00a0\u00bb module_id=\u00a0\u00bbcomite-enquete\u00a0\u00bb _builder_version=\u00a0\u00bb4.27.4&Prime; _module_preset=\u00a0\u00bb342de118-c2d7-474a-a892-f63b6e5acaad\u00a0\u00bb global_colors_info=\u00a0\u00bb{}\u00a0\u00bb theme_builder_area=\u00a0\u00bbpost_content\u00a0\u00bb]<\/p>\n<p>Le comit\u00e9 d\u2019enqu\u00eate \u00e0 l\u2019\u00e9thique et \u00e0 la d\u00e9ontologie a pour mandat d\u2019aider le conseil d&rsquo;administration \u00e0 s\u2019acquitter de ses obligations r\u00e9glementaires relativement au respect des normes d\u2019\u00e9thique et de d\u00e9ontologie qui sont applicables aux administrateurs, qu\u2019ils soient \u00e9lus par les membres ou nomm\u00e9s par l\u2019Office des professions du Qu\u00e9bec conform\u00e9ment au <em>Code des professions<\/em>.<\/p>\n<p>Marie-Pier Gendron, ap., membre<br \/>Marie-Audrey Arbour Lord, ap., membre<br \/>Fran\u00e7oise Rollin, repr\u00e9sentante du public<\/p>\n<p>Contact :\u00a0<a href=\"mailto:comiteethique@audioprothesistes.org\">comiteethique@audioprothesistes.org<\/a><\/p>\n<p>[\/et_pb_toggle][et_pb_toggle title=\u00a0\u00bbComit\u00e9 de r\u00e9vision\u00a0\u00bb admin_label=\u00a0\u00bbRevision\u00a0\u00bb module_id=\u00a0\u00bbcomite-revision\u00a0\u00bb _builder_version=\u00a0\u00bb4.27.4&Prime; _module_preset=\u00a0\u00bb342de118-c2d7-474a-a892-f63b6e5acaad\u00a0\u00bb global_colors_info=\u00a0\u00bb{}\u00a0\u00bb theme_builder_area=\u00a0\u00bbpost_content\u00a0\u00bb]<\/p>\n<p>Le mandat du comit\u00e9 de r\u00e9vision est de donner \u00e0 toute personne qui le lui demande et qui a demand\u00e9 au syndic la tenue d\u2019une enqu\u00eate, un avis relativement \u00e0 la d\u00e9cision du syndic ou d\u2019un syndic adjoint de ne pas porter plainte.<\/p>\n<p>Daniel Pinard, repr\u00e9sentant du public, pr\u00e9sident<br \/>Samuel Drouin, ap., membre<br \/>V\u00e9ronique Renaud, ap., membre<\/p>\n<p>[\/et_pb_toggle][\/et_pb_column][\/et_pb_row][\/et_pb_section][et_pb_section fb_built=\u00a0\u00bb1&Prime; disabled_on=\u00a0\u00bboff|off|off\u00a0\u00bb _builder_version=\u00a0\u00bb4.27.6&Prime; _module_preset=\u00a0\u00bb7d762f5a-aa88-4157-a829-8a939f27e3e9&Prime; custom_padding=\u00a0\u00bb75px||||false|false\u00a0\u00bb hover_enabled=\u00a0\u00bb0&Prime; collapsed=\u00a0\u00bboff\u00a0\u00bb global_colors_info=\u00a0\u00bb{}\u00a0\u00bb theme_builder_area=\u00a0\u00bbpost_content\u00a0\u00bb sticky_enabled=\u00a0\u00bb0&Prime; module_id=\u00a0\u00bbcomites-permanents\u00a0\u00bb][et_pb_row _builder_version=\u00a0\u00bb4.27.6&Prime; _module_preset=\u00a0\u00bb34ebdddb-ba4e-47a4-ad6e-f7a0f2f689bf\u00a0\u00bb hover_enabled=\u00a0\u00bb0&Prime; global_colors_info=\u00a0\u00bb{}\u00a0\u00bb theme_builder_area=\u00a0\u00bbpost_content\u00a0\u00bb sticky_enabled=\u00a0\u00bb0&Prime;][et_pb_column type=\u00a0\u00bb4_4&Prime; _builder_version=\u00a0\u00bb4.19.0&Prime; _module_preset=\u00a0\u00bbdefault\u00a0\u00bb global_colors_info=\u00a0\u00bb{}\u00a0\u00bb theme_builder_area=\u00a0\u00bbpost_content\u00a0\u00bb][et_pb_text _builder_version=\u00a0\u00bb4.27.4&Prime; _module_preset=\u00a0\u00bbdefault\u00a0\u00bb global_colors_info=\u00a0\u00bb{}\u00a0\u00bb theme_builder_area=\u00a0\u00bbpost_content\u00a0\u00bb]<\/p>\n<h3><strong>Les comit\u00e9s permanents<\/strong><\/h3>\n<p>[\/et_pb_text][\/et_pb_column][\/et_pb_row][et_pb_row column_structure=\u00a0\u00bb3_4,1_4&Prime; use_custom_gutter=\u00a0\u00bbon\u00a0\u00bb gutter_width=\u00a0\u00bb2&Prime; _builder_version=\u00a0\u00bb4.19.0&Prime; _module_preset=\u00a0\u00bb34ebdddb-ba4e-47a4-ad6e-f7a0f2f689bf\u00a0\u00bb global_colors_info=\u00a0\u00bb{}\u00a0\u00bb theme_builder_area=\u00a0\u00bbpost_content\u00a0\u00bb][et_pb_column type=\u00a0\u00bb3_4&Prime; _builder_version=\u00a0\u00bb4.19.0&Prime; _module_preset=\u00a0\u00bbdefault\u00a0\u00bb global_colors_info=\u00a0\u00bb{}\u00a0\u00bb theme_builder_area=\u00a0\u00bbpost_content\u00a0\u00bb][et_pb_toggle title=\u00a0\u00bbComit\u00e9 de gouvernance et d&rsquo;\u00e9thique\u00a0\u00bb admin_label=\u00a0\u00bbComit\u00e9 de gouvernance et d&rsquo;\u00e9thique\u00a0\u00bb _builder_version=\u00a0\u00bb4.27.4&Prime; _module_preset=\u00a0\u00bb342de118-c2d7-474a-a892-f63b6e5acaad\u00a0\u00bb global_colors_info=\u00a0\u00bb{}\u00a0\u00bb theme_builder_area=\u00a0\u00bbpost_content\u00a0\u00bb]<\/p>\n<p>Le comit\u00e9 de gouvernance et d\u2019\u00e9thique a pour mandat de conseiller le conseil d&rsquo;administration et de lui faire des recommandations en vue de l\u2019adoption et de l\u2019application d\u2019un ensemble de processus de gouvernance et d&rsquo;\u00e9thique. Ces processus doivent respecter les obligations l\u00e9gales de l\u2019Ordre et refl\u00e9ter les meilleures pratiques et les tendances actuelles en mati\u00e8re de saine gouvernance dans les organismes comparables \u00e0 l\u2019Ordre, et ce, dans le respect des principes de responsabilit\u00e9, d\u2019int\u00e9grit\u00e9, d\u2019\u00e9quit\u00e9 et de transparence.<\/p>\n<p>Johanne C\u00f4t\u00e9, administratrice nomm\u00e9e, pr\u00e9sidente du comit\u00e9<br \/>David G\u00e9linas, ap., pr\u00e9sident de l&rsquo;Ordre<br \/>Ann-Sophie Murray, ap., administratrice<br \/>Marilyn Bilodeau, ap. administratrice<\/p>\n<p>Christine Sparrow, directrice g\u00e9n\u00e9rale et secr\u00e9taire de l&rsquo;Ordre<\/p>\n<p>[\/et_pb_toggle][et_pb_toggle title=\u00a0\u00bbComit\u00e9 des ressources humaines\u00a0\u00bb admin_label=\u00a0\u00bbComit\u00e9 des ressources humaines\u00a0\u00bb _builder_version=\u00a0\u00bb4.27.4&Prime; _module_preset=\u00a0\u00bb342de118-c2d7-474a-a892-f63b6e5acaad\u00a0\u00bb global_colors_info=\u00a0\u00bb{}\u00a0\u00bb theme_builder_area=\u00a0\u00bbpost_content\u00a0\u00bb]<\/p>\n<p>Le comit\u00e9 des ressources humaines assiste le conseil d\u2019administration en ce qui a trait \u00e0 la mise en place des politiques et de normes, afin d\u2019assurer une gestion des ressources humaines efficace et mobilisatrice.<\/p>\n<p>S\u2019assure de l\u2019existence de politiques de gestion des ressources humaines adapt\u00e9es aux besoins de l\u2019organisation, notamment sur les conditions de travail, le recrutement, la r\u00e9tention, la r\u00e9mun\u00e9ration, la formation et l\u2019\u00e9valuation.<\/p>\n<p>Veille \u00e0 l\u2019application de la politique de r\u00e9mun\u00e9ration des employ\u00e9s et de recommander annuellement au conseil d\u2019administration les augmentations salariales des employ\u00e9s.<\/p>\n<p>Est charg\u00e9 de l\u2019\u00e9valuation annuelle de la pr\u00e9sidence et de la direction g\u00e9n\u00e9rale et de faire rapport au conseil d\u2019administration.<\/p>\n<p>Recommande au conseil d\u2019administration la r\u00e9mun\u00e9ration de la pr\u00e9sidence, de la direction g\u00e9n\u00e9rale, de m\u00eame que le montant des allocations de pr\u00e9sence consenties aux administrateurs.<\/p>\n<p>Daniel Pinard, administrateur nomm\u00e9, pr\u00e9sident du comit\u00e9<br \/>David G\u00e9linas, ap., pr\u00e9sident de l&rsquo;Ordre<br \/>Far\u00e8s Masmoudi, ap., administrateur<br \/>\u00c9milie Roy Robertson, directrice des affaires juridiques et corporatives et secr\u00e9taire adjointe de l&rsquo;Ordre<br \/>Christine Sparrow, directrice g\u00e9n\u00e9rale et secr\u00e9taire de l&rsquo;Ordre<\/p>\n<p>[\/et_pb_toggle][et_pb_toggle title=\u00a0\u00bb Comit\u00e9 d\u2019audit\u00a0\u00bb admin_label=\u00a0\u00bbComit\u00e9 d\u2019audit\u00a0\u00bb _builder_version=\u00a0\u00bb4.27.4&Prime; _module_preset=\u00a0\u00bb342de118-c2d7-474a-a892-f63b6e5acaad\u00a0\u00bb global_colors_info=\u00a0\u00bb{}\u00a0\u00bb theme_builder_area=\u00a0\u00bbpost_content\u00a0\u00bb]<\/p>\n<p>Le comit\u00e9 d\u2019audit est charg\u00e9 d\u2019aider le conseil d\u2019administration \u00e0 s\u2019acquitter de ses obligations et responsabilit\u00e9s de surveillance relatives \u00e0 la qualit\u00e9 et \u00e0 l\u2019int\u00e9grit\u00e9 de l\u2019information financi\u00e8re et de la mise en place de m\u00e9canismes de contr\u00f4le interne. Il rel\u00e8ve du conseil d\u2019administration aupr\u00e8s duquel il a un pouvoir de recommandations.<\/p>\n<p><strong>En mati\u00e8re d\u2019information financi\u00e8re<\/strong>, le comit\u00e9 a comme principales responsabilit\u00e9s\u00a0:<\/p>\n<ul>\n<li>De recommander le budget annuel, y compris le montant de la cotisation annuelle et tout montant relatif \u00e0 une cotisation sp\u00e9ciale ou suppl\u00e9mentaire;<\/li>\n<\/ul>\n<ul>\n<li>D\u2019assurer un suivi de la planification budg\u00e9taire de l\u2019Ordre \u00e0 court et \u00e0 long terme et, le cas \u00e9ch\u00e9ant, de faire les recommandations appropri\u00e9es;<\/li>\n<\/ul>\n<ul>\n<li>D\u2019\u00e9tablir une politique de placement, de la r\u00e9viser r\u00e9guli\u00e8rement et de veiller \u00e0 son respect;<\/li>\n<\/ul>\n<ul>\n<li>De recevoir et analyser les \u00e9tats financiers annuels de l\u2019Ordre et les recommandations de l\u2019auditeur, et d\u2019en discuter avec ce dernier.<\/li>\n<\/ul>\n<p><strong>En mati\u00e8re d\u2019audit externe<\/strong>, le comit\u00e9 a comme principales responsabilit\u00e9s\u00a0:<\/p>\n<ul>\n<li>De recommander au conseil d\u2019administration l\u2019adoption des \u00e9tats financiers audit\u00e9s;<\/li>\n<\/ul>\n<ul>\n<li>D\u2019\u00e9valuer annuellement le rendement de l\u2019auditeur externe et de recommander sa nomination ou son remplacement;<\/li>\n<\/ul>\n<ul>\n<li>De recommander au conseil d\u2019administration le montant des honoraires li\u00e9s aux missions d\u2019audit ou autres services.<\/li>\n<\/ul>\n<p><strong>En mati\u00e8re de contr\u00f4les internes<\/strong>, le comit\u00e9 a comme principales responsabilit\u00e9s\u00a0:<\/p>\n<ul>\n<li>De s\u2019assurer que la direction a mis en place des m\u00e9canismes de contr\u00f4le interne ad\u00e9quats et efficaces \u00e0 l\u2019\u00e9gard de l\u2019information financi\u00e8re pour pr\u00e9venir et d\u00e9tecter la fraude et les erreurs;<\/li>\n<\/ul>\n<ul>\n<li>De r\u00e9viser toute activit\u00e9 susceptible de nuire \u00e0 la bonne situation financi\u00e8re de l\u2019Ordre port\u00e9e \u00e0 son attention par la direction g\u00e9n\u00e9rale et de faire une recommandation au conseil d\u2019administration.<\/li>\n<\/ul>\n<p>Daniel Pinard, administrateur nomm\u00e9, pr\u00e9sident du comit\u00e9<br \/>David G\u00e9linas, ap., pr\u00e9sident de l&rsquo;Ordre<br \/>Marilyn G\u00e9n\u00e9reux, ap., tr\u00e9sori\u00e8re<br \/>\u00c9milie Roy Robertson, directrice des affaires juridiques et corporatives et secr\u00e9taire adjointe de l&rsquo;Ordre<br \/>Christine Sparrow, directrice g\u00e9n\u00e9rale et secr\u00e9taire de l&rsquo;Ordre<\/p>\n<p>[\/et_pb_toggle][et_pb_toggle title=\u00a0\u00bbComit\u00e9 d\u2019innovation et de d\u00e9veloppement professionnel \u00a0\u00bb admin_label=\u00a0\u00bbComit\u00e9 d\u2019innovation et de d\u00e9veloppement professionnel\u00a0\u00bb module_id=\u00a0\u00bbcomite-innovation\u00a0\u00bb _builder_version=\u00a0\u00bb4.27.4&Prime; _module_preset=\u00a0\u00bb342de118-c2d7-474a-a892-f63b6e5acaad\u00a0\u00bb global_colors_info=\u00a0\u00bb{}\u00a0\u00bb theme_builder_area=\u00a0\u00bbpost_content\u00a0\u00bb]<\/p>\n<p>Le comit\u00e9 d\u2019innovation et de d\u00e9veloppement professionnel a pour mandat de s\u2019informer de fa\u00e7on syst\u00e9matique sur les d\u00e9veloppements les plus r\u00e9cents en audioproth\u00e8se pour \u00e9ventuellement am\u00e9liorer la profession d\u2019audioproth\u00e9siste.<\/p>\n<p>Les recommandations \u00e9manant du comit\u00e9 pourront contribuer activement \u00e0 l\u2019\u00e9tablissement d\u2019un cadre de formation continue de l\u2019Ordre. Le suivi des d\u00e9veloppements en audioproth\u00e8se, tant au niveau technologique que des pratiques sont utilis\u00e9es principalement pour :<\/p>\n<ul>\n<li>S&rsquo;informer de mani\u00e8re syst\u00e9matique sur les d\u00e9veloppements les plus r\u00e9cents en audioproth\u00e8se, tant sur le plan technologique que sur le plan des pratiques professionnelles;<\/li>\n<li>Suivre les \u00e9volutions technologiques dans le domaine de l&rsquo;audioproth\u00e8se et \u00e9valuer leur impact sur les pratiques professionnelles;<\/li>\n<li>Identifier les pratiques \u00e9mergentes en audioproth\u00e8se et analyser leur pertinence et leur applicabilit\u00e9 dans le cadre de la profession;<\/li>\n<li>Permet d\u2019innover et de favoriser le d\u00e9veloppement de la profession.<\/li>\n<\/ul>\n<p>Karine Perreault, ap., pr\u00e9sidente<br \/>M\u00e9lodie Desroches, ap., membre<br \/>V\u00e9ronique Renaud, ap., membre<br \/>Linda Cloutier, ap., membre<br \/>Responsable : Jacinthe Poitras, ap.,\u00a0<a href=\"mailto:jpoitras@audioprothesistes.org\" target=\"_blank\" rel=\"noopener noreferrer\" data-saferedirecturl=\"https:\/\/www.google.com\/url?q=https:\/\/audioprothesistes.org\/staging20260303\/comite\/vrenaud@audioprothesistes.org&amp;source=gmail&amp;ust=1686177050590000&amp;usg=AOvVaw1rrW2YrTNbzvaOfD-MojN6\">jpoitras@audioprothesistes.org<\/a><\/p>\n<p>[\/et_pb_toggle][et_pb_text _builder_version=\u00a0\u00bb4.27.4&Prime; _module_preset=\u00a0\u00bbdefault\u00a0\u00bb custom_padding=\u00a0\u00bb100px||||false|false\u00a0\u00bb global_colors_info=\u00a0\u00bb{}\u00a0\u00bb theme_builder_area=\u00a0\u00bbpost_content\u00a0\u00bb]<\/p>\n<h3>S\u2019impliquer \u00e0 l\u2019Ordre<\/h3>\n<p>Vous d\u00e9sirez vous impliquer \u00e0 l\u2019Ordre? Prenez d\u2019abord connaissance des mandats des diff\u00e9rents comit\u00e9s puis remplissez le formulaire de candidature.<\/p>\n<p>[\/et_pb_text][et_pb_button button_url=\u00a0\u00bbhttps:\/\/audioprothesistes.org\/staging20260303\/membres-et-etudiants\/implication\/\u00a0\u00bb button_text=\u00a0\u00bbDevenir membre d&rsquo;un comit\u00e9\u00a0\u00bb _builder_version=\u00a0\u00bb4.21.0&Prime; _module_preset=\u00a0\u00bbdefault\u00a0\u00bb custom_margin=\u00a0\u00bb45px||||false|false\u00a0\u00bb global_colors_info=\u00a0\u00bb{}\u00a0\u00bb theme_builder_area=\u00a0\u00bbpost_content\u00a0\u00bb][\/et_pb_button][\/et_pb_column][et_pb_column type=\u00a0\u00bb1_4&Prime; _builder_version=\u00a0\u00bb4.19.0&Prime; _module_preset=\u00a0\u00bbdefault\u00a0\u00bb global_colors_info=\u00a0\u00bb{}\u00a0\u00bb theme_builder_area=\u00a0\u00bbpost_content\u00a0\u00bb][\/et_pb_column][\/et_pb_row][\/et_pb_section]<\/p>\n","protected":false},"excerpt":{"rendered":"<p>L\u2019Ordre des audioproth\u00e9sistes du Qu\u00e9bec est administr\u00e9 par un conseil d\u2019administration form\u00e9 de huit administrateurs. Six administrateurs sont \u00e9lus parmi les membres de l\u2019Ordre et deux sont nomm\u00e9s par l\u2019Office des professions du Qu\u00e9bec.Le conseil d\u2019administration est charg\u00e9 de l\u2019administration g\u00e9n\u00e9rale des affaires de l\u2019Ordre. Il veille \u00e0 l\u2019application des dispositions du\u00a0Code des professions, de [&hellip;]<\/p>\n","protected":false},"author":1,"featured_media":5293,"parent":4742,"menu_order":2,"comment_status":"closed","ping_status":"closed","template":"","meta":{"_et_pb_use_builder":"on","_et_pb_old_content":"","_et_gb_content_width":"","footnotes":""},"class_list":["post-4760","page","type-page","status-publish","has-post-thumbnail","hentry"],"acf":[],"_links":{"self":[{"href":"https:\/\/audioprothesistes.org\/staging20260303\/wp-json\/wp\/v2\/pages\/4760","targetHints":{"allow":["GET"]}}],"collection":[{"href":"https:\/\/audioprothesistes.org\/staging20260303\/wp-json\/wp\/v2\/pages"}],"about":[{"href":"https:\/\/audioprothesistes.org\/staging20260303\/wp-json\/wp\/v2\/types\/page"}],"author":[{"embeddable":true,"href":"https:\/\/audioprothesistes.org\/staging20260303\/wp-json\/wp\/v2\/users\/1"}],"replies":[{"embeddable":true,"href":"https:\/\/audioprothesistes.org\/staging20260303\/wp-json\/wp\/v2\/comments?post=4760"}],"version-history":[{"count":82,"href":"https:\/\/audioprothesistes.org\/staging20260303\/wp-json\/wp\/v2\/pages\/4760\/revisions"}],"predecessor-version":[{"id":10511,"href":"https:\/\/audioprothesistes.org\/staging20260303\/wp-json\/wp\/v2\/pages\/4760\/revisions\/10511"}],"up":[{"embeddable":true,"href":"https:\/\/audioprothesistes.org\/staging20260303\/wp-json\/wp\/v2\/pages\/4742"}],"wp:featuredmedia":[{"embeddable":true,"href":"https:\/\/audioprothesistes.org\/staging20260303\/wp-json\/wp\/v2\/media\/5293"}],"wp:attachment":[{"href":"https:\/\/audioprothesistes.org\/staging20260303\/wp-json\/wp\/v2\/media?parent=4760"}],"curies":[{"name":"wp","href":"https:\/\/api.w.org\/{rel}","templated":true}]}}