{"id":4800,"date":"2023-03-31T15:07:24","date_gmt":"2023-03-31T15:07:24","guid":{"rendered":"https:\/\/dev2.eklore.ca\/oaq\/?page_id=4800"},"modified":"2023-11-28T15:36:39","modified_gmt":"2023-11-28T20:36:39","slug":"lois-et-reglements","status":"publish","type":"page","link":"https:\/\/audioprothesistes.org\/staging20260303\/membres\/lois-et-reglements\/","title":{"rendered":"Lois et r\u00e8glements"},"content":{"rendered":"<p>[et_pb_section fb_built=\u00a0\u00bb1&Prime; _builder_version=\u00a0\u00bb4.19.0&Prime; _module_preset=\u00a0\u00bbdefault\u00a0\u00bb global_colors_info=\u00a0\u00bb{}\u00a0\u00bb][et_pb_row column_structure=\u00a0\u00bb1_2,1_2&Prime; use_custom_gutter=\u00a0\u00bbon\u00a0\u00bb gutter_width=\u00a0\u00bb2&Prime; _builder_version=\u00a0\u00bb4.19.0&Prime; _module_preset=\u00a0\u00bb34ebdddb-ba4e-47a4-ad6e-f7a0f2f689bf\u00a0\u00bb global_colors_info=\u00a0\u00bb{}\u00a0\u00bb][et_pb_column type=\u00a0\u00bb1_2&Prime; _builder_version=\u00a0\u00bb4.19.0&Prime; _module_preset=\u00a0\u00bbdefault\u00a0\u00bb background_color=\u00a0\u00bb#E9E9E9&Prime; custom_padding=\u00a0\u00bb25px|25px|25px|25px|true|true\u00a0\u00bb global_colors_info=\u00a0\u00bb{}\u00a0\u00bb][et_pb_text _builder_version=\u00a0\u00bb4.22.1&Prime; _module_preset=\u00a0\u00bbdefault\u00a0\u00bb custom_padding=\u00a0\u00bb1px|||||\u00a0\u00bb global_colors_info=\u00a0\u00bb{}\u00a0\u00bb]<\/p>\n<h2>Code des professions<\/h2>\n<p>Le <strong><a href=\"https:\/\/www.legisquebec.gouv.qc.ca\/fr\/document\/lc\/c-26\" target=\"_blank\" rel=\"noopener\"><em>Code des professions<\/em><\/a><\/strong> est la loi-cadre du syst\u00e8me professionnel qu\u00e9b\u00e9cois.<\/p>\n<p>Il conf\u00e8re \u00e0 l\u2019Office des professions du Qu\u00e9bec des responsabilit\u00e9s de surveillance et de contr\u00f4le ainsi que des fonctions r\u00e9glementaires. La principale responsabilit\u00e9 de l\u2019Office des professions du Qu\u00e9bec est de veiller \u00e0 ce que chaque ordre professionnel assume sa fonction principale d\u2019assurer la protection du public.<\/p>\n<p>Outre le devoir d\u2019assurer la protection du public, le <strong><a href=\"https:\/\/www.legisquebec.gouv.qc.ca\/fr\/document\/lc\/c-26\" target=\"_blank\" rel=\"noopener\"><em>Code des professions<\/em><\/a> <\/strong>confie \u00e0 chaque ordre professionnel la responsabilit\u00e9 du contr\u00f4le de l\u2019exercice de sa profession. Ce contr\u00f4le s\u2019effectue notamment lors de la <strong>d\u00e9livrance du permis d\u2019exercice<\/strong> et de <strong>l\u2019inscription au tableau<\/strong>.<\/p>\n<p>[\/et_pb_text][\/et_pb_column][et_pb_column type=\u00a0\u00bb1_2&Prime; _builder_version=\u00a0\u00bb4.19.0&Prime; _module_preset=\u00a0\u00bbdefault\u00a0\u00bb global_colors_info=\u00a0\u00bb{}\u00a0\u00bb][et_pb_text _builder_version=\u00a0\u00bb4.22.1&Prime; _module_preset=\u00a0\u00bbdefault\u00a0\u00bb hover_enabled=\u00a0\u00bb0&Prime; global_colors_info=\u00a0\u00bb{}\u00a0\u00bb sticky_enabled=\u00a0\u00bb0&Prime;]<\/p>\n<h2><strong>R\u00e8glements<\/strong><\/h2>\n<p>Voici les r\u00e8glements li\u00e9s \u00e0 l\u2019exercice de la profession d\u2019audioproth\u00e9siste.<\/p>\n<ul>\n<li><a href=\"https:\/\/www.legisquebec.gouv.qc.ca\/fr\/document\/rc\/a-33,%20r.%202\" target=\"_blank\" rel=\"noopener\"><em>L\u2019assurance responsabilit\u00e9 professionnelle des audioproth\u00e9sistes<\/em><\/a><\/li>\n<li><a href=\"https:\/\/www.legisquebec.gouv.qc.ca\/fr\/document\/rc\/A-33,%20r.%202.1\" target=\"_blank\" rel=\"noopener\"><em>Autorisations l\u00e9gales d\u2019exercer la profession<\/em><\/a><\/li>\n<li><a href=\"https:\/\/www.legisquebec.gouv.qc.ca\/fr\/document\/rc\/a-33,%20r.%203\" target=\"_blank\" rel=\"noopener\"><em>Code de d\u00e9ontologie<\/em><\/a><\/li>\n<li><a href=\"https:\/\/www.legisquebec.gouv.qc.ca\/fr\/document\/rc\/A-33,%20r.%204\" target=\"_blank\" rel=\"noopener\"><em>Inspection professionnelle<\/em><\/a><\/li>\n<li><a href=\"https:\/\/www.legisquebec.gouv.qc.ca\/fr\/document\/rc\/A-33,%20r.%205\" target=\"_blank\" rel=\"noopener\"><em>Comit\u00e9 de la formation<\/em><\/a><\/li>\n<li><a href=\"https:\/\/www.legisquebec.gouv.qc.ca\/fr\/document\/rc\/a-33,%20r.%207#:~:text=Il%20permet%20%C3%A0%20l'Ordre,l'exercice%20de%20leur%20profession.\" target=\"_blank\" rel=\"noopener\"><em>Formation continue<\/em><\/a><\/li>\n<li><a href=\"https:\/\/www.legisquebec.gouv.qc.ca\/fr\/document\/rc\/a-33,%20r.%205.1#:~:text=Le%20demandeur%20doit%20obtenir%20la,dans%20un%20cabinet%20d'audioproth%C3%A9siste.\" target=\"_blank\" rel=\"noopener\"><em>D\u00e9livrance d\u2019un permis &#8211; ARM<\/em><\/a><\/li>\n<li><a href=\"https:\/\/www.legisquebec.gouv.qc.ca\/fr\/document\/rc\/a-33,%20r.%206\" target=\"_blank\" rel=\"noopener\"><em>Tenue de dossier, cabinet de consultation et cessation d&rsquo;exercice<\/em><\/a><\/li>\n<li><a href=\"https:\/\/www.legisquebec.gouv.qc.ca\/fr\/document\/rc\/a-33,%20r.%206.1#:~:text=Un%20audioproth%C3%A9siste%20peut%2C%20aux%20conditions,(chapitre%20C%2D26).\" target=\"_blank\" rel=\"noopener\"><em>Exercice de la profession en soci\u00e9t\u00e9<\/em><\/a><\/li>\n<li><a href=\"https:\/\/www.legisquebec.gouv.qc.ca\/fr\/document\/rc\/A-33,%20r.%209#:~:text=Un%20candidat%20b%C3%A9n%C3%A9ficie%20d'une,au%20domaine%20de%20l'audioproth%C3%A8se.\" target=\"_blank\" rel=\"noopener\"><em>\u00c9quivalence de dipl\u00f4me et de la formation<\/em><\/a><\/li>\n<li><a href=\"https:\/\/www.legisquebec.gouv.qc.ca\/fr\/document\/rc\/A-33,%20r.%209.1\" target=\"_blank\" rel=\"noopener\"><em>\u00c9lections et organisation de l\u2019Ordre<\/em><\/a><\/li>\n<li><a href=\"https:\/\/www.legisquebec.gouv.qc.ca\/fr\/document\/rc\/a-33,%20r.%2010#:~:text=Le%20client%20qui%20a%20un,la%20r%C3%A9ception%20de%20ce%20compte.\" target=\"_blank\" rel=\"noopener\"><em>Conciliation et arbitrage<\/em><\/a><\/li>\n<li><a href=\"https:\/\/www.legisquebec.gouv.qc.ca\/fr\/document\/rc\/a-33,%20r.%2013\" target=\"_blank\" rel=\"noopener\"><em>Stages de perfectionnement<\/em><\/a><\/li>\n<li><a href=\"https:\/\/www.legisquebec.gouv.qc.ca\/fr\/document\/rc\/C-26,%20r.%206.1%20\/\" target=\"_blank\" rel=\"noopener\"><em>Normes d\u2019\u00e9thique et de d\u00e9ontologie des administrateurs du CA<\/em><\/a><\/li>\n<\/ul>\n<p>[\/et_pb_text][\/et_pb_column][\/et_pb_row][\/et_pb_section][et_pb_section fb_built=\u00a0\u00bb1&Prime; _builder_version=\u00a0\u00bb4.19.0&Prime; _module_preset=\u00a0\u00bb7d762f5a-aa88-4157-a829-8a939f27e3e9&Prime; global_colors_info=\u00a0\u00bb{}\u00a0\u00bb][et_pb_row column_structure=\u00a0\u00bb3_4,1_4&Prime; use_custom_gutter=\u00a0\u00bbon\u00a0\u00bb gutter_width=\u00a0\u00bb2&Prime; _builder_version=\u00a0\u00bb4.19.0&Prime; _module_preset=\u00a0\u00bb34ebdddb-ba4e-47a4-ad6e-f7a0f2f689bf\u00a0\u00bb global_colors_info=\u00a0\u00bb{}\u00a0\u00bb][et_pb_column type=\u00a0\u00bb3_4&Prime; _builder_version=\u00a0\u00bb4.19.0&Prime; _module_preset=\u00a0\u00bbdefault\u00a0\u00bb background_enable_color=\u00a0\u00bboff\u00a0\u00bb custom_padding=\u00a0\u00bb25px|25px|25px|25px|true|true\u00a0\u00bb global_colors_info=\u00a0\u00bb{}\u00a0\u00bb][et_pb_text _builder_version=\u00a0\u00bb4.22.1&Prime; _module_preset=\u00a0\u00bbdefault\u00a0\u00bb global_colors_info=\u00a0\u00bb{}\u00a0\u00bb]<\/p>\n<h2><strong>Lois<\/strong><\/h2>\n<p><strong><a href=\"https:\/\/www.legisquebec.gouv.qc.ca\/fr\/document\/lc\/a-33\" target=\"_blank\" rel=\"noopener\"><em>Loi sur les audioproth\u00e9sistes<\/em><\/a><\/strong><\/p>\n<p>La <em>Loi sur les audioproth\u00e9sistes <\/em>conf\u00e8re aux membres le droit exclusif d\u2019exercer leurs activit\u00e9s. Cette loi d\u00e9finit notamment l\u2019exercice de la profession d\u2019audioproth\u00e9siste ainsi que ce qui est consid\u00e9r\u00e9 comme de l\u2019exercice ill\u00e9gal.<\/p>\n<p><strong><a href=\"https:\/\/www.cai.gouv.qc.ca\/documents\/CAI_Guide_obligations_entreprises_vf.pdf\"><em>Loi 25<\/em><\/a><\/strong><em> \u2013 Loi modernisant des dispositions l\u00e9gislatives en mati\u00e8re de protection des renseignements dans le secteur priv\u00e9 (<\/em><span><a href=\"https:\/\/www.legisquebec.gouv.qc.ca\/fr\/document\/lc\/P-39.1\"><em><strong>Loi sur la protection des renseignements personnels dans le secteur priv\u00e9<\/strong><\/em><\/a><\/span><em>)<\/em><\/p>\n<p>La <em>Loi 25<\/em> constitue une r\u00e9forme majeure du cadre juridique applicable en mati\u00e8re d\u2019acc\u00e8s et de protection des renseignements personnels pour toutes les organisations et entreprises du Qu\u00e9bec.<\/p>\n<p>[\/et_pb_text][\/et_pb_column][et_pb_column type=\u00a0\u00bb1_4&Prime; _builder_version=\u00a0\u00bb4.19.0&Prime; _module_preset=\u00a0\u00bbdefault\u00a0\u00bb background_enable_color=\u00a0\u00bboff\u00a0\u00bb custom_padding=\u00a0\u00bb25px|25px|25px|25px|true|true\u00a0\u00bb global_colors_info=\u00a0\u00bb{}\u00a0\u00bb][\/et_pb_column][\/et_pb_row][\/et_pb_section]<\/p>\n","protected":false},"excerpt":{"rendered":"<p>Code des professions Le Code des professions est la loi-cadre du syst\u00e8me professionnel qu\u00e9b\u00e9cois. Il conf\u00e8re \u00e0 l\u2019Office des professions du Qu\u00e9bec des responsabilit\u00e9s de surveillance et de contr\u00f4le ainsi que des fonctions r\u00e9glementaires. La principale responsabilit\u00e9 de l\u2019Office des professions du Qu\u00e9bec est de veiller \u00e0 ce que chaque ordre professionnel assume sa fonction [&hellip;]<\/p>\n","protected":false},"author":1,"featured_media":5293,"parent":4753,"menu_order":1,"comment_status":"closed","ping_status":"closed","template":"","meta":{"_et_pb_use_builder":"on","_et_pb_old_content":"","_et_gb_content_width":"","footnotes":""},"class_list":["post-4800","page","type-page","status-publish","has-post-thumbnail","hentry"],"acf":[],"_links":{"self":[{"href":"https:\/\/audioprothesistes.org\/staging20260303\/wp-json\/wp\/v2\/pages\/4800","targetHints":{"allow":["GET"]}}],"collection":[{"href":"https:\/\/audioprothesistes.org\/staging20260303\/wp-json\/wp\/v2\/pages"}],"about":[{"href":"https:\/\/audioprothesistes.org\/staging20260303\/wp-json\/wp\/v2\/types\/page"}],"author":[{"embeddable":true,"href":"https:\/\/audioprothesistes.org\/staging20260303\/wp-json\/wp\/v2\/users\/1"}],"replies":[{"embeddable":true,"href":"https:\/\/audioprothesistes.org\/staging20260303\/wp-json\/wp\/v2\/comments?post=4800"}],"version-history":[{"count":15,"href":"https:\/\/audioprothesistes.org\/staging20260303\/wp-json\/wp\/v2\/pages\/4800\/revisions"}],"predecessor-version":[{"id":7080,"href":"https:\/\/audioprothesistes.org\/staging20260303\/wp-json\/wp\/v2\/pages\/4800\/revisions\/7080"}],"up":[{"embeddable":true,"href":"https:\/\/audioprothesistes.org\/staging20260303\/wp-json\/wp\/v2\/pages\/4753"}],"wp:featuredmedia":[{"embeddable":true,"href":"https:\/\/audioprothesistes.org\/staging20260303\/wp-json\/wp\/v2\/media\/5293"}],"wp:attachment":[{"href":"https:\/\/audioprothesistes.org\/staging20260303\/wp-json\/wp\/v2\/media?parent=4800"}],"curies":[{"name":"wp","href":"https:\/\/api.w.org\/{rel}","templated":true}]}}