{"id":4816,"date":"2023-03-31T15:12:25","date_gmt":"2023-03-31T15:12:25","guid":{"rendered":"https:\/\/dev2.eklore.ca\/oaq\/?page_id=4816"},"modified":"2025-02-19T11:08:38","modified_gmt":"2025-02-19T16:08:38","slug":"prix-et-reconnaissance","status":"publish","type":"page","link":"https:\/\/audioprothesistes.org\/staging20260303\/membres\/prix-et-reconnaissance\/","title":{"rendered":"Prix et reconnaissance"},"content":{"rendered":"<p>[et_pb_section fb_built=\u00a0\u00bb1&Prime; _builder_version=\u00a0\u00bb4.16&Prime; global_colors_info=\u00a0\u00bb{}\u00a0\u00bb][et_pb_row column_structure=\u00a0\u00bb1_4,3_4&Prime; use_custom_gutter=\u00a0\u00bbon\u00a0\u00bb gutter_width=\u00a0\u00bb1&Prime; make_equal=\u00a0\u00bbon\u00a0\u00bb _builder_version=\u00a0\u00bb4.19.0&Prime; _module_preset=\u00a0\u00bb34ebdddb-ba4e-47a4-ad6e-f7a0f2f689bf\u00a0\u00bb custom_css_main_element=\u00a0\u00bbalign-items:center;\u00a0\u00bb global_colors_info=\u00a0\u00bb{}\u00a0\u00bb][et_pb_column type=\u00a0\u00bb1_4&Prime; _builder_version=\u00a0\u00bb4.16&Prime; custom_padding=\u00a0\u00bb|||\u00a0\u00bb global_colors_info=\u00a0\u00bb{}\u00a0\u00bb custom_padding__hover=\u00a0\u00bb|||\u00a0\u00bb][et_pb_code admin_label=\u00a0\u00bbIcone \u00e9toile\u00a0\u00bb _builder_version=\u00a0\u00bb4.19.0&Prime; _module_preset=\u00a0\u00bbdefault\u00a0\u00bb text_orientation=\u00a0\u00bbcenter\u00a0\u00bb max_width=\u00a0\u00bb550px\u00a0\u00bb text_orientation_tablet=\u00a0\u00bbcenter\u00a0\u00bb text_orientation_phone=\u00a0\u00bbcenter\u00a0\u00bb text_orientation_last_edited=\u00a0\u00bbon|tablet\u00a0\u00bb custom_css_main_element=\u00a0\u00bbmargin:auto;\u00a0\u00bb global_colors_info=\u00a0\u00bb{}\u00a0\u00bb]<svg xmlns=\"http:\/\/www.w3.org\/2000\/svg\" width=\"50%\" height=\"50%\" viewBox=\"0 0 363.042 396.455\"><!-- [et_pb_line_break_holder] -->  <rect id=\"Rectangle_147\" data-name=\"Rectangle 147\" width=\"337.193\" height=\"337.193\" rx=\"168.596\" transform=\"translate(25.849 59.262)\" fill=\"#eaa04c\"\/><!-- [et_pb_line_break_holder] -->  <g id=\"SVGRepo_iconCarrier\" transform=\"translate(0.665 -14.325)\"><!-- [et_pb_line_break_holder] -->    <path id=\"Trac\u00e9_30\" data-name=\"Trac\u00e9 30\" d=\"M171.338,15l47.594,43.177L283.165,55.7l8.7,63.7,50.811,39.37-34.268,54.371,13.612,62.843-61.206,19.609L230.85,352.46l-59.511-24.311L111.827,352.46,81.862,295.595,20.656,275.986l13.612-62.842L0,158.772,50.811,119.4l8.7-63.7,64.233,2.475Zm0,25.7-34.82,31.583L130.769,77.5,123,77.215,76.017,75.406l-6.359,46.566-1.047,7.71-6.149,4.74-37.142,28.8,25.053,39.788,4.15,6.549-1.656,7.615L42.93,263.117l44.757,14.354,7.406,2.38,3.636,6.872L120.622,328.3l43.52-17.762,7.2-2.951,7.2,2.951,43.52,17.762,21.912-41.578,3.617-6.872,7.406-2.38,44.757-14.354-9.938-45.938-1.656-7.615,4.15-6.549,25.072-39.788-37.161-28.8-6.149-4.74-1.047-7.71L266.64,75.406l-46.947,1.809-7.786.286-5.749-5.216Zm60.871,109.493,11.518,15.173L143.494,241.441,97.975,195.922l13.46-13.46,33.773,33.773,87-66.041Z\" fill=\"#003d4c\" stroke=\"#003d4c\" stroke-width=\"1\" fill-rule=\"evenodd\"\/><!-- [et_pb_line_break_holder] -->  <\/g><!-- [et_pb_line_break_holder] --><\/svg><!-- [et_pb_line_break_holder] -->[\/et_pb_code][\/et_pb_column][et_pb_column type=\u00a0\u00bb3_4&Prime; _builder_version=\u00a0\u00bb4.16&Prime; custom_padding=\u00a0\u00bb|||\u00a0\u00bb global_colors_info=\u00a0\u00bb{}\u00a0\u00bb custom_padding__hover=\u00a0\u00bb|||\u00a0\u00bb][et_pb_text _builder_version=\u00a0\u00bb4.19.0&Prime; text_font_size=\u00a0\u00bb1.2em\u00a0\u00bb background_size=\u00a0\u00bbinitial\u00a0\u00bb background_position=\u00a0\u00bbtop_left\u00a0\u00bb background_repeat=\u00a0\u00bbrepeat\u00a0\u00bb global_colors_info=\u00a0\u00bb{}\u00a0\u00bb]<\/p>\n<p><strong>Chaque ann\u00e9e, l\u2019Ordre est fier de reconna\u00eetre la contribution des audioproth\u00e9sistes qui se sont distingu\u00e9s en contribuant au rayonnement de la profession en leur remettant des prix.<\/strong><\/p>\n<p>[\/et_pb_text][\/et_pb_column][\/et_pb_row][et_pb_row _builder_version=\u00a0\u00bb4.19.0&Prime; _module_preset=\u00a0\u00bb34ebdddb-ba4e-47a4-ad6e-f7a0f2f689bf\u00a0\u00bb global_colors_info=\u00a0\u00bb{}\u00a0\u00bb][et_pb_column type=\u00a0\u00bb4_4&Prime; _builder_version=\u00a0\u00bb4.19.0&Prime; _module_preset=\u00a0\u00bbdefault\u00a0\u00bb global_colors_info=\u00a0\u00bb{}\u00a0\u00bb][et_pb_divider color=\u00a0\u00bb#EAA04C\u00a0\u00bb divider_position=\u00a0\u00bbcenter\u00a0\u00bb _builder_version=\u00a0\u00bb4.19.0&Prime; _module_preset=\u00a0\u00bbdefault\u00a0\u00bb width=\u00a0\u00bb90%\u00a0\u00bb max_width=\u00a0\u00bb90%\u00a0\u00bb module_alignment=\u00a0\u00bbcenter\u00a0\u00bb custom_padding=\u00a0\u00bb||0px|||\u00a0\u00bb global_colors_info=\u00a0\u00bb{}\u00a0\u00bb][\/et_pb_divider][\/et_pb_column][\/et_pb_row][et_pb_row column_structure=\u00a0\u00bb3_5,2_5&Prime; _builder_version=\u00a0\u00bb4.19.0&Prime; _module_preset=\u00a0\u00bb34ebdddb-ba4e-47a4-ad6e-f7a0f2f689bf\u00a0\u00bb custom_padding=\u00a0\u00bb50px|75px|50px|75px|true|true\u00a0\u00bb global_colors_info=\u00a0\u00bb{}\u00a0\u00bb][et_pb_column type=\u00a0\u00bb3_5&Prime; _builder_version=\u00a0\u00bb4.16&Prime; custom_padding=\u00a0\u00bb|||\u00a0\u00bb global_colors_info=\u00a0\u00bb{}\u00a0\u00bb custom_padding__hover=\u00a0\u00bb|||\u00a0\u00bb][et_pb_text _builder_version=\u00a0\u00bb4.19.0&Prime; background_size=\u00a0\u00bbinitial\u00a0\u00bb background_position=\u00a0\u00bbtop_left\u00a0\u00bb background_repeat=\u00a0\u00bbrepeat\u00a0\u00bb global_colors_info=\u00a0\u00bb{}\u00a0\u00bb]<\/p>\n<h2><strong>Prix Jean C. Trudel<\/strong><\/h2>\n<p>Pionnier dans le domaine de la proth\u00e8se auditive, M. Trudel a consacr\u00e9 sa carri\u00e8re au sein de l\u2019Ordre \u00e0 persuader toutes les instances concern\u00e9es du r\u00f4le vital de l\u2019audioproth\u00e9siste dans le monde de la sant\u00e9. Il multipliera les repr\u00e9sentations \u00e0 tous les niveaux de la l\u00e9gislature afin de faire reconna\u00eetre la profession.<\/p>\n<p>En hommage \u00e0 sa grande contribution au sein de l\u2019Ordre, le prix Jean C. Trudel est remis chaque ann\u00e9e, lors du Congr\u00e8s annuel de l\u2019Ordre, pour souligner l\u2019engagement d\u2019un membre envers la mission de l\u2019Ordre, son implication b\u00e9n\u00e9vole au sein d\u2019un comit\u00e9 ou ses r\u00e9alisations \u00e0 l\u2019\u00e9gard de la profession.<\/p>\n<p>[\/et_pb_text][\/et_pb_column][et_pb_column type=\u00a0\u00bb2_5&Prime; _builder_version=\u00a0\u00bb4.16&Prime; custom_padding=\u00a0\u00bb|||\u00a0\u00bb global_colors_info=\u00a0\u00bb{}\u00a0\u00bb custom_padding__hover=\u00a0\u00bb|||\u00a0\u00bb][et_pb_toggle title=\u00a0\u00bbR\u00e9cipiendaires\u00a0\u00bb _builder_version=\u00a0\u00bb4.27.0&Prime; _module_preset=\u00a0\u00bbdefault\u00a0\u00bb body_font_size=\u00a0\u00bb18px\u00a0\u00bb global_colors_info=\u00a0\u00bb{}\u00a0\u00bb]<\/p>\n<ul>\n<li>2024 \u2013 M\u00e9lodie Desroches, ap.<\/li>\n<li>2023 \u2013 Marc Trudel, ap.<\/li>\n<li>2022 \u2013 Joey Champagne, ap.<\/li>\n<li>2021 \u2013\u00a0 Daniel Bois, ap.<\/li>\n<li>2020 \u2013 Matthieu Paquette, ap.<\/li>\n<li>2018 \u2013 Gilles Cagnone, ap.<\/li>\n<li>2017 \u2013 Francis Garnier, ap.<\/li>\n<li>2016 \u2013 Marie Trudel, ap.<\/li>\n<li>2015 \u2013 Giovanni Barbieri, ap.<\/li>\n<li>2013 \u2013 Manon Beauchamp, b\u00e9n\u00e9vole de l\u2019ann\u00e9e<br \/>Steve Forget, implication<\/li>\n<\/ul>\n<p>[\/et_pb_toggle][\/et_pb_column][\/et_pb_row][et_pb_row column_structure=\u00a0\u00bb3_5,2_5&Prime; _builder_version=\u00a0\u00bb4.19.0&Prime; _module_preset=\u00a0\u00bb91addca8-3d0e-406a-b181-b5714e31ad01&Prime; custom_padding=\u00a0\u00bb50px|75px|50px|75px|true|true\u00a0\u00bb global_colors_info=\u00a0\u00bb{}\u00a0\u00bb][et_pb_column type=\u00a0\u00bb3_5&Prime; _builder_version=\u00a0\u00bb4.16&Prime; custom_padding=\u00a0\u00bb|||\u00a0\u00bb global_colors_info=\u00a0\u00bb{}\u00a0\u00bb custom_padding__hover=\u00a0\u00bb|||\u00a0\u00bb][et_pb_text _builder_version=\u00a0\u00bb4.19.0&Prime; background_size=\u00a0\u00bbinitial\u00a0\u00bb background_position=\u00a0\u00bbtop_left\u00a0\u00bb background_repeat=\u00a0\u00bbrepeat\u00a0\u00bb global_colors_info=\u00a0\u00bb{}\u00a0\u00bb]<\/p>\n<h2><strong>Prix M\u00e9rite du CIQ<\/strong><\/h2>\n<p>Le Conseil interprofessionnel du Qu\u00e9bec (CIQ) remet chaque ann\u00e9e, depuis 1990, le prix M\u00e9rite du CIQ, d\u00e9cern\u00e9 sur recommandation de l\u2019Ordre, pour souligner la carri\u00e8re d\u2019un membre de s\u2019\u00e9tant distingu\u00e9 par sa contribution significative au d\u00e9veloppement de la profession d\u2019audioproth\u00e9siste en lien avec les valeurs du syst\u00e8me professionnel qu\u00e9b\u00e9cois : l\u2019am\u00e9lioration continue de la qualit\u00e9 de la pratique, l\u2019int\u00e9grit\u00e9, l\u2019attitude \u00e9thique, le souci de la comp\u00e9tence, la collaboration avec les pairs et la prise en compte de l\u2019int\u00e9r\u00eat du client et du public.<\/p>\n<p>[\/et_pb_text][\/et_pb_column][et_pb_column type=\u00a0\u00bb2_5&Prime; _builder_version=\u00a0\u00bb4.16&Prime; custom_padding=\u00a0\u00bb|||\u00a0\u00bb global_colors_info=\u00a0\u00bb{}\u00a0\u00bb custom_padding__hover=\u00a0\u00bb|||\u00a0\u00bb][et_pb_toggle title=\u00a0\u00bbR\u00e9cipiendaires\u00a0\u00bb _builder_version=\u00a0\u00bb4.19.0&Prime; _module_preset=\u00a0\u00bbdefault\u00a0\u00bb body_font_size=\u00a0\u00bb18px\u00a0\u00bb global_colors_info=\u00a0\u00bb{}\u00a0\u00bb]<\/p>\n<ul>\n<li>2022 \u2013 Guy Savard, ap.<\/li>\n<li>2021 \u2013 Linda Rh\u00e9aume, ap.<\/li>\n<li>2020 \u2013 Linda Cloutier, ap.<\/li>\n<li>2011 \u2013 Yves Tougas, ap.<\/li>\n<li>2010 \u2013 Patrice Pelletier, ap.<\/li>\n<li>2004 \u2013 Claude Laniel, ap.<\/li>\n<\/ul>\n<p>[\/et_pb_toggle][\/et_pb_column][\/et_pb_row][et_pb_row column_structure=\u00a0\u00bb3_5,2_5&Prime; _builder_version=\u00a0\u00bb4.19.0&Prime; _module_preset=\u00a0\u00bb34ebdddb-ba4e-47a4-ad6e-f7a0f2f689bf\u00a0\u00bb custom_padding=\u00a0\u00bb50px|75px|50px|75px|true|true\u00a0\u00bb global_colors_info=\u00a0\u00bb{}\u00a0\u00bb][et_pb_column type=\u00a0\u00bb3_5&Prime; _builder_version=\u00a0\u00bb4.16&Prime; custom_padding=\u00a0\u00bb|||\u00a0\u00bb global_colors_info=\u00a0\u00bb{}\u00a0\u00bb custom_padding__hover=\u00a0\u00bb|||\u00a0\u00bb][et_pb_text _builder_version=\u00a0\u00bb4.19.0&Prime; background_size=\u00a0\u00bbinitial\u00a0\u00bb background_position=\u00a0\u00bbtop_left\u00a0\u00bb background_repeat=\u00a0\u00bbrepeat\u00a0\u00bb global_colors_info=\u00a0\u00bb{}\u00a0\u00bb]<\/p>\n<h2><strong>Prix d\u2019excellence Raymond-Lanteigne<\/strong><\/h2>\n<p>Le prix d\u2019excellence Raymond-Lanteigne est remis \u00e0 l\u2019\u00e9tudiant qui pr\u00e9sente les meilleurs r\u00e9sultats scolaires parmi les candidats \u00e0 la profession d\u2019audioproth\u00e9siste.<\/p>\n<p>Le prix et la bourse sont remis \u00e0 un \u00e9tudiant de chacune des cohortes des \u00e9tablissements d\u2019enseignement coll\u00e9gial\u00a0: Coll\u00e8ge de Rosemont (depuis 2012) et C\u00e9gep de La Pocati\u00e8re (depuis 2016).<\/p>\n<p>[\/et_pb_text][\/et_pb_column][et_pb_column type=\u00a0\u00bb2_5&Prime; _builder_version=\u00a0\u00bb4.16&Prime; custom_padding=\u00a0\u00bb|||\u00a0\u00bb global_colors_info=\u00a0\u00bb{}\u00a0\u00bb custom_padding__hover=\u00a0\u00bb|||\u00a0\u00bb][et_pb_toggle title=\u00a0\u00bbR\u00e9cipiendaires\u00a0\u00bb _builder_version=\u00a0\u00bb4.27.0&Prime; _module_preset=\u00a0\u00bbdefault\u00a0\u00bb body_font_size=\u00a0\u00bb18px\u00a0\u00bb body_line_height=\u00a0\u00bb1.4em\u00a0\u00bb global_colors_info=\u00a0\u00bb{}\u00a0\u00bb]<\/p>\n<blockquote>\n<p><strong>2024<br \/><\/strong>C\u00e9gep de Rosemont : Brittany St-Vincent<br \/>C\u00e9gep de La Pocati\u00e8re : Audrey Fortin<\/p>\n<\/blockquote>\n<blockquote>\n<p><strong>2023<br \/><\/strong>Coll\u00e8ge de Rosemont : Laurence Thibault<br \/>C\u00e9gep de La Pocati\u00e8re : Nicola B\u00e9rub\u00e9-Vachon<\/p>\n<\/blockquote>\n<blockquote>\n<p><strong>2022<\/strong><br \/>Coll\u00e8ge de Rosemont : Audrey L\u00e9vesque<br \/>C\u00e9gep de La Pocati\u00e8re : Jean-Fran\u00e7ois B\u00e9rub\u00e9<\/p>\n<\/blockquote>\n<blockquote>\n<p><strong>2021<br \/><\/strong>Coll\u00e8ge de Rosemont : Shirley M\u00e9nard et M\u00e9lissa Blanchet<br \/>C\u00e9gep de La Pocati\u00e8re : Katherine Talbot<\/p>\n<\/blockquote>\n<blockquote>\n<p><strong>2020<br \/><\/strong>Coll\u00e8ge de Rosemont : Jo\u00eblle Roy Cossette<br \/>C\u00e9gep de La Pocati\u00e8re\u00a0: Catherine Ch\u00e9nard<\/p>\n<\/blockquote>\n<blockquote>\n<p><strong>2019<\/strong><br \/>Coll\u00e8ge de Rosemont : Andrew Dinkins<br \/>C\u00e9gep de La Pocati\u00e8re\u00a0: Am\u00e9lie Rioux<\/p>\n<\/blockquote>\n<blockquote>\n<p><strong>2018<\/strong><br \/>Coll\u00e8ge de Rosemont : St\u00e9phanie Serres<br \/>C\u00e9gep de La Pocati\u00e8re : Micha\u00ebl Parent<\/p>\n<\/blockquote>\n<blockquote>\n<p><strong>2017<\/strong><br \/>Coll\u00e8ge de Rosemont : V\u00e9ronique Renaud<br \/>C\u00e9gep de La Pocati\u00e8re : Guillaume Gosselin<\/p>\n<\/blockquote>\n<blockquote>\n<p><strong>2016<\/strong><br \/>Coll\u00e8ge de Rosemont : Isabelle Lamothe<br \/>C\u00e9gep de La Pocati\u00e8re : Marie-Pierre Gagn\u00e9<\/p>\n<\/blockquote>\n<blockquote>\n<p><strong>2015<\/strong><br \/>Coll\u00e8ge de Rosemont : Louis-Philip Bonner<\/p>\n<\/blockquote>\n<blockquote>\n<p><strong>2014<\/strong><br \/>Coll\u00e8ge de Rosemont : Sophie Monni\u00e8re<\/p>\n<\/blockquote>\n<blockquote>\n<p><strong>2013<\/strong><br \/>Coll\u00e8ge de Rosemont : Marie-\u00c8ve Lavoie<\/p>\n<\/blockquote>\n<blockquote>\n<p><strong>2012<\/strong><br \/>Coll\u00e8ge de Rosemont : Jacinthe Poitras<\/p>\n<\/blockquote>\n<p>[\/et_pb_toggle][\/et_pb_column][\/et_pb_row][\/et_pb_section]<\/p>\n","protected":false},"excerpt":{"rendered":"<p>Chaque ann\u00e9e, l\u2019Ordre est fier de reconna\u00eetre la contribution des audioproth\u00e9sistes qui se sont distingu\u00e9s en contribuant au rayonnement de la profession en leur remettant des prix.Prix Jean C. Trudel Pionnier dans le domaine de la proth\u00e8se auditive, M. Trudel a consacr\u00e9 sa carri\u00e8re au sein de l\u2019Ordre \u00e0 persuader toutes les instances concern\u00e9es du [&hellip;]<\/p>\n","protected":false},"author":1,"featured_media":5293,"parent":4753,"menu_order":0,"comment_status":"closed","ping_status":"closed","template":"","meta":{"_et_pb_use_builder":"on","_et_pb_old_content":"<p>Chaque ann\u00e9e, l\u2019Ordre est fier de reconna\u00eetre la contribution des audioproth\u00e9sistes qui se sont distingu\u00e9s en contribuant au rayonnement de la profession en leur remettant des prix.<\/p><h2><strong>Prix Jean C. Trudel<\/strong><\/h2><p>Pionnier dans le domaine de la proth\u00e8se auditive, M. Trudel a consacr\u00e9 sa carri\u00e8re au sein de l\u2019Ordre \u00e0 persuader toutes les instances concern\u00e9es du r\u00f4le vital de l\u2019audioproth\u00e9siste dans le monde de la sant\u00e9. Il multipliera les repr\u00e9sentations \u00e0 tous les niveaux de la l\u00e9gislature afin de faire reconna\u00eetre la profession.<\/p><p>En hommage \u00e0 sa grande contribution au sein de l\u2019Ordre, le prix Jean C. Trudel est remis chaque ann\u00e9e, lors du Congr\u00e8s annuel de l\u2019Ordre, pour souligner l\u2019engagement d\u2019un membre envers la mission de l\u2019Ordre, son implication b\u00e9n\u00e9vole au sein d\u2019un comit\u00e9 ou ses r\u00e9alisations \u00e0 l\u2019\u00e9gard de la profession.<\/p><h3><strong>R\u00e9cipiendaires<\/strong><\/h3><p>2022 - Daniel Bois, ap.<\/p><p>2021 - Matthieu paquette, ap.<\/p><h2><strong>Prix M\u00e9rite du CIQ<\/strong><\/h2><p>Le Conseil interprofessionnel du Qu\u00e9bec (CIQ) remet chaque ann\u00e9e, depuis 1990, le prix M\u00e9rite du CIQ, d\u00e9cern\u00e9 sur recommandation de l\u2019Ordre, pour souligner la carri\u00e8re d\u2019un membre de s\u2019\u00e9tant distingu\u00e9 par sa contribution significative au d\u00e9veloppement de la profession d\u2019audioproth\u00e9siste en lien avec les valeurs du syst\u00e8me professionnel qu\u00e9b\u00e9cois : l\u2019am\u00e9lioration continue de la qualit\u00e9 de la pratique, l\u2019int\u00e9grit\u00e9, l\u2019attitude \u00e9thique, le souci de la comp\u00e9tence, la collaboration avec les pairs et la prise en compte de l\u2019int\u00e9r\u00eat du client et du public.<\/p><h3><strong>R\u00e9cipiendaires<\/strong><\/h3><p>2022 - Linda Rh\u00e9aume, ap.<\/p><p>2021 - Linda Cloutier, ap.<\/p>","_et_gb_content_width":"","footnotes":""},"class_list":["post-4816","page","type-page","status-publish","has-post-thumbnail","hentry"],"acf":[],"_links":{"self":[{"href":"https:\/\/audioprothesistes.org\/staging20260303\/wp-json\/wp\/v2\/pages\/4816","targetHints":{"allow":["GET"]}}],"collection":[{"href":"https:\/\/audioprothesistes.org\/staging20260303\/wp-json\/wp\/v2\/pages"}],"about":[{"href":"https:\/\/audioprothesistes.org\/staging20260303\/wp-json\/wp\/v2\/types\/page"}],"author":[{"embeddable":true,"href":"https:\/\/audioprothesistes.org\/staging20260303\/wp-json\/wp\/v2\/users\/1"}],"replies":[{"embeddable":true,"href":"https:\/\/audioprothesistes.org\/staging20260303\/wp-json\/wp\/v2\/comments?post=4816"}],"version-history":[{"count":20,"href":"https:\/\/audioprothesistes.org\/staging20260303\/wp-json\/wp\/v2\/pages\/4816\/revisions"}],"predecessor-version":[{"id":9471,"href":"https:\/\/audioprothesistes.org\/staging20260303\/wp-json\/wp\/v2\/pages\/4816\/revisions\/9471"}],"up":[{"embeddable":true,"href":"https:\/\/audioprothesistes.org\/staging20260303\/wp-json\/wp\/v2\/pages\/4753"}],"wp:featuredmedia":[{"embeddable":true,"href":"https:\/\/audioprothesistes.org\/staging20260303\/wp-json\/wp\/v2\/media\/5293"}],"wp:attachment":[{"href":"https:\/\/audioprothesistes.org\/staging20260303\/wp-json\/wp\/v2\/media?parent=4816"}],"curies":[{"name":"wp","href":"https:\/\/api.w.org\/{rel}","templated":true}]}}