{"id":4822,"date":"2023-03-31T15:13:19","date_gmt":"2023-03-31T15:13:19","guid":{"rendered":"https:\/\/dev2.eklore.ca\/oaq\/?page_id=4822"},"modified":"2023-11-28T15:48:03","modified_gmt":"2023-11-28T20:48:03","slug":"formation-de-laudioprothesiste","status":"publish","type":"page","link":"https:\/\/audioprothesistes.org\/staging20260303\/devenir-membre\/formation-de-laudioprothesiste\/","title":{"rendered":"Formation de l&rsquo;audioproth\u00e9siste"},"content":{"rendered":"<p>[et_pb_section fb_built=\u00a0\u00bb1&Prime; _builder_version=\u00a0\u00bb4.19.0&Prime; _module_preset=\u00a0\u00bb7d762f5a-aa88-4157-a829-8a939f27e3e9&Prime; global_colors_info=\u00a0\u00bb{}\u00a0\u00bb][et_pb_row column_structure=\u00a0\u00bb3_4,1_4&Prime; _builder_version=\u00a0\u00bb4.19.0&Prime; _module_preset=\u00a0\u00bb34ebdddb-ba4e-47a4-ad6e-f7a0f2f689bf\u00a0\u00bb global_colors_info=\u00a0\u00bb{}\u00a0\u00bb][et_pb_column type=\u00a0\u00bb3_4&Prime; _builder_version=\u00a0\u00bb4.19.0&Prime; _module_preset=\u00a0\u00bbdefault\u00a0\u00bb global_colors_info=\u00a0\u00bb{}\u00a0\u00bb][et_pb_text _builder_version=\u00a0\u00bb4.22.1&Prime; _module_preset=\u00a0\u00bbdefault\u00a0\u00bb hover_enabled=\u00a0\u00bb0&Prime; global_colors_info=\u00a0\u00bb{}\u00a0\u00bb sticky_enabled=\u00a0\u00bb0&Prime;]<\/p>\n<p><strong>Au Qu\u00e9bec, l\u2019exercice de l\u2019audioproth\u00e8se est un acte professionnel r\u00e9serv\u00e9 exclusivement aux audioproth\u00e9sistes qui d\u00e9tiennent un permis de l\u2019Ordre des audioproth\u00e9sistes du Qu\u00e9bec.<\/strong><\/p>\n<p>Donne ouverture au droit de pratique l\u2019obtention d\u2019un dipl\u00f4me d\u2019\u00e9tudes coll\u00e9giales (DEC en audioproth\u00e8se) correspondant \u00e0 une formation de trois ans de sp\u00e9cialisation en audioproth\u00e8se ou toute formation reconnue \u00e9quivalente par l\u2019Ordre conform\u00e9ment au <a href=\"https:\/\/www.legisquebec.gouv.qc.ca\/fr\/document\/rc\/A-33,%20r.%209#:~:text=Un%20candidat%20b%C3%A9n%C3%A9ficie%20d'une,au%20domaine%20de%20l'audioproth%C3%A8se.\" target=\"_blank\" rel=\"noopener\"><em>R\u00e8glement sur les normes d\u2019\u00e9quivalence de dipl\u00f4me et de la formation aux fins de la d\u00e9livrance d\u2019un permis \u00e0 l\u2019Ordre des audioproth\u00e9sistes du Qu\u00e9bec<\/em><\/a><em>.<\/em><\/p>\n<p>[\/et_pb_text][\/et_pb_column][et_pb_column type=\u00a0\u00bb1_4&Prime; _builder_version=\u00a0\u00bb4.19.0&Prime; _module_preset=\u00a0\u00bbdefault\u00a0\u00bb global_colors_info=\u00a0\u00bb{}\u00a0\u00bb][\/et_pb_column][\/et_pb_row][\/et_pb_section][et_pb_section fb_built=\u00a0\u00bb1&Prime; _builder_version=\u00a0\u00bb4.19.0&Prime; _module_preset=\u00a0\u00bba0bf4bbc-ca13-4332-aaa3-530026babc6a\u00a0\u00bb global_colors_info=\u00a0\u00bb{}\u00a0\u00bb][et_pb_row column_structure=\u00a0\u00bb1_4,3_4&Prime; use_custom_gutter=\u00a0\u00bbon\u00a0\u00bb gutter_width=\u00a0\u00bb1&Prime; _builder_version=\u00a0\u00bb4.19.0&Prime; _module_preset=\u00a0\u00bb34ebdddb-ba4e-47a4-ad6e-f7a0f2f689bf\u00a0\u00bb custom_margin=\u00a0\u00bb|auto|-3px|auto||\u00a0\u00bb custom_padding=\u00a0\u00bb|75px|0px|75px|false|true\u00a0\u00bb global_colors_info=\u00a0\u00bb{}\u00a0\u00bb][et_pb_column type=\u00a0\u00bb1_4&Prime; _builder_version=\u00a0\u00bb4.19.0&Prime; _module_preset=\u00a0\u00bbdefault\u00a0\u00bb global_colors_info=\u00a0\u00bb{}\u00a0\u00bb][et_pb_code _builder_version=\u00a0\u00bb4.19.0&Prime; _module_preset=\u00a0\u00bbdefault\u00a0\u00bb transform_translate=\u00a0\u00bb0px|-114px\u00a0\u00bb transform_translate_linked=\u00a0\u00bboff\u00a0\u00bb text_orientation=\u00a0\u00bbcenter\u00a0\u00bb max_width=\u00a0\u00bb550px\u00a0\u00bb custom_css_main_element=\u00a0\u00bbmargin:auto;\u00a0\u00bb global_colors_info=\u00a0\u00bb{}\u00a0\u00bb]<svg xmlns=\"http:\/\/www.w3.org\/2000\/svg\" width=\"50%\" height=\"50%\" viewBox=\"0 0 418.423 396.28\"><!-- [et_pb_line_break_holder] -->  <rect id=\"Rectangle_184\" data-name=\"Rectangle 184\" width=\"337.193\" height=\"337.193\" rx=\"168.596\" transform=\"translate(0 59.087)\" fill=\"#eaa04c\"\/><!-- [et_pb_line_break_holder] -->  <g id=\"SVGRepo_iconCarrier\" transform=\"translate(24.925 -163.34)\"><!-- [et_pb_line_break_holder] -->    <path id=\"Trac\u00e9_43\" data-name=\"Trac\u00e9 43\" d=\"M172.786,599.666l23.265-110a7.853,7.853,0,0,0-15.367-3.25l-23.265,110a7.853,7.853,0,1,0,15.367,3.25ZM391.765,489.7l23.689,110.079a7.853,7.853,0,0,0,15.355-3.3L407.12,486.391a7.853,7.853,0,1,0-15.355,3.3Z\" transform=\"translate(-96.951 -195.042)\" fill=\"#003d4c\" stroke=\"#003d4c\" stroke-width=\"1\"\/><!-- [et_pb_line_break_holder] -->    <path id=\"Trac\u00e9_44\" data-name=\"Trac\u00e9 44\" d=\"M370.976,249.375,205.495,180.822c-4.068-1.687-11.722-1.7-15.8-.034L22.171,249.375,189.7,317.959c4.074,1.67,11.727,1.654,15.8-.033l165.478-68.552ZM211.508,332.438c-7.9,3.272-19.858,3.3-27.766.056L9.369,261.106c-12.5-5.123-12.5-18.347,0-23.463l174.37-71.39c7.915-3.239,19.87-3.214,27.765.06l172.11,71.3c12.449,5.154,12.449,18.373,0,23.527ZM322.2,396.31a247.4,247.4,0,0,1-250.067-.08,7.853,7.853,0,1,0-7.964,13.538,263.106,263.106,0,0,0,265.986.085A7.853,7.853,0,0,0,322.2,396.31Z\" transform=\"translate(0)\" fill=\"#003d4c\" stroke=\"#003d4c\" stroke-width=\"1\"\/><!-- [et_pb_line_break_holder] -->    <path id=\"Trac\u00e9_45\" data-name=\"Trac\u00e9 45\" d=\"M983.919,370.425V484.019a7.853,7.853,0,1,0,15.706,0V370.425a7.853,7.853,0,1,0-15.706,0Z\" transform=\"translate(-606.628 -122.526)\" fill=\"#003d4c\" stroke=\"#003d4c\" stroke-width=\"1\"\/><!-- [et_pb_line_break_holder] -->  <\/g><!-- [et_pb_line_break_holder] --><\/svg><!-- [et_pb_line_break_holder] -->[\/et_pb_code][\/et_pb_column][et_pb_column type=\u00a0\u00bb3_4&Prime; _builder_version=\u00a0\u00bb4.19.0&Prime; _module_preset=\u00a0\u00bbdefault\u00a0\u00bb global_colors_info=\u00a0\u00bb{}\u00a0\u00bb][et_pb_text _builder_version=\u00a0\u00bb4.19.0&Prime; _module_preset=\u00a0\u00bbdefault\u00a0\u00bb transform_scale_tablet=\u00a0\u00bb\u00a0\u00bb transform_scale_phone=\u00a0\u00bb\u00a0\u00bb transform_scale_last_edited=\u00a0\u00bbon|tablet\u00a0\u00bb transform_translate_tablet=\u00a0\u00bb0px|-75px\u00a0\u00bb transform_translate_phone=\u00a0\u00bb0px|-75px\u00a0\u00bb transform_translate_last_edited=\u00a0\u00bbon|phone\u00a0\u00bb transform_translate_linked_tablet=\u00a0\u00bboff\u00a0\u00bb transform_rotate_tablet=\u00a0\u00bb\u00a0\u00bb transform_rotate_phone=\u00a0\u00bb\u00a0\u00bb transform_rotate_last_edited=\u00a0\u00bbon|tablet\u00a0\u00bb transform_skew_tablet=\u00a0\u00bb\u00a0\u00bb transform_skew_phone=\u00a0\u00bb\u00a0\u00bb transform_skew_last_edited=\u00a0\u00bbon|tablet\u00a0\u00bb transform_origin_tablet=\u00a0\u00bb\u00a0\u00bb transform_origin_phone=\u00a0\u00bb\u00a0\u00bb transform_origin_last_edited=\u00a0\u00bbon|tablet\u00a0\u00bb transform_styles_last_edited=\u00a0\u00bbon|phone\u00a0\u00bb transform_styles_tablet=\u00a0\u00bb\u00a0\u00bb transform_styles_phone=\u00a0\u00bb\u00a0\u00bb global_colors_info=\u00a0\u00bb{}\u00a0\u00bb]<\/p>\n<p>Le Programme Audioproth\u00e8se forme les \u00e9tudiants \u00e0 devenir des professionnels de la sant\u00e9 ayant l\u2019exclusivit\u00e9 de la vente, de la pose, de l\u2019ajustement et du remplacement des proth\u00e8ses auditives, sur la foi d\u2019un certificat d\u2019un m\u00e9decin, d\u2019un orthophoniste ou d\u2019un audiologiste attestant la n\u00e9cessit\u00e9 d\u2019une telle proth\u00e8se. La pratique de la profession exige l\u2019int\u00e9gration des dimensions scientifique, technologique et clinique dans l\u2019\u00e9tablissement d\u2019une relation d\u2019aide avec la personne atteinte d\u2019une d\u00e9ficience auditive.<\/p>\n<p>Dans le r\u00e9seau coll\u00e9gial qu\u00e9b\u00e9cois, deux institutions offrent un programme de formation menant \u00e0 un DEC sp\u00e9cialis\u00e9 en audioproth\u00e8se\u00a0: le <a href=\"https:\/\/www.crosemont.qc.ca\/programme\/techniques-daudioprothese\/?utm_term=formation%20dans%20la%20sant%C3%A9&amp;utm_campaign=ct-portes-ouvertes-2022-search-non-brand&amp;utm_source=adwords&amp;utm_medium=ppc&amp;hsa_acc=6103959280&amp;hsa_cam=19809539758&amp;hsa_grp=148003458898&amp;hsa_ad=650981394229&amp;hsa_src=g&amp;hsa_tgt=kwd-308049670965&amp;hsa_kw=formation%20dans%20la%20sant%C3%A9&amp;hsa_mt=b&amp;hsa_net=adwords&amp;hsa_ver=3&amp;gclid=EAIaIQobChMIp7W20amf_gIVitbjBx01OQylEAAYASAAEgIs5PD_BwE\">Coll\u00e8ge de Rosemont<\/a> et le <a href=\"https:\/\/www.cegeplapocatiere.qc.ca\/fileadmin\/documents\/Fiches_programmes\/CEGEP_audioprothese_2022.pdf\">C\u00e9gep de La Pocati\u00e8re<\/a>. Programme de formation de premier niveau en Am\u00e9rique du Nord, la formation comprend des stages cliniques d\u2019audiom\u00e9trie et d\u2019appareillage auditif et est couronn\u00e9e par un stage d\u2019int\u00e9gration pratique en audioproth\u00e8se d\u2019une dur\u00e9e de 600\u00a0heures effectu\u00e9 dans diff\u00e9rents bureaux d\u2019audioproth\u00e9sistes \u00e0 travers le Qu\u00e9bec.<\/p>\n<p>En plus de la formation g\u00e9n\u00e9rale, la formation comprend quatre cours de physique, deux cours de biologie, deux cours de psychologie, un cours de pathologie de l\u2019oreille, un cours d\u2019administration, deux pr\u00e9stages cliniques et des cours de sp\u00e9cialisation en audioproth\u00e8se, dont un cours de pratique professionnelle, un cours de proth\u00e8se auditive, trois cours d\u2019audiom\u00e9trie et deux cours d\u2019audioproth\u00e8se. Le tout, dans un laboratoire poss\u00e9dant des \u00e9quipements \u00e0 la fine pointe de la technologie.<\/p>\n<p>[\/et_pb_text][\/et_pb_column][\/et_pb_row][\/et_pb_section]<\/p>\n","protected":false},"excerpt":{"rendered":"<p>Au Qu\u00e9bec, l\u2019exercice de l\u2019audioproth\u00e8se est un acte professionnel r\u00e9serv\u00e9 exclusivement aux audioproth\u00e9sistes qui d\u00e9tiennent un permis de l\u2019Ordre des audioproth\u00e9sistes du Qu\u00e9bec. Donne ouverture au droit de pratique l\u2019obtention d\u2019un dipl\u00f4me d\u2019\u00e9tudes coll\u00e9giales (DEC en audioproth\u00e8se) correspondant \u00e0 une formation de trois ans de sp\u00e9cialisation en audioproth\u00e8se ou toute formation reconnue \u00e9quivalente par l\u2019Ordre [&hellip;]<\/p>\n","protected":false},"author":1,"featured_media":5293,"parent":4755,"menu_order":1,"comment_status":"closed","ping_status":"closed","template":"","meta":{"_et_pb_use_builder":"on","_et_pb_old_content":"","_et_gb_content_width":"","footnotes":""},"class_list":["post-4822","page","type-page","status-publish","has-post-thumbnail","hentry"],"acf":[],"_links":{"self":[{"href":"https:\/\/audioprothesistes.org\/staging20260303\/wp-json\/wp\/v2\/pages\/4822","targetHints":{"allow":["GET"]}}],"collection":[{"href":"https:\/\/audioprothesistes.org\/staging20260303\/wp-json\/wp\/v2\/pages"}],"about":[{"href":"https:\/\/audioprothesistes.org\/staging20260303\/wp-json\/wp\/v2\/types\/page"}],"author":[{"embeddable":true,"href":"https:\/\/audioprothesistes.org\/staging20260303\/wp-json\/wp\/v2\/users\/1"}],"replies":[{"embeddable":true,"href":"https:\/\/audioprothesistes.org\/staging20260303\/wp-json\/wp\/v2\/comments?post=4822"}],"version-history":[{"count":8,"href":"https:\/\/audioprothesistes.org\/staging20260303\/wp-json\/wp\/v2\/pages\/4822\/revisions"}],"predecessor-version":[{"id":7087,"href":"https:\/\/audioprothesistes.org\/staging20260303\/wp-json\/wp\/v2\/pages\/4822\/revisions\/7087"}],"up":[{"embeddable":true,"href":"https:\/\/audioprothesistes.org\/staging20260303\/wp-json\/wp\/v2\/pages\/4755"}],"wp:featuredmedia":[{"embeddable":true,"href":"https:\/\/audioprothesistes.org\/staging20260303\/wp-json\/wp\/v2\/media\/5293"}],"wp:attachment":[{"href":"https:\/\/audioprothesistes.org\/staging20260303\/wp-json\/wp\/v2\/media?parent=4822"}],"curies":[{"name":"wp","href":"https:\/\/api.w.org\/{rel}","templated":true}]}}