{"id":4824,"date":"2023-03-31T15:13:39","date_gmt":"2023-03-31T15:13:39","guid":{"rendered":"https:\/\/dev2.eklore.ca\/oaq\/?page_id=4824"},"modified":"2026-03-11T12:24:09","modified_gmt":"2026-03-11T16:24:09","slug":"demande-permis","status":"publish","type":"page","link":"https:\/\/audioprothesistes.org\/staging20260303\/devenir-membre\/demande-permis\/","title":{"rendered":"Demande de permis"},"content":{"rendered":"<p>[et_pb_section fb_built=\u00a0\u00bb1&Prime; admin_label=\u00a0\u00bbQu\u00e9bec\u00a0\u00bb _builder_version=\u00a0\u00bb4.27.6&Prime; _module_preset=\u00a0\u00bb7d762f5a-aa88-4157-a829-8a939f27e3e9&Prime; global_colors_info=\u00a0\u00bb{}\u00a0\u00bb theme_builder_area=\u00a0\u00bbpost_content\u00a0\u00bb][et_pb_row column_structure=\u00a0\u00bb3_4,1_4&Prime; _builder_version=\u00a0\u00bb4.27.6&Prime; _module_preset=\u00a0\u00bb34ebdddb-ba4e-47a4-ad6e-f7a0f2f689bf\u00a0\u00bb custom_padding=\u00a0\u00bb42px|75px||75px|false|true\u00a0\u00bb global_colors_info=\u00a0\u00bb{}\u00a0\u00bb theme_builder_area=\u00a0\u00bbpost_content\u00a0\u00bb][et_pb_column type=\u00a0\u00bb3_4&Prime; _builder_version=\u00a0\u00bb4.19.0&Prime; _module_preset=\u00a0\u00bbdefault\u00a0\u00bb global_colors_info=\u00a0\u00bb{}\u00a0\u00bb theme_builder_area=\u00a0\u00bbpost_content\u00a0\u00bb][et_pb_text _builder_version=\u00a0\u00bb4.27.6&Prime; _module_preset=\u00a0\u00bbdefault\u00a0\u00bb global_colors_info=\u00a0\u00bb{}\u00a0\u00bb theme_builder_area=\u00a0\u00bbpost_content\u00a0\u00bb]<\/p>\n<h2>Candidats qu\u00e9becois<\/h2>\n<p>En vertu de l\u2019article 40 du\u00a0<em>Code des professions<\/em>,\u00a0<em>le conseil d\u2019administration d\u2019un ordre d\u00e9livre un permis ou un certificat de sp\u00e9cialiste \u00e0 toute personne qui satisfait aux conditions prescrites par le pr\u00e9sent code, la loi constituant cet ordre et les r\u00e8glements adopt\u00e9s conform\u00e9ment au pr\u00e9sent code ou \u00e0 ladite loi.<\/em><\/p>\n<p><strong>La profession d\u2019audioproth\u00e9siste est conf\u00e9r\u00e9e par la <a href=\"https:\/\/www.legisquebec.gouv.qc.ca\/fr\/document\/lc\/a-33\" target=\"_blank\" rel=\"noopener\"><em>Loi sur les audioproth\u00e9sistes du Qu\u00e9bec <\/em><\/a>et encadr\u00e9e par plusieurs r\u00e8glements.<\/strong><\/p>\n<p>Pour exercer leur profession, les audioproth\u00e9sistes du Qu\u00e9bec doivent avoir obtenu un Dipl\u00f4me d\u2019\u00e9tudes coll\u00e9giales (DEC) en audioproth\u00e8se (voir onglet <a href=\"https:\/\/audioprothesistes.org\/staging20260303\/devenir-membre\/formation-de-laudioprothesiste\/\" target=\"_blank\" rel=\"noopener\">Formation de l\u2019audioproth\u00e9siste<\/a>) du minist\u00e8re de l\u2019\u00c9ducation, du Loisir et du Sport (MELS).<\/p>\n<p><strong>Inscription au registre des \u00e9tudiants<\/strong><br \/>Tous les \u00e9tudiants doivent <strong>pr\u00e9alablement s\u2019inscrire au registre des \u00e9tudiants<\/strong> en suivant le lien suivant : <strong><a href=\"https:\/\/octave.ordreaudio.qc.ca\/holo\/zk\/tm\/demande\/inscription\/inscriptionDemande?processus=ADM_ETU\" target=\"_blank\" rel=\"noopener\">Formulaire d&rsquo;inscription au registre \u00e9tudiant<\/a><\/strong>. Cette inscription est <strong>obligatoire<\/strong> pour pouvoir poursuivre le processus d\u2019admission \u00e0 l\u2019Ordre.<\/p>\n<p>\u00c0 la fin de leur programme d\u2019\u00e9tudes, les \u00e9tudiants recevront une invitation \u00e0 s\u2019inscrire au Tableau de l\u2019Ordre. Ils devront ainsi acquitter la <a href=\"https:\/\/audioprothesistes.org\/staging20260303\/membres-et-etudiants\/cotisation\/\" target=\"_blank\" rel=\"noopener\">cotisation annuelle<\/a> en vigueur au moment de la demande ainsi que les frais li\u00e9s au financement de l\u2019Office des professions du Qu\u00e9bec (OPQ) et \u00e0 l\u2019assurance responsabilit\u00e9 professionnelle.<\/p>\n<p>[\/et_pb_text][et_pb_blurb use_icon=\u00a0\u00bbon\u00a0\u00bb font_icon=\u00a0\u00bb&#x72;||divi||400&Prime; icon_color=\u00a0\u00bb#EAA04C\u00a0\u00bb icon_placement=\u00a0\u00bbleft\u00a0\u00bb _builder_version=\u00a0\u00bb4.19.0&Prime; _module_preset=\u00a0\u00bbdefault\u00a0\u00bb custom_padding=\u00a0\u00bb20px||20px||true|false\u00a0\u00bb global_colors_info=\u00a0\u00bb{}\u00a0\u00bb theme_builder_area=\u00a0\u00bbpost_content\u00a0\u00bb]<\/p>\n<p>\u00c0 noter que les obligations reli\u00e9es \u00e0 l\u2019inscription au tableau de l\u2019Ordre doivent \u00eatre d\u00fbment compl\u00e9t\u00e9es chaque ann\u00e9e pour pouvoir conserver son droit de pratique.<\/p>\n<p>[\/et_pb_blurb][et_pb_text _builder_version=\u00a0\u00bb4.27.4&Prime; _module_preset=\u00a0\u00bbdefault\u00a0\u00bb global_colors_info=\u00a0\u00bb{}\u00a0\u00bb theme_builder_area=\u00a0\u00bbpost_content\u00a0\u00bb]<\/p>\n<p>C\u2019autres conditions s\u2019appliquent pour maintenir le droit de pratique, notamment celle reli\u00e9e \u00e0 la formation continue des membres. Pour maintenir leur droit de pratique, les audioproth\u00e9sistes doivent se conformer au <em><a href=\"https:\/\/www.legisquebec.gouv.qc.ca\/fr\/document\/rc\/a-33,%20r.%207\" target=\"_blank\" rel=\"noopener\">R\u00e8glement sur la formation continue des membres de l\u2019Ordre des audioproth\u00e9sistes du Qu\u00e9bec<\/a><\/em> qui stipule qu\u2019ils doivent accumuler au moins 30 unit\u00e9s de formation continue (UFC) par p\u00e9riode de r\u00e9f\u00e9rence.<\/p>\n<p>&nbsp;<\/p>\n<p>Vous pouvez porter plainte en cas d\u2019insatisfaction ou de difficult\u00e9 dans vos d\u00e9marches en vue d\u2019obtenir un permis ou de devenir membre de l\u2019Ordre. Un recours gratuit par une entit\u00e9 gouvernementale ind\u00e9pendante s\u2019offre \u00e0 vous : le Commissaire \u00e0 l\u2019admission aux professions.\u00a0Le Commissaire re\u00e7oit et examine toute plainte concernant l\u2019admission \u00e0 la profession :<\/p>\n<ul>\n<li>pour tout processus ou \u00e9tape de l\u2019admission ;<\/li>\n<li>contre toute personne ou organisation impliqu\u00e9e (l\u2019Ordre ou une tierce partie).<\/li>\n<\/ul>\n<p>Pour plus d\u2019information, consultez le lien suivant : <a href=\"https:\/\/www.quebec.ca\/gouvernement\/ministeres-organismes\/office-professions\/coordonnees-structure\/organismes-lies\/commissaire-admission-professions\" target=\"_blank\" rel=\"noopener\">Commissaire \u00e0 l&rsquo;admission aux professions | Gouvernement du Qu\u00e9bec<\/a><\/p>\n<p>[\/et_pb_text][\/et_pb_column][et_pb_column type=\u00a0\u00bb1_4&Prime; _builder_version=\u00a0\u00bb4.27.6&Prime; _module_preset=\u00a0\u00bbdefault\u00a0\u00bb global_colors_info=\u00a0\u00bb{}\u00a0\u00bb theme_builder_area=\u00a0\u00bbpost_content\u00a0\u00bb][\/et_pb_column][\/et_pb_row][\/et_pb_section][et_pb_section fb_built=\u00a0\u00bb1&Prime; admin_label=\u00a0\u00bbCanada\u00a0\u00bb _builder_version=\u00a0\u00bb4.27.6&Prime; _module_preset=\u00a0\u00bba0bf4bbc-ca13-4332-aaa3-530026babc6a\u00a0\u00bb custom_margin=\u00a0\u00bb||||false|false\u00a0\u00bb global_colors_info=\u00a0\u00bb{}\u00a0\u00bb theme_builder_area=\u00a0\u00bbpost_content\u00a0\u00bb][et_pb_row _builder_version=\u00a0\u00bb4.19.0&Prime; _module_preset=\u00a0\u00bb34ebdddb-ba4e-47a4-ad6e-f7a0f2f689bf\u00a0\u00bb custom_padding=\u00a0\u00bb|77px||77px|false|true\u00a0\u00bb global_colors_info=\u00a0\u00bb{}\u00a0\u00bb theme_builder_area=\u00a0\u00bbpost_content\u00a0\u00bb][et_pb_column type=\u00a0\u00bb4_4&Prime; _builder_version=\u00a0\u00bb4.19.0&Prime; _module_preset=\u00a0\u00bbdefault\u00a0\u00bb global_colors_info=\u00a0\u00bb{}\u00a0\u00bb theme_builder_area=\u00a0\u00bbpost_content\u00a0\u00bb][et_pb_heading title=\u00a0\u00bbCandidats canadiens (hors Qu\u00e9bec)\u00a0\u00bb _builder_version=\u00a0\u00bb4.27.6&Prime; _module_preset=\u00a0\u00bbdefault\u00a0\u00bb title_level=\u00a0\u00bbh2&Prime; global_colors_info=\u00a0\u00bb{}\u00a0\u00bb theme_builder_area=\u00a0\u00bbpost_content\u00a0\u00bb][\/et_pb_heading][\/et_pb_column][\/et_pb_row][et_pb_row use_custom_gutter=\u00a0\u00bbon\u00a0\u00bb gutter_width=\u00a0\u00bb2&Prime; _builder_version=\u00a0\u00bb4.27.4&Prime; _module_preset=\u00a0\u00bb34ebdddb-ba4e-47a4-ad6e-f7a0f2f689bf\u00a0\u00bb custom_padding=\u00a0\u00bb|77px||77px|false|true\u00a0\u00bb global_colors_info=\u00a0\u00bb{}\u00a0\u00bb theme_builder_area=\u00a0\u00bbpost_content\u00a0\u00bb][et_pb_column type=\u00a0\u00bb4_4&Prime; _builder_version=\u00a0\u00bb4.19.0&Prime; _module_preset=\u00a0\u00bbdefault\u00a0\u00bb global_colors_info=\u00a0\u00bb{}\u00a0\u00bb theme_builder_area=\u00a0\u00bbpost_content\u00a0\u00bb][et_pb_toggle title=\u00a0\u00bbCandidat d\u00e9tenteur d&rsquo;un permis de vendeur de proth\u00e8ses auditives de la Nouvelle-\u00c9cosse\u00a0\u00bb _builder_version=\u00a0\u00bb4.27.4&Prime; _module_preset=\u00a0\u00bbdefault\u00a0\u00bb custom_margin=\u00a0\u00bb10px||0px||false|false\u00a0\u00bb global_colors_info=\u00a0\u00bb{}\u00a0\u00bb theme_builder_area=\u00a0\u00bbpost_content\u00a0\u00bb]<\/p>\n<p>Conform\u00e9ment au <a href=\"https:\/\/www.cfta-alec.ca\/fr\/section\/chapitre-sept-mobilite-de-la-main-doeuvre\" target=\"_blank\" rel=\"noopener\">chapitre 7 de l\u2019Accord de libre-\u00e9change canadien (ALEC<\/a>), les personnes titulaires d\u2019un permis valide de vendeur de proth\u00e8ses auditives d\u00e9livr\u00e9 par le gouvernement de la Nouvelle-\u00c9cosse pourront se voir d\u00e9livrer le permis d&rsquo;exercice d&rsquo;audioproth\u00e9sistes par l&rsquo;Ordre des audioproth\u00e9sistes du Qu\u00e9bec.<\/p>\n<p>Le candidat doit remplir le formulaire de demande de d\u00e9livrance de permis de l\u2019Ordre en suivant le lien suivant : <a href=\"https:\/\/octave.ordreaudio.qc.ca\/holo\/zk\/tm\/demande\/inscription\/inscriptionDemande?processus=ADM_MEM\" target=\"_blank\" rel=\"noopener\">Formulaire de demande d\u2019admission<\/a> et y joindre tous les documents requis. Dans la section admissibilit\u00e9 du formulaire, vous devrez s\u00e9lectionner la cat\u00e9gorie <strong>\u00abCandidat d\u00e9tenteur d&rsquo;un permis de vendeur de proth\u00e8ses auditive de la Nouvelle-\u00c9cosse\u00bb<\/strong>.<\/p>\n<p>Le candidat qui r\u00e9pond aux exigences de l\u2019entente devra r\u00e9ussir le contr\u00f4le sur la connaissance de la d\u00e9ontologie et des lois qu\u00e9b\u00e9coises encadrant l\u2019exercice de la profession d\u2019audioproth\u00e9siste au Qu\u00e9bec.<\/p>\n<p>Le candidat devra acquitter la <a href=\"https:\/\/audioprothesistes.org\/staging20260303\/membres-et-etudiants\/cotisation\/\" target=\"_blank\" rel=\"noopener\">cotisation annuelle<\/a> en vigueur au moment de la demande ainsi que les frais li\u00e9s au financement de l\u2019Office des professions du Qu\u00e9bec (OPQ) et \u00e0 l\u2019assurance responsabilit\u00e9 professionnelle.<\/p>\n<p>[\/et_pb_toggle][et_pb_text _builder_version=\u00a0\u00bb4.19.0&Prime; _module_preset=\u00a0\u00bb0f62ec1c-9bba-4db9-adc3-c1cfefbb0487&Prime; width=\u00a0\u00bb95%\u00a0\u00bb custom_padding=\u00a0\u00bb0px|25px|15px|25px|false|true\u00a0\u00bb global_colors_info=\u00a0\u00bb{}\u00a0\u00bb theme_builder_area=\u00a0\u00bbpost_content\u00a0\u00bb]<\/p>\n<p>Province vis\u00e9e : Nouvelle-\u00c9cosse<\/p>\n<p>[\/et_pb_text][et_pb_toggle title=\u00a0\u00bbCandidat d\u00e9tenteur d&rsquo;une autorisation l\u00e9gale d\u2019exercer la profession provenant d&rsquo;une autre province canadienne\u00a0\u00bb _builder_version=\u00a0\u00bb4.27.4&Prime; _module_preset=\u00a0\u00bbdefault\u00a0\u00bb custom_margin=\u00a0\u00bb0px||0px||false|false\u00a0\u00bb global_colors_info=\u00a0\u00bb{}\u00a0\u00bb theme_builder_area=\u00a0\u00bbpost_content\u00a0\u00bb]<\/p>\n<p>Le <a href=\"https:\/\/www.legisquebec.gouv.qc.ca\/fr\/document\/rc\/A-33,%20r.%202.1\" target=\"_blank\" rel=\"noopener\"><em>R\u00e8glement sur les autorisations l\u00e9gales d\u2019exercer la profession d\u2019audioproth\u00e9siste hors du Qu\u00e9bec qui donnent ouverture au permis de l\u2019Ordre des audioproth\u00e9sistes du Qu\u00e9bec<\/em><\/a> permet aux audioproth\u00e9sistes des provinces suivantes <strong>\u2014 Alberta, Colombie-Britannique, Manitoba, Terre-Neuve-et-Labrador et Saskatchewan \u2014<\/strong> de devenir membres de l\u2019Ordre des audioproth\u00e9sistes du Qu\u00e9bec.<\/p>\n<p>Pour obtenir un permis de l\u2019Ordre, le candidat titulaire d\u2019une autorisation l\u00e9gale vis\u00e9e \u00e0 l\u2019article 1 candidat doit remplir le formulaire de demande d\u2019admission en suivant le lien suivant : <a href=\"https:\/\/octave.ordreaudio.qc.ca\/holo\/zk\/tm\/demande\/inscription\/inscriptionDemande?processus=ADM_MEM\" target=\"_blank\" rel=\"noopener\">Formulaire de demande d\u2019admission<\/a> et fournir tous les documents requis, incluant une preuve qu\u2019il d\u00e9tient cette autorisation. Dans la section admissibilit\u00e9 du formulaire, veillez \u00e0 choisir la cat\u00e9gorie <strong>\u00ab Candidat d\u00e9tenteur d&rsquo;un permis d&rsquo;exercice d&rsquo;une autre province canadienne \u00bb<\/strong>.<\/p>\n<p>Une fois le dossier compl\u00e9t\u00e9, le candidat devra r\u00e9ussir un contr\u00f4le sur la connaissance de la d\u00e9ontologie et des lois qu\u00e9b\u00e9coises encadrant l\u2019exercice de la profession d\u2019audioproth\u00e9siste au Qu\u00e9bec.<\/p>\n<p>Enfin, le candidat devra acquitter la <a href=\"https:\/\/audioprothesistes.org\/staging20260303\/membres-et-etudiants\/cotisation\/\" target=\"_blank\" rel=\"noopener\">cotisation annuelle<\/a> en vigueur au moment de la demande ainsi que les frais li\u00e9s au financement de l\u2019Office des professions du Qu\u00e9bec (OPQ) et \u00e0 l\u2019assurance responsabilit\u00e9 professionnelle.<\/p>\n<p>[\/et_pb_toggle][et_pb_text _builder_version=\u00a0\u00bb4.22.1&Prime; _module_preset=\u00a0\u00bb0f62ec1c-9bba-4db9-adc3-c1cfefbb0487&Prime; width=\u00a0\u00bb95%\u00a0\u00bb custom_padding=\u00a0\u00bb0px|25px|15px|25px|false|true\u00a0\u00bb global_colors_info=\u00a0\u00bb{}\u00a0\u00bb theme_builder_area=\u00a0\u00bbpost_content\u00a0\u00bb]<\/p>\n<p>Provinces vis\u00e9es : Alberta, Colombie-Britannique, Manitoba, Terre-Neuve\/Labrador, Saskatchewan<\/p>\n<p>[\/et_pb_text][et_pb_toggle title=\u00a0\u00bbCandidat dipl\u00f4m\u00e9 dipl\u00f4m\u00e9s hors-Qu\u00e9bec sans autorisation l\u00e9gale d\u2019exercer\u00a0\u00bb _builder_version=\u00a0\u00bb4.27.4&Prime; _module_preset=\u00a0\u00bbdefault\u00a0\u00bb custom_margin=\u00a0\u00bb0px||0px||false|false\u00a0\u00bb global_colors_info=\u00a0\u00bb{}\u00a0\u00bb theme_builder_area=\u00a0\u00bbpost_content\u00a0\u00bb]<\/p>\n<p>Les audioproth\u00e9sistes dipl\u00f4m\u00e9s hors-Qu\u00e9bec, qui ne d\u00e9tiennent pas d\u2019autorisation l\u00e9gale d\u2019exercer la profession (provinces vis\u00e9es : <strong>\u00cele-du-Prince-\u00c9douard, Nouveau-Brunswick, Ontario<\/strong>), peuvent devenir membres de l\u2019Ordre des audioproth\u00e9sistes du Qu\u00e9bec en obtenant une \u00e9quivalence de dipl\u00f4me ou de formation.<\/p>\n<p>Les demandes sont \u00e9valu\u00e9es conform\u00e9ment au <a href=\"https:\/\/www.legisquebec.gouv.qc.ca\/fr\/document\/rc\/A-33,%20r.%209\" target=\"_blank\" rel=\"noopener\"><em>R\u00e8glement sur les normes d\u2019\u00e9quivalence de dipl\u00f4me et de la formation aux fins de la d\u00e9livrance d\u2019un permis de l\u2019Ordre<\/em><\/a>.<\/p>\n<p>Pour d\u00e9poser une demande, le candidat doit remplir le formulaire de demande d\u2019admission en suivant le lien suivant : <a href=\"https:\/\/octave.ordreaudio.qc.ca\/holo\/zk\/tm\/demande\/inscription\/inscriptionDemande?processus=ADM_MEM\" target=\"_blank\" rel=\"noopener\">Formulaire de demande d\u2019admission<\/a> et fournir tous les documents requis. Dans la section admissibilit\u00e9, vous devrez s\u00e9lectionner <strong>\u00ab Candidat dipl\u00f4m\u00e9s d\u2019une autre province canadienne \u00bb<\/strong>.<\/p>\n<p>Le dossier est ensuite analys\u00e9 par le comit\u00e9 d\u2019\u00e9quivalence, form\u00e9 par le conseil d\u2019administration. Le comit\u00e9 informe le candidat de sa d\u00e9cision dans les 30 jours de la date o\u00f9 elle a \u00e9t\u00e9 rendue.<\/p>\n<p>En cas de refus ou de reconnaissance partielle de l\u2019\u00e9quivalence, le comit\u00e9 informe le candidat des \u00e9tudes, formations compl\u00e9mentaires, stages ou examens \u00e0 r\u00e9ussir dans un d\u00e9lai fix\u00e9 pour obtenir l\u2019\u00e9quivalence.<\/p>\n<p><strong>Date limite de d\u00e9p\u00f4t :<\/strong> Les dossiers complets doivent \u00eatre soumis au plus tard \u00e0 23 h 59 le jour de la date limite. Les demandes re\u00e7ues apr\u00e8s cette heure seront trait\u00e9es \u00e0 partir de la prochaine date limite.<\/p>\n<table style=\"border-collapse: collapse; width: 100%;\" border=\"1\">\n<tbody>\n<tr>\n<th colspan=\"2\">Calendrier 2026<\/th>\n<\/tr>\n<tr>\n<td style=\"width: 50%;\">Date limite de soumission (avant minuit)<\/td>\n<td style=\"width: 50%;\">Date de r\u00e9union<\/td>\n<\/tr>\n<tr>\n<td style=\"width: 50%;\">Vendredi 27 f\u00e9vrier 2026<\/td>\n<td style=\"width: 50%;\">Vendredi 20 mars 2026<\/td>\n<\/tr>\n<tr>\n<td style=\"width: 50%;\">Vendredi 10 mai 2026<\/td>\n<td style=\"width: 50%;\">Vendredi 1er mai 2026<\/td>\n<\/tr>\n<tr>\n<td style=\"width: 50%;\">Vendredi 21 ao\u00fbt 2026<\/td>\n<td style=\"width: 50%;\">Vendredi 11 septembre 2026<\/td>\n<\/tr>\n<tr>\n<td style=\"width: 50%;\">Vendredi 20 novembre 2026<\/td>\n<td style=\"width: 50%;\">Vendredi 11 d\u00e9cembre 2026<\/td>\n<\/tr>\n<\/tbody>\n<\/table>\n<p><strong>Frais exig\u00e9s :<\/strong><\/p>\n<ul>\n<li>Ouverture et analyse du dossier : 850 $ CAD + taxes + frais de virement (si applicable)<\/li>\n<li>Autre frais \u00e0 pr\u00e9voir lors de l&rsquo;acceptation : <a href=\"https:\/\/audioprothesistes.org\/staging20260303\/membres-et-etudiants\/cotisation\/\" target=\"_blank\" rel=\"noopener\">cotisation annuelle<\/a> en vigueur incluant les frais li\u00e9s au financement de l\u2019Office des professions du Qu\u00e9bec (OPQ) et \u00e0 l\u2019assurance responsabilit\u00e9 professionnelle pour l\u2019inscription au Tableau de l\u2019Ordre<\/li>\n<\/ul>\n<p>&nbsp;<\/p>\n<p>[\/et_pb_toggle][et_pb_text _builder_version=\u00a0\u00bb4.27.4&Prime; _module_preset=\u00a0\u00bb0f62ec1c-9bba-4db9-adc3-c1cfefbb0487&Prime; width=\u00a0\u00bb95%\u00a0\u00bb custom_padding=\u00a0\u00bb0px|25px|15px|25px|false|true\u00a0\u00bb global_colors_info=\u00a0\u00bb{}\u00a0\u00bb theme_builder_area=\u00a0\u00bbpost_content\u00a0\u00bb]<\/p>\n<p>Provinces vis\u00e9es : \u00cele-du-Prince-\u00c9douard, Nouveau-Brunswick, Ontario<\/p>\n<p>[\/et_pb_text][et_pb_text _builder_version=\u00a0\u00bb4.24.2&Prime; _module_preset=\u00a0\u00bbdefault\u00a0\u00bb custom_padding=\u00a0\u00bb7px||0px|5px||\u00a0\u00bb global_colors_info=\u00a0\u00bb{}\u00a0\u00bb theme_builder_area=\u00a0\u00bbpost_content\u00a0\u00bb]<\/p>\n<p><strong>Demande de r\u00e9vision :<\/strong><\/p>\n<p>Le candidat peut faire une <a href=\"https:\/\/audioprothesistes.org\/staging20260303\/wp-content\/uploads\/2023\/11\/Demande-de-revision-Equivalence.pdf\" target=\"_blank\" rel=\"noopener\">demande de r\u00e9vision de la d\u00e9cision du comit\u00e9<\/a>.<\/p>\n<p>\u00a0Vous pouvez porter plainte en cas d\u2019insatisfaction ou de difficult\u00e9 dans vos d\u00e9marches en vue d\u2019obtenir un permis ou de devenir membre de l\u2019Ordre. Un recours gratuit par une entit\u00e9 gouvernementale ind\u00e9pendante s\u2019offre \u00e0 vous : le Commissaire \u00e0 l\u2019admission aux professions.\u00a0Le Commissaire re\u00e7oit et examine toute plainte concernant l\u2019admission \u00e0 la profession :<\/p>\n<ul>\n<li>pour tout processus ou \u00e9tape de l\u2019admission ;<\/li>\n<li>contre toute personne ou organisation impliqu\u00e9e (l\u2019Ordre ou une tierce partie).<\/li>\n<\/ul>\n<p>Pour plus d\u2019information, consultez le lien suivant : <a href=\"https:\/\/www.quebec.ca\/gouvernement\/ministeres-organismes\/office-professions\/coordonnees-structure\/organismes-lies\/commissaire-admission-professions\" target=\"_blank\" rel=\"noopener\">Commissaire \u00e0 l&rsquo;admission aux professions | Gouvernement du Qu\u00e9bec<\/a><\/p>\n<p>[\/et_pb_text][\/et_pb_column][\/et_pb_row][\/et_pb_section][et_pb_section fb_built=\u00a0\u00bb1&Prime; admin_label=\u00a0\u00bbInternational\u00a0\u00bb _builder_version=\u00a0\u00bb4.27.6&Prime; _module_preset=\u00a0\u00bb16c5a818-5baf-4574-950a-8e6f1edee6d0&Prime; global_colors_info=\u00a0\u00bb{}\u00a0\u00bb theme_builder_area=\u00a0\u00bbpost_content\u00a0\u00bb][et_pb_row _builder_version=\u00a0\u00bb4.27.6&Prime; _module_preset=\u00a0\u00bb34ebdddb-ba4e-47a4-ad6e-f7a0f2f689bf\u00a0\u00bb custom_padding=\u00a0\u00bb45px|77px||77px|false|true\u00a0\u00bb global_colors_info=\u00a0\u00bb{}\u00a0\u00bb theme_builder_area=\u00a0\u00bbpost_content\u00a0\u00bb][et_pb_column type=\u00a0\u00bb4_4&Prime; _builder_version=\u00a0\u00bb4.19.0&Prime; _module_preset=\u00a0\u00bbdefault\u00a0\u00bb global_colors_info=\u00a0\u00bb{}\u00a0\u00bb theme_builder_area=\u00a0\u00bbpost_content\u00a0\u00bb][et_pb_heading title=\u00a0\u00bbCandidats internationaux\u00a0\u00bb _builder_version=\u00a0\u00bb4.27.6&Prime; _module_preset=\u00a0\u00bbdefault\u00a0\u00bb title_level=\u00a0\u00bbh2&Prime; global_colors_info=\u00a0\u00bb{}\u00a0\u00bb theme_builder_area=\u00a0\u00bbpost_content\u00a0\u00bb][\/et_pb_heading][\/et_pb_column][\/et_pb_row][et_pb_row column_structure=\u00a0\u00bb1_3,2_3&Prime; _builder_version=\u00a0\u00bb4.27.6&Prime; _module_preset=\u00a0\u00bb34ebdddb-ba4e-47a4-ad6e-f7a0f2f689bf\u00a0\u00bb custom_padding=\u00a0\u00bb0px|||0px||\u00a0\u00bb global_colors_info=\u00a0\u00bb{}\u00a0\u00bb theme_builder_area=\u00a0\u00bbpost_content\u00a0\u00bb][et_pb_column type=\u00a0\u00bb1_3&Prime; _builder_version=\u00a0\u00bb4.27.4&Prime; _module_preset=\u00a0\u00bbdefault\u00a0\u00bb global_colors_info=\u00a0\u00bb{}\u00a0\u00bb theme_builder_area=\u00a0\u00bbpost_content\u00a0\u00bb][\/et_pb_column][et_pb_column type=\u00a0\u00bb2_3&Prime; _builder_version=\u00a0\u00bb4.27.4&Prime; _module_preset=\u00a0\u00bbdefault\u00a0\u00bb global_colors_info=\u00a0\u00bb{}\u00a0\u00bb theme_builder_area=\u00a0\u00bbpost_content\u00a0\u00bb][et_pb_toggle title=\u00a0\u00bbArrangement de reconnaissance mutuelle (ARM) \u2014 Candidat de la France\u00a0\u00bb _builder_version=\u00a0\u00bb4.27.4&Prime; _module_preset=\u00a0\u00bbdefault\u00a0\u00bb global_colors_info=\u00a0\u00bb{}\u00a0\u00bb theme_builder_area=\u00a0\u00bbpost_content\u00a0\u00bb]<\/p>\n<p>En vertu de l\u2019<a href=\"https:\/\/www.legisquebec.gouv.qc.ca\/fr\/document\/rc\/a-33,%20r.%205.1\" target=\"_blank\" rel=\"noopener\"><em>Entente entre le Qu\u00e9bec et la France sur la reconnaissance mutuelle<\/em><\/a> des qualifications professionnelles, les candidats admissibles \u00e0 l\u2019ARM peuvent obtenir un permis de l\u2019Ordre des audioproth\u00e9sistes du Qu\u00e9bec.<\/p>\n<p>Vous \u00eates admissible \u00e0 l&rsquo;ARM seulement si vous d\u00e9tenez un dipl\u00f4me d&rsquo;\u00e9tat d&rsquo;audioproth\u00e9siste \u00e9mis par l&rsquo;une des universit\u00e9s cit\u00e9es dans le <em><a href=\"https:\/\/www.legisquebec.gouv.qc.ca\/fr\/document\/rc\/a-33,%20r.%205.1\" target=\"_blank\" rel=\"noopener\">R\u00e8glement sur la d\u00e9livrance d\u2019un permis de l\u2019Ordre des audioproth\u00e9sistes du Qu\u00e9bec pour donner effet \u00e0 l\u2019arrangement conclu par l\u2019Ordre en vertu de l\u2019Entente entre le Qu\u00e9bec et la France en mati\u00e8re de reconnaissance mutuelle des qualifications professionnelles<\/a><\/em>. Le cas \u00e9ch\u00e9ant, vous devez remplir une demande comme candidat international non admissible \u00e0 l&rsquo;ARM (voir la section ci-dessous).<\/p>\n<p>Pour d\u00e9poser une demande, le candidat doit remplir le formulaire de demande d\u2019admission en suivant le lien suivant : <a href=\"https:\/\/octave.ordreaudio.qc.ca\/holo\/zk\/tm\/demande\/inscription\/inscriptionDemande?processus=ADM_MEM\" target=\"_blank\" rel=\"noopener\">Formulaire de demande d\u2019admission<\/a> et fournir tous les documents requis. Dans la section admissibilit\u00e9, vous devrez s\u00e9lectionner \u00ab<strong>Candidat international admissible ARM<\/strong>\u00bb.<\/p>\n<p>L\u2019Ordre accuse r\u00e9ception de la demande dans un d\u00e9lai de 30 jours et informe le candidat en cas de documents manquants. Une fois le dossier compl\u00e9t\u00e9, le candidat devra r\u00e9ussir un contr\u00f4le sur la connaissance de la d\u00e9ontologie et des lois qu\u00e9b\u00e9coises encadrant l\u2019exercice de la profession d\u2019audioproth\u00e9siste au Qu\u00e9bec. Le conseil d\u2019administration \u00e9value si le candidat a satisfait \u00e0 la mesure de compensation pr\u00e9vue, dans les 60 jours suivant le contr\u00f4le et la d\u00e9cision est communiqu\u00e9e par courriel, dans les 30 jours suivant son adoption.<\/p>\n<p><strong>Frais exig\u00e9s :<\/strong><\/p>\n<ul>\n<li>Ouverture et analyse du dossier : 850 $ CAD + taxes + frais de virement (si applicable)<\/li>\n<li>Autre frais \u00e0 pr\u00e9voir lors de l&rsquo;acceptation : <a href=\"https:\/\/audioprothesistes.org\/staging20260303\/membres-et-etudiants\/cotisation\/\" target=\"_blank\" rel=\"noopener\">cotisation annuelle<\/a> en vigueur incluant les frais li\u00e9s au financement de l\u2019Office des professions du Qu\u00e9bec (OPQ) et \u00e0 l\u2019assurance responsabilit\u00e9 professionnelle pour l\u2019inscription au Tableau de l\u2019Ordre<\/li>\n<\/ul>\n<p>[\/et_pb_toggle][et_pb_toggle title=\u00a0\u00bbCandidat international non admissible \u00e0 l\u2019ARM\u00a0\u00bb _builder_version=\u00a0\u00bb4.27.6&Prime; _module_preset=\u00a0\u00bbdefault\u00a0\u00bb hover_enabled=\u00a0\u00bb0&Prime; global_colors_info=\u00a0\u00bb{}\u00a0\u00bb theme_builder_area=\u00a0\u00bbpost_content\u00a0\u00bb sticky_enabled=\u00a0\u00bb0&Prime;]<\/p>\n<p>Les audioproth\u00e9sistes dipl\u00f4m\u00e9s hors Canada et qui ne sont pas admissibles \u00e0 l\u2019ARM France-Qu\u00e9bec (donc <strong>qui n&rsquo;ont pas de dipl\u00f4me d&rsquo;\u00e9tat d&rsquo;audioproth\u00e9siste \u00e9mis par l&rsquo;une des universit\u00e9s cit\u00e9es dans l&rsquo;<em><a href=\"https:\/\/www.legisquebec.gouv.qc.ca\/fr\/document\/rc\/a-33,%20r.%205.1\" target=\"_blank\" rel=\"noopener\">Entente entre le Qu\u00e9bec et la France sur la reconnaissance mutuelle<\/a><\/em>)<\/strong> peuvent devenir membres de l\u2019Ordre des audioproth\u00e9sistes du Qu\u00e9bec en obtenant une \u00e9quivalence de dipl\u00f4me ou de formation.<\/p>\n<p>Les demandes sont \u00e9valu\u00e9es conform\u00e9ment au <a href=\"https:\/\/www.legisquebec.gouv.qc.ca\/fr\/document\/rc\/A-33,%20r.%209\" target=\"_blank\" rel=\"noopener\"><em>R\u00e8glement sur les normes d\u2019\u00e9quivalence de dipl\u00f4me et de la formation aux fins de la d\u00e9livrance d\u2019un permis de l\u2019Ordre<\/em><\/a>.<\/p>\n<p>Pour d\u00e9poser une demande, le candidat doit remplir le formulaire de demande d\u2019admission en suivant le lien suivant : <a href=\"https:\/\/octave.ordreaudio.qc.ca\/holo\/zk\/tm\/demande\/inscription\/inscriptionDemande?processus=ADM_MEM\" target=\"_blank\" rel=\"noopener\">Formulaire de demande d\u2019admission<\/a> et fournir tous les documents requis. Dans la section admissibilit\u00e9, vous devrez s\u00e9lectionner \u00ab <strong>Candidat international non admissible ARM<\/strong> \u00bb.<\/p>\n<p>Le dossier sera ensuite analys\u00e9 par le comit\u00e9 d\u2019\u00e9quivalence, form\u00e9 par le conseil d\u2019administration. Le comit\u00e9 informe le candidat de sa d\u00e9cision dans les 30 jours de la date o\u00f9 elle a \u00e9t\u00e9 rendue.<br \/>En cas de refus ou de reconnaissance partielle de l\u2019\u00e9quivalence, le comit\u00e9 informe le candidat des \u00e9tudes, formations compl\u00e9mentaires, stages ou examens \u00e0 r\u00e9ussir dans un d\u00e9lai fix\u00e9 pour obtenir l\u2019\u00e9quivalence.<\/p>\n<p><strong>Date limite de d\u00e9p\u00f4t :<\/strong> Les dossiers complets doivent \u00eatre soumis au plus tard \u00e0 23 h 59 le jour de la date limite. Les demandes re\u00e7ues apr\u00e8s cette heure seront trait\u00e9es \u00e0 partir de la prochaine date limite.<\/p>\n<table style=\"border-collapse: collapse; width: 100%;\" border=\"1\">\n<tbody>\n<tr>\n<th colspan=\"2\">Calendrier 2026<\/th>\n<\/tr>\n<tr>\n<td style=\"width: 50%;\">Date limite de soumission (avant minuit)<\/td>\n<td style=\"width: 50%;\">Date de r\u00e9union<\/td>\n<\/tr>\n<tr>\n<td style=\"width: 50%;\">Vendredi 27 f\u00e9vrier 2026<\/td>\n<td style=\"width: 50%;\">Vendredi 20 mars 2026<\/td>\n<\/tr>\n<tr>\n<td style=\"width: 50%;\">Vendredi 10 mai 2026<\/td>\n<td style=\"width: 50%;\">Vendredi 1er mai 2026<\/td>\n<\/tr>\n<tr>\n<td style=\"width: 50%;\">Vendredi 21 ao\u00fbt 2026<\/td>\n<td style=\"width: 50%;\">Vendredi 11 septembre 2026<\/td>\n<\/tr>\n<tr>\n<td style=\"width: 50%;\">Vendredi 20 novembre 2026<\/td>\n<td style=\"width: 50%;\">Vendredi 11 d\u00e9cembre 2026<\/td>\n<\/tr>\n<\/tbody>\n<\/table>\n<p><strong>Frais exig\u00e9s :<\/strong><\/p>\n<ul>\n<li>Ouverture et analyse du dossier : 850 $ CAD + taxes + frais de virement (si applicable)<\/li>\n<li>Autre frais \u00e0 pr\u00e9voir lors de l&rsquo;acceptation : <a href=\"https:\/\/audioprothesistes.org\/staging20260303\/membres-et-etudiants\/cotisation\/\" target=\"_blank\" rel=\"noopener\">cotisation annuelle<\/a> en vigueur incluant les frais li\u00e9s au financement de l\u2019Office des professions du Qu\u00e9bec (OPQ) et \u00e0 l\u2019assurance responsabilit\u00e9 professionnelle pour l\u2019inscription au Tableau de l\u2019Ordre<\/li>\n<\/ul>\n<p>[\/et_pb_toggle][et_pb_text _builder_version=\u00a0\u00bb4.27.6&Prime; _module_preset=\u00a0\u00bbdefault\u00a0\u00bb hover_enabled=\u00a0\u00bb0&Prime; global_colors_info=\u00a0\u00bb{}\u00a0\u00bb theme_builder_area=\u00a0\u00bbpost_content\u00a0\u00bb custom_margin=\u00a0\u00bb35px||||false|false\u00a0\u00bb sticky_enabled=\u00a0\u00bb0&Prime;]<\/p>\n<p><strong>Programme de s\u00e9lection des travailleurs qualifi\u00e9s (PSTQ)<\/strong><\/p>\n<p>Si vous souhaitez d\u00e9poser une demande d\u2019admission par \u00e9quivalence dans le cadre de vos d\u00e9marches d\u2019immigration au Programme de s\u00e9lection des travailleurs qualifi\u00e9s (PSTQ) du minist\u00e8re de l\u2019Immigration, de la Francisation et de l\u2019Int\u00e9gration du Qu\u00e9bec (MIFI), nous vous invitons \u00e0 consulter directement l\u2019ensemble des renseignements disponibles sur le site officiel Qu\u00e9bec.ca en visitant le lien suivant : <a href=\"https:\/\/www.quebec.ca\/immigration\/permanente\/travailleurs-qualifies\/programme-selection-travailleurs-qualifies\" target=\"_blank\" rel=\"noopener\">Programme de s\u00e9lection des travailleurs qualifi\u00e9s (PSTQ) | Gouvernement du Qu\u00e9bec<\/a><\/p>\n<p>Vous y trouverez toutes les informations relatives au fonctionnement du programme, aux documents requis et aux diff\u00e9rentes \u00e9tapes du processus de s\u00e9lection. Vous pourrez \u00e9galement vous informer au sujet des conditions de s\u00e9lection applicables \u00e0 la profession d\u2019audioproth\u00e9siste en consultant la page suivante : <a href=\"https:\/\/www.quebec.ca\/immigration\/permanente\/travailleurs-qualifies\/programme-selection-travailleurs-qualifies\/exigences#c276587\" target=\"_blank\" rel=\"noopener\">Conna\u00eetre les exigences \u00e0 satisfaire dans le cadre du Programme de s\u00e9lection des travailleurs qualifi\u00e9s (PSTQ) | Gouvernement du Qu\u00e9bec<\/a><\/p>\n<p>L\u2019Ordre des audioproth\u00e9sistes du Qu\u00e9bec n&rsquo;est pas responsable de vous assister dans vos d\u00e9marches d&rsquo;immigration ni de r\u00e9pondre \u00e0 vos questions \u00e0 ce sujet. Pour toutes questions concernant vos proc\u00e9dures d&rsquo;immigration, nous vous encourageons \u00e0 contacter directement le MIFI. Vous pouvez trouver les coordonn\u00e9es du MIFI via le lien suivant : <a href=\"https:\/\/www.quebec.ca\/gouvernement\/ministeres-organismes\/immigration\/coordonnees-structure\/generales\" target=\"_blank\" rel=\"noopener\">Coordonn\u00e9es g\u00e9n\u00e9rales du minist\u00e8re de l\u2019Immigration, de la Francisation et de l\u2019Int\u00e9gration | Gouvernement du Qu\u00e9bec .<\/a><\/p>\n<p>[\/et_pb_text][et_pb_text _builder_version=\u00a0\u00bb4.27.4&Prime; _module_preset=\u00a0\u00bbdefault\u00a0\u00bb global_colors_info=\u00a0\u00bb{}\u00a0\u00bb theme_builder_area=\u00a0\u00bbpost_content\u00a0\u00bb]<\/p>\n<p><strong>Insatisfactions et demandes de r\u00e9vision<\/strong><\/p>\n<p>Si vous avez essuy\u00e9 un refus, il est possible de <a href=\"https:\/\/audioprothesistes.org\/staging20260303\/wp-content\/uploads\/2026\/01\/Demande-de-revision-ARM_Equivalence.pdf\" target=\"_blank\" rel=\"noopener\">demander une r\u00e9vision de la d\u00e9cision<\/a> du comit\u00e9 d&rsquo;\u00e9quivalence et de la formation de l&rsquo;Ordre.<\/p>\n<p>[\/et_pb_text][et_pb_text _builder_version=\u00a0\u00bb4.27.4&Prime; _module_preset=\u00a0\u00bbdefault\u00a0\u00bb global_colors_info=\u00a0\u00bb{}\u00a0\u00bb theme_builder_area=\u00a0\u00bbpost_content\u00a0\u00bb]<\/p>\n<p><strong>Commissaire \u00e0 l\u2019admission aux professions<\/strong><\/p>\n<p>Vous pouvez porter plainte en cas d\u2019insatisfaction ou de difficult\u00e9 dans vos d\u00e9marches en vue d\u2019obtenir un permis ou de devenir membre de l\u2019Ordre. Un recours gratuit par une entit\u00e9 gouvernementale ind\u00e9pendante s\u2019offre \u00e0 vous : le Commissaire \u00e0 l\u2019admission aux professions. Le Commissaire re\u00e7oit et examine toute plainte concernant l\u2019admission \u00e0 la profession :<\/p>\n<ul>\n<li>pour tout processus ou \u00e9tape de l\u2019admission ;<\/li>\n<li>contre toute personne ou organisation impliqu\u00e9e (l\u2019Ordre ou une tierce partie).<\/li>\n<\/ul>\n<p>Pour plus d\u2019information, consultez le lien suivant : <a href=\"https:\/\/www.quebec.ca\/gouvernement\/ministeres-organismes\/office-professions\/coordonnees-structure\/organismes-lies\/commissaire-admission-professions\" target=\"_blank\" rel=\"noopener\">Commissaire \u00e0 l&rsquo;admission aux professions | Gouvernement du Qu\u00e9bec<\/a><\/p>\n<p>[\/et_pb_text][\/et_pb_column][\/et_pb_row][\/et_pb_section][et_pb_section fb_built=\u00a0\u00bb1&Prime; admin_label=\u00a0\u00bbR\u00e9vision\u00a0\u00bb _builder_version=\u00a0\u00bb4.27.6&Prime; _module_preset=\u00a0\u00bba0bf4bbc-ca13-4332-aaa3-530026babc6a\u00a0\u00bb custom_margin=\u00a0\u00bb||||false|false\u00a0\u00bb global_colors_info=\u00a0\u00bb{}\u00a0\u00bb theme_builder_area=\u00a0\u00bbpost_content\u00a0\u00bb][et_pb_row _builder_version=\u00a0\u00bb4.19.0&Prime; _module_preset=\u00a0\u00bb34ebdddb-ba4e-47a4-ad6e-f7a0f2f689bf\u00a0\u00bb custom_padding=\u00a0\u00bb|77px||77px|false|true\u00a0\u00bb global_colors_info=\u00a0\u00bb{}\u00a0\u00bb theme_builder_area=\u00a0\u00bbpost_content\u00a0\u00bb][et_pb_column type=\u00a0\u00bb4_4&Prime; _builder_version=\u00a0\u00bb4.19.0&Prime; _module_preset=\u00a0\u00bbdefault\u00a0\u00bb global_colors_info=\u00a0\u00bb{}\u00a0\u00bb theme_builder_area=\u00a0\u00bbpost_content\u00a0\u00bb][et_pb_heading title=\u00a0\u00bbDemande de r\u00e9vision &#8211; \u00e9quivalence\u00a0\u00bb _builder_version=\u00a0\u00bb4.27.6&Prime; _module_preset=\u00a0\u00bbdefault\u00a0\u00bb title_level=\u00a0\u00bbh2&Prime; global_colors_info=\u00a0\u00bb{}\u00a0\u00bb theme_builder_area=\u00a0\u00bbpost_content\u00a0\u00bb][\/et_pb_heading][\/et_pb_column][\/et_pb_row][et_pb_row use_custom_gutter=\u00a0\u00bbon\u00a0\u00bb gutter_width=\u00a0\u00bb2&Prime; _builder_version=\u00a0\u00bb4.27.4&Prime; _module_preset=\u00a0\u00bb34ebdddb-ba4e-47a4-ad6e-f7a0f2f689bf\u00a0\u00bb custom_padding=\u00a0\u00bb|77px||77px|false|true\u00a0\u00bb global_colors_info=\u00a0\u00bb{}\u00a0\u00bb theme_builder_area=\u00a0\u00bbpost_content\u00a0\u00bb][et_pb_column type=\u00a0\u00bb4_4&Prime; _builder_version=\u00a0\u00bb4.19.0&Prime; _module_preset=\u00a0\u00bbdefault\u00a0\u00bb global_colors_info=\u00a0\u00bb{}\u00a0\u00bb theme_builder_area=\u00a0\u00bbpost_content\u00a0\u00bb][et_pb_text _builder_version=\u00a0\u00bb4.24.2&Prime; _module_preset=\u00a0\u00bbdefault\u00a0\u00bb custom_padding=\u00a0\u00bb7px||0px|5px||\u00a0\u00bb global_colors_info=\u00a0\u00bb{}\u00a0\u00bb theme_builder_area=\u00a0\u00bbpost_content\u00a0\u00bb]<\/p>\n<p><strong>Demande de r\u00e9vision :<\/strong><\/p>\n<p>Le candidat peut faire une <a href=\"https:\/\/audioprothesistes.org\/staging20260303\/wp-content\/uploads\/2023\/11\/Demande-de-revision-Equivalence.pdf\" target=\"_blank\" rel=\"noopener\">demande de r\u00e9vision de la d\u00e9cision du comit\u00e9<\/a>.<\/p>\n<p>\u00a0Vous pouvez porter plainte en cas d\u2019insatisfaction ou de difficult\u00e9 dans vos d\u00e9marches en vue d\u2019obtenir un permis ou de devenir membre de l\u2019Ordre. Un recours gratuit par une entit\u00e9 gouvernementale ind\u00e9pendante s\u2019offre \u00e0 vous : le Commissaire \u00e0 l\u2019admission aux professions.\u00a0Le Commissaire re\u00e7oit et examine toute plainte concernant l\u2019admission \u00e0 la profession :<\/p>\n<ul>\n<li>pour tout processus ou \u00e9tape de l\u2019admission ;<\/li>\n<li>contre toute personne ou organisation impliqu\u00e9e (l\u2019Ordre ou une tierce partie).<\/li>\n<\/ul>\n<p>Pour plus d\u2019information, consultez le lien suivant : <a href=\"https:\/\/www.quebec.ca\/gouvernement\/ministeres-organismes\/office-professions\/coordonnees-structure\/organismes-lies\/commissaire-admission-professions\" target=\"_blank\" rel=\"noopener\">Commissaire \u00e0 l&rsquo;admission aux professions | Gouvernement du Qu\u00e9bec<\/a><\/p>\n<p>[\/et_pb_text][\/et_pb_column][\/et_pb_row][\/et_pb_section]<\/p>\n","protected":false},"excerpt":{"rendered":"<p>Candidats qu\u00e9becois En vertu de l\u2019article 40 du\u00a0Code des professions,\u00a0le conseil d\u2019administration d\u2019un ordre d\u00e9livre un permis ou un certificat de sp\u00e9cialiste \u00e0 toute personne qui satisfait aux conditions prescrites par le pr\u00e9sent code, la loi constituant cet ordre et les r\u00e8glements adopt\u00e9s conform\u00e9ment au pr\u00e9sent code ou \u00e0 ladite loi. La profession d\u2019audioproth\u00e9siste est [&hellip;]<\/p>\n","protected":false},"author":1,"featured_media":5293,"parent":4755,"menu_order":2,"comment_status":"closed","ping_status":"closed","template":"","meta":{"_et_pb_use_builder":"on","_et_pb_old_content":"","_et_gb_content_width":"","footnotes":""},"class_list":["post-4824","page","type-page","status-publish","has-post-thumbnail","hentry"],"acf":[],"_links":{"self":[{"href":"https:\/\/audioprothesistes.org\/staging20260303\/wp-json\/wp\/v2\/pages\/4824","targetHints":{"allow":["GET"]}}],"collection":[{"href":"https:\/\/audioprothesistes.org\/staging20260303\/wp-json\/wp\/v2\/pages"}],"about":[{"href":"https:\/\/audioprothesistes.org\/staging20260303\/wp-json\/wp\/v2\/types\/page"}],"author":[{"embeddable":true,"href":"https:\/\/audioprothesistes.org\/staging20260303\/wp-json\/wp\/v2\/users\/1"}],"replies":[{"embeddable":true,"href":"https:\/\/audioprothesistes.org\/staging20260303\/wp-json\/wp\/v2\/comments?post=4824"}],"version-history":[{"count":37,"href":"https:\/\/audioprothesistes.org\/staging20260303\/wp-json\/wp\/v2\/pages\/4824\/revisions"}],"predecessor-version":[{"id":10537,"href":"https:\/\/audioprothesistes.org\/staging20260303\/wp-json\/wp\/v2\/pages\/4824\/revisions\/10537"}],"up":[{"embeddable":true,"href":"https:\/\/audioprothesistes.org\/staging20260303\/wp-json\/wp\/v2\/pages\/4755"}],"wp:featuredmedia":[{"embeddable":true,"href":"https:\/\/audioprothesistes.org\/staging20260303\/wp-json\/wp\/v2\/media\/5293"}],"wp:attachment":[{"href":"https:\/\/audioprothesistes.org\/staging20260303\/wp-json\/wp\/v2\/media?parent=4824"}],"curies":[{"name":"wp","href":"https:\/\/api.w.org\/{rel}","templated":true}]}}