{"id":5435,"date":"2023-04-18T17:53:04","date_gmt":"2023-04-18T21:53:04","guid":{"rendered":"https:\/\/dev2.eklore.ca\/oaq\/?page_id=5435"},"modified":"2023-05-01T22:09:10","modified_gmt":"2023-05-02T02:09:10","slug":"planification-strategique","status":"publish","type":"page","link":"https:\/\/audioprothesistes.org\/staging20260303\/publications\/planification-strategique\/","title":{"rendered":"Planification strat\u00e9gique"},"content":{"rendered":"<p>[et_pb_section fb_built=\u00a0\u00bb1&Prime; admin_label=\u00a0\u00bbsection\u00a0\u00bb _builder_version=\u00a0\u00bb4.16&Prime; global_colors_info=\u00a0\u00bb{}\u00a0\u00bb theme_builder_area=\u00a0\u00bbpost_content\u00a0\u00bb][et_pb_row column_structure=\u00a0\u00bb3_5,2_5&Prime; admin_label=\u00a0\u00bbrow\u00a0\u00bb _builder_version=\u00a0\u00bb4.19.0&Prime; _module_preset=\u00a0\u00bbdefault\u00a0\u00bb hover_enabled=\u00a0\u00bb0&Prime; global_colors_info=\u00a0\u00bb{}\u00a0\u00bb theme_builder_area=\u00a0\u00bbpost_content\u00a0\u00bb sticky_enabled=\u00a0\u00bb0&Prime;][et_pb_column type=\u00a0\u00bb3_5&Prime; _builder_version=\u00a0\u00bb4.16&Prime; custom_padding=\u00a0\u00bb|||\u00a0\u00bb global_colors_info=\u00a0\u00bb{}\u00a0\u00bb custom_padding__hover=\u00a0\u00bb|||\u00a0\u00bb theme_builder_area=\u00a0\u00bbpost_content\u00a0\u00bb][et_pb_text _builder_version=\u00a0\u00bb4.19.0&Prime; _module_preset=\u00a0\u00bbdefault\u00a0\u00bb global_colors_info=\u00a0\u00bb{}\u00a0\u00bb theme_builder_area=\u00a0\u00bbpost_content\u00a0\u00bb]<\/p>\n<p><strong>Le monde est en constante \u00e9volution\u00a0: les technologies \u00e9voluent; il en est de m\u00eame pour les habitudes de vie et de consommation. Comme audioproth\u00e9sistes, nous en sommes t\u00e9moins. L\u2019audioproth\u00e8se, un domaine passionnant, pr\u00e9sente aussi une \u00e9volution incontestable.<\/strong><\/p>\n<p>C\u2019est pourquoi, comme Ordre et comme professionnels, il est imp\u00e9ratif de nous ajuster afin de poursuivre notre ultime mission\u00a0: la protection du public.<\/p>\n<p>L\u2019Ordre des audioproth\u00e9sistes du Qu\u00e9bec compte aujourd\u2019hui plus de 500\u00a0membres qui \u0153uvrent \u00e0 l\u2019avancement de la profession, auxquels se greffe, chaque ann\u00e9e, une trentaine de finissants. Il est donc essentiel de tracer un itin\u00e9raire et de d\u00e9finir des balises qui nous permettront, collectivement, de suivre le rythme et de maintenir de hauts standards de pratique.<\/p>\n<p>C\u2019est le but de la planification strat\u00e9gique. Pour y arriver, nous avons travaill\u00e9 \u00e0 partager une compr\u00e9hension commune du pass\u00e9 et du pr\u00e9sent afin de mesurer l\u2019impact de ceux-ci sur notre futur. Nous avons \u00e9galement \u0153uvr\u00e9 \u00e0 faire \u00e9merger une vision inspirante pour l\u2019Ordre ainsi qu\u2019\u00e0 identifier les aspirations (orientations strat\u00e9giques) qui permettront de r\u00e9aliser cette vision d\u2019ici 2026. Puis, nous avons d\u00e9fini les projets porteurs \u00e0 r\u00e9aliser afin de concr\u00e9tiser les aspirations retenues.<\/p>\n<p>[\/et_pb_text][\/et_pb_column][et_pb_column type=\u00a0\u00bb2_5&Prime; _builder_version=\u00a0\u00bb4.16&Prime; custom_padding=\u00a0\u00bb|||\u00a0\u00bb global_colors_info=\u00a0\u00bb{}\u00a0\u00bb custom_padding__hover=\u00a0\u00bb|||\u00a0\u00bb theme_builder_area=\u00a0\u00bbpost_content\u00a0\u00bb][et_pb_image src=\u00a0\u00bbhttps:\/\/audioprothesistes.org\/staging20260303\/wp-content\/uploads\/2023\/04\/Plan_strategique_OAQ_21-26_Cover-1024&#215;792.jpg\u00a0\u00bb title_text=\u00a0\u00bbPlan strategique OAQ 21-26&Prime; url=\u00a0\u00bbhttps:\/\/audioprothesistes.org\/staging20260303\/wp-content\/uploads\/2023\/04\/Plan_strategique_OAQ__2021-2026.pdf\u00a0\u00bb url_new_window=\u00a0\u00bbon\u00a0\u00bb _builder_version=\u00a0\u00bb4.19.0&Prime; _module_preset=\u00a0\u00bbdefault\u00a0\u00bb custom_margin=\u00a0\u00bb||0px||false|false\u00a0\u00bb border_width_all=\u00a0\u00bb1px\u00a0\u00bb border_color_all=\u00a0\u00bb#EAA04C\u00a0\u00bb global_colors_info=\u00a0\u00bb{}\u00a0\u00bb theme_builder_area=\u00a0\u00bbpost_content\u00a0\u00bb][\/et_pb_image][et_pb_blurb use_icon=\u00a0\u00bbon\u00a0\u00bb font_icon=\u00a0\u00bb&#x68;||divi||400&Prime; icon_color=\u00a0\u00bb#EAA04C\u00a0\u00bb icon_placement=\u00a0\u00bbleft\u00a0\u00bb _builder_version=\u00a0\u00bb4.19.0&Prime; _module_preset=\u00a0\u00bbdefault\u00a0\u00bb body_link_font=\u00a0\u00bb||||on||||\u00a0\u00bb body_link_text_color=\u00a0\u00bb#FFFFFF\u00a0\u00bb custom_margin=\u00a0\u00bb||0px||false|false\u00a0\u00bb custom_padding=\u00a0\u00bb20px||20px||true|false\u00a0\u00bb global_colors_info=\u00a0\u00bb{}\u00a0\u00bb theme_builder_area=\u00a0\u00bbpost_content\u00a0\u00bb]<\/p>\n<p><a href=\"https:\/\/audioprothesistes.org\/staging20260303\/wp-content\/uploads\/2023\/04\/rapport-annuel-OAQ-2021-2022.pdf\" target=\"_blank\" rel=\"noopener\"><strong><\/strong><\/a><strong><a href=\"https:\/\/audioprothesistes.org\/staging20260303\/wp-content\/uploads\/2023\/04\/Plan_strategique_OAQ__2021-2026.pdf\" rel=\"attachment noopener wp-att-5441\" target=\"_blank\">Plan strat\u00e9gique 2021-2026<\/a><\/strong><\/p>\n<p>[\/et_pb_blurb][et_pb_image src=\u00a0\u00bbhttps:\/\/audioprothesistes.org\/staging20260303\/wp-content\/uploads\/2023\/04\/Resume_Planification_strategique_OAQ-21-26.jpg\u00a0\u00bb title_text=\u00a0\u00bbR\u00e9sum\u00e9 Planification strat\u00e9gique OAQ-2021-2026&Prime; url=\u00a0\u00bbhttps:\/\/audioprothesistes.org\/staging20260303\/wp-content\/uploads\/2023\/04\/Resume_Planification_strategique_OAQ-21-26.pdf\u00a0\u00bb url_new_window=\u00a0\u00bbon\u00a0\u00bb _builder_version=\u00a0\u00bb4.19.0&Prime; _module_preset=\u00a0\u00bbdefault\u00a0\u00bb custom_margin=\u00a0\u00bb25px||0px||false|false\u00a0\u00bb border_width_all=\u00a0\u00bb1px\u00a0\u00bb border_color_all=\u00a0\u00bb#EAA04C\u00a0\u00bb global_colors_info=\u00a0\u00bb{}\u00a0\u00bb theme_builder_area=\u00a0\u00bbpost_content\u00a0\u00bb][\/et_pb_image][et_pb_blurb use_icon=\u00a0\u00bbon\u00a0\u00bb font_icon=\u00a0\u00bb&#x68;||divi||400&Prime; icon_color=\u00a0\u00bb#EAA04C\u00a0\u00bb icon_placement=\u00a0\u00bbleft\u00a0\u00bb _builder_version=\u00a0\u00bb4.19.0&Prime; _module_preset=\u00a0\u00bbdefault\u00a0\u00bb body_link_font=\u00a0\u00bb||||on||||\u00a0\u00bb body_link_text_color=\u00a0\u00bb#FFFFFF\u00a0\u00bb custom_margin=\u00a0\u00bb||0px||false|false\u00a0\u00bb custom_padding=\u00a0\u00bb20px||20px||true|false\u00a0\u00bb global_colors_info=\u00a0\u00bb{}\u00a0\u00bb theme_builder_area=\u00a0\u00bbpost_content\u00a0\u00bb]<\/p>\n<p><strong><a href=\"https:\/\/audioprothesistes.org\/staging20260303\/wp-content\/uploads\/2023\/04\/Plan_strategique_OAQ__2021-2026.pdf\" rel=\"attachment noopener wp-att-5441\" target=\"_blank\"><\/a><a href=\"https:\/\/audioprothesistes.org\/staging20260303\/wp-content\/uploads\/2023\/04\/Resume_Planification_strategique_OAQ-21-26.pdf\" rel=\"attachment noopener wp-att-5443\" target=\"_blank\">R\u00e9sum\u00e9 de la planification strat\u00e9gique 2021-2026<\/a><\/strong><\/p>\n<p>[\/et_pb_blurb][\/et_pb_column][\/et_pb_row][\/et_pb_section]<\/p>\n","protected":false},"excerpt":{"rendered":"<p>Le monde est en constante \u00e9volution\u00a0: les technologies \u00e9voluent; il en est de m\u00eame pour les habitudes de vie et de consommation. Comme audioproth\u00e9sistes, nous en sommes t\u00e9moins. L\u2019audioproth\u00e8se, un domaine passionnant, pr\u00e9sente aussi une \u00e9volution incontestable. C\u2019est pourquoi, comme Ordre et comme professionnels, il est imp\u00e9ratif de nous ajuster afin de poursuivre notre ultime [&hellip;]<\/p>\n","protected":false},"author":1,"featured_media":5293,"parent":4858,"menu_order":0,"comment_status":"closed","ping_status":"closed","template":"","meta":{"_et_pb_use_builder":"on","_et_pb_old_content":"","_et_gb_content_width":"","footnotes":""},"class_list":["post-5435","page","type-page","status-publish","has-post-thumbnail","hentry"],"acf":[],"_links":{"self":[{"href":"https:\/\/audioprothesistes.org\/staging20260303\/wp-json\/wp\/v2\/pages\/5435","targetHints":{"allow":["GET"]}}],"collection":[{"href":"https:\/\/audioprothesistes.org\/staging20260303\/wp-json\/wp\/v2\/pages"}],"about":[{"href":"https:\/\/audioprothesistes.org\/staging20260303\/wp-json\/wp\/v2\/types\/page"}],"author":[{"embeddable":true,"href":"https:\/\/audioprothesistes.org\/staging20260303\/wp-json\/wp\/v2\/users\/1"}],"replies":[{"embeddable":true,"href":"https:\/\/audioprothesistes.org\/staging20260303\/wp-json\/wp\/v2\/comments?post=5435"}],"version-history":[{"count":7,"href":"https:\/\/audioprothesistes.org\/staging20260303\/wp-json\/wp\/v2\/pages\/5435\/revisions"}],"predecessor-version":[{"id":5635,"href":"https:\/\/audioprothesistes.org\/staging20260303\/wp-json\/wp\/v2\/pages\/5435\/revisions\/5635"}],"up":[{"embeddable":true,"href":"https:\/\/audioprothesistes.org\/staging20260303\/wp-json\/wp\/v2\/pages\/4858"}],"wp:featuredmedia":[{"embeddable":true,"href":"https:\/\/audioprothesistes.org\/staging20260303\/wp-json\/wp\/v2\/media\/5293"}],"wp:attachment":[{"href":"https:\/\/audioprothesistes.org\/staging20260303\/wp-json\/wp\/v2\/media?parent=5435"}],"curies":[{"name":"wp","href":"https:\/\/api.w.org\/{rel}","templated":true}]}}