{"id":6893,"date":"2024-02-20T10:09:12","date_gmt":"2024-02-20T15:09:12","guid":{"rendered":"https:\/\/audioprothesistes.org\/staging20260303\/?page_id=6893"},"modified":"2024-12-11T14:57:52","modified_gmt":"2024-12-11T19:57:52","slug":"formulaire-de-candidature-comites-de-lordre","status":"publish","type":"page","link":"https:\/\/audioprothesistes.org\/staging20260303\/formulaires\/formulaire-de-candidature-comites-de-lordre\/","title":{"rendered":"Formulaire de candidature &#8211; Comit\u00e9s de l&rsquo;Ordre"},"content":{"rendered":"<p>[et_pb_section fb_built=\u00a0\u00bb1&Prime; admin_label=\u00a0\u00bbsection\u00a0\u00bb _builder_version=\u00a0\u00bb4.16&Prime; global_colors_info=\u00a0\u00bb{}\u00a0\u00bb][et_pb_row admin_label=\u00a0\u00bbrow\u00a0\u00bb _builder_version=\u00a0\u00bb4.16&Prime; background_size=\u00a0\u00bbinitial\u00a0\u00bb background_position=\u00a0\u00bbtop_left\u00a0\u00bb background_repeat=\u00a0\u00bbrepeat\u00a0\u00bb global_colors_info=\u00a0\u00bb{}\u00a0\u00bb][et_pb_column type=\u00a0\u00bb4_4&Prime; _builder_version=\u00a0\u00bb4.16&Prime; custom_padding=\u00a0\u00bb|||\u00a0\u00bb global_colors_info=\u00a0\u00bb{}\u00a0\u00bb custom_padding__hover=\u00a0\u00bb|||\u00a0\u00bb][et_pb_contact_form email=\u00a0\u00bbinfo@audioprothesistes.org\u00a0\u00bb custom_message=\u00a0\u00bbFormulaire de candidature &#8211; Comit\u00e9s de l\u2019Ordre||et_pb_line_break_holder||||et_pb_line_break_holder||1. Identification du membre||et_pb_line_break_holder||Civilit\u00e9 : %%Madame_Monsieur%%||et_pb_line_break_holder||Lieu de travail : %%Lieu%%||et_pb_line_break_holder||Num\u00e9ro de membre : %%Membre%%||et_pb_line_break_holder||Nom : %%Nom%%||et_pb_line_break_holder||Pr\u00e9nom : %%Prenom%%||et_pb_line_break_holder||Adresse : %%Adresse%%||et_pb_line_break_holder||App. : %%App%%||et_pb_line_break_holder||Ville : %%Ville%%||et_pb_line_break_holder||Province : %%Province%%||et_pb_line_break_holder||Code postale : %%Code_postale%%||et_pb_line_break_holder||T\u00e9l\u00e9phone : %%Telephone%%||et_pb_line_break_holder||T\u00e9l\u00e9phone (travail) : %%Telephone_Travail%%||et_pb_line_break_holder||Courriel : %%Email%%||et_pb_line_break_holder||Ann\u00e9e de graduation : %%Annee_Graduation%%||et_pb_line_break_holder||Coll\u00e8ge d&rsquo;enseignement : %%College_Enseignement%%||et_pb_line_break_holder||||et_pb_line_break_holder||2. Choix de comit\u00e9s ||et_pb_line_break_holder||Les comit\u00e9s cr\u00e9\u00e9s par la loi : %%Comite_Loi%%||et_pb_line_break_holder||Les comit\u00e9s permanents : %%Comite_Permanent%%||et_pb_line_break_holder||||et_pb_line_break_holder||||et_pb_line_break_holder||3. Parcours professionnel | D\u00e9crivez en quelques mots votre parcours professionnel||et_pb_line_break_holder||Description du parcours professionnel : %%Parcours%%||et_pb_line_break_holder||Depuis combien d&rsquo;ann\u00e9es exercez-vous comme audioproth\u00e9sistes? : %%Annees%%||et_pb_line_break_holder||||et_pb_line_break_holder||4. Comp\u00e9tences||et_pb_line_break_holder||Forces : %%Forces%%||et_pb_line_break_holder||Faiblesses : %%Faiblesses%%||et_pb_line_break_holder||||et_pb_line_break_holder||5. Motivation||et_pb_line_break_holder||D\u00e9crivez en quelques mots votre motivation \u00e0 vous impliquer au sein d&rsquo;un comit\u00e9 : %%Motivation_Description%%||et_pb_line_break_holder||||et_pb_line_break_holder||6. D\u00e9claration ||et_pb_line_break_holder||%%Par_la_presente_je_declare%%||et_pb_line_break_holder||||et_pb_line_break_holder||Lettre de pr\u00e9sentation : %%Telechargement%%||et_pb_line_break_holder||||et_pb_line_break_holder||||et_pb_line_break_holder||%%Consentement%%\u00a0\u00bb submit_button_text=\u00a0\u00bbSoumettre\u00a0\u00bb admin_label=\u00a0\u00bbFormulaire de candidature &#8211; Comit\u00e9s de l&rsquo;Ordre\u00a0\u00bb _builder_version=\u00a0\u00bb4.27.0&Prime; _module_preset=\u00a0\u00bbdefault\u00a0\u00bb _unique_id=\u00a0\u00bbceae3d6f-818c-40c6-be7f-9cf79a99a5d2&Prime; custom_padding=\u00a0\u00bb|||3px||\u00a0\u00bb hover_enabled=\u00a0\u00bb0&Prime; admin_email_subject=\u00a0\u00bbFormulaire de candidature &#8211; Comit\u00e9s de l&rsquo;Ordre\u00a0\u00bb admin_email_from_name=\u00a0\u00bbOrdre des audioproth\u00e9sistes du Qu\u00e9bec\u00a0\u00bb save_entries_to_db=\u00a0\u00bboff\u00a0\u00bb use_confirmation_email=\u00a0\u00bbon\u00a0\u00bb confirmation_email_field_id=\u00a0\u00bbinfo@audioprothesistes.org\u00a0\u00bb confirmation_email_subject=\u00a0\u00bbFormulaire de candidature-Comit\u00e9s de l&rsquo;Ordre\u00a0\u00bb confirmation_email_from_name=\u00a0\u00bbOrdre des audioproth\u00e9sistes du Qu\u00e9bec\u00a0\u00bb confirmation_email_message=\u00a0\u00bbBonjour, <\/p>\n<p>Nous accusons r\u00e9ception de votre formulaire de candidature afin de si\u00e9ger au sein d&rsquo;un ou des comit\u00e9s de l&rsquo;Ordre. Nous soumettrons votre candidature lors de notre prochain conseil d&rsquo;administration. Nous vous contacterons d\u00e8s que le conseil d&rsquo;administration aura statu\u00e9. <\/p>\n<p>Nous vous remercions de votre int\u00e9r\u00eat!<\/p>\n<p>Cordialement, <\/p>\n<p>L&rsquo;\u00e9quipe de l&rsquo;Ordre des audioproth\u00e9sistes du Qu\u00e9bec\u00a0\u00bb contact_message_location=\u00a0\u00bbbottom\u00a0\u00bb global_colors_info=\u00a0\u00bb{}\u00a0\u00bb sticky_enabled=\u00a0\u00bb0&Prime;][et_pb_contact_field field_id=\u00a0\u00bb1_Identification_Membre\u00a0\u00bb field_title=\u00a0\u00bb1. Identification du membre\u00a0\u00bb fullwidth_field=\u00a0\u00bbon\u00a0\u00bb _builder_version=\u00a0\u00bb4.24.0&Prime; _module_preset=\u00a0\u00bbdefault\u00a0\u00bb background_color=\u00a0\u00bb#003D4C\u00a0\u00bb background_enable_color=\u00a0\u00bbon\u00a0\u00bb custom_padding=\u00a0\u00bb10px|10px|10px|10px|true|true\u00a0\u00bb use_field_html=\u00a0\u00bbon\u00a0\u00bb field_htmlcontent=\u00a0\u00bb<\/p>\n<p><b>1. Identification du membre<\/b><\/p>\n<p>\u00a0\u00bb html_wrapper_margin=\u00a0\u00bb||15px||false|false\u00a0\u00bb html_wrapper_padding=\u00a0\u00bb15px|15px|0px|15px|false|false\u00a0\u00bb html_heading_color=\u00a0\u00bb#FFFFFF\u00a0\u00bb html_paragraph_color=\u00a0\u00bb#FFFFFF\u00a0\u00bb global_colors_info=\u00a0\u00bb{}\u00a0\u00bb][\/et_pb_contact_field][et_pb_contact_field field_id=\u00a0\u00bbMadame_Monsieur\u00a0\u00bb field_title=\u00a0\u00bbCivilit\u00e9\u00a0\u00bb field_type=\u00a0\u00bbradio\u00a0\u00bb radio_options=\u00a0\u00bb%91{%22value%22:%22Madame%22,%22checked%22:0,%22dragID%22:-1},{%22value%22:%22Monsieur%22,%22checked%22:0,%22dragID%22:0}%93&Prime; fullwidth_field=\u00a0\u00bbon\u00a0\u00bb _builder_version=\u00a0\u00bb4.23.1&Prime; _module_preset=\u00a0\u00bbdefault\u00a0\u00bb radio_layout=\u00a0\u00bbinline\u00a0\u00bb global_colors_info=\u00a0\u00bb{}\u00a0\u00bb][\/et_pb_contact_field][et_pb_contact_field field_id=\u00a0\u00bbLieu\u00a0\u00bb field_title=\u00a0\u00bbLieu de travail\u00a0\u00bb _builder_version=\u00a0\u00bb4.22.1&Prime; global_colors_info=\u00a0\u00bb{}\u00a0\u00bb button_text_size__hover_enabled=\u00a0\u00bboff\u00a0\u00bb button_one_text_size__hover_enabled=\u00a0\u00bboff\u00a0\u00bb button_two_text_size__hover_enabled=\u00a0\u00bboff\u00a0\u00bb button_text_color__hover_enabled=\u00a0\u00bboff\u00a0\u00bb button_one_text_color__hover_enabled=\u00a0\u00bboff\u00a0\u00bb button_two_text_color__hover_enabled=\u00a0\u00bboff\u00a0\u00bb button_border_width__hover_enabled=\u00a0\u00bboff\u00a0\u00bb button_one_border_width__hover_enabled=\u00a0\u00bboff\u00a0\u00bb button_two_border_width__hover_enabled=\u00a0\u00bboff\u00a0\u00bb button_border_color__hover_enabled=\u00a0\u00bboff\u00a0\u00bb button_one_border_color__hover_enabled=\u00a0\u00bboff\u00a0\u00bb button_two_border_color__hover_enabled=\u00a0\u00bboff\u00a0\u00bb button_border_radius__hover_enabled=\u00a0\u00bboff\u00a0\u00bb button_one_border_radius__hover_enabled=\u00a0\u00bboff\u00a0\u00bb button_two_border_radius__hover_enabled=\u00a0\u00bboff\u00a0\u00bb button_letter_spacing__hover_enabled=\u00a0\u00bboff\u00a0\u00bb button_one_letter_spacing__hover_enabled=\u00a0\u00bboff\u00a0\u00bb button_two_letter_spacing__hover_enabled=\u00a0\u00bboff\u00a0\u00bb button_bg_color__hover_enabled=\u00a0\u00bboff\u00a0\u00bb button_one_bg_color__hover_enabled=\u00a0\u00bboff\u00a0\u00bb button_two_bg_color__hover_enabled=\u00a0\u00bboff\u00a0\u00bb][\/et_pb_contact_field][et_pb_contact_field field_id=\u00a0\u00bbMembre\u00a0\u00bb field_title=\u00a0\u00bbNum\u00e9ro de membre\u00a0\u00bb min_length=\u00a0\u00bb3&Prime; _builder_version=\u00a0\u00bb4.22.1&Prime; global_colors_info=\u00a0\u00bb{}\u00a0\u00bb button_text_size__hover_enabled=\u00a0\u00bboff\u00a0\u00bb button_one_text_size__hover_enabled=\u00a0\u00bboff\u00a0\u00bb button_two_text_size__hover_enabled=\u00a0\u00bboff\u00a0\u00bb button_text_color__hover_enabled=\u00a0\u00bboff\u00a0\u00bb button_one_text_color__hover_enabled=\u00a0\u00bboff\u00a0\u00bb button_two_text_color__hover_enabled=\u00a0\u00bboff\u00a0\u00bb button_border_width__hover_enabled=\u00a0\u00bboff\u00a0\u00bb button_one_border_width__hover_enabled=\u00a0\u00bboff\u00a0\u00bb button_two_border_width__hover_enabled=\u00a0\u00bboff\u00a0\u00bb button_border_color__hover_enabled=\u00a0\u00bboff\u00a0\u00bb button_one_border_color__hover_enabled=\u00a0\u00bboff\u00a0\u00bb button_two_border_color__hover_enabled=\u00a0\u00bboff\u00a0\u00bb button_border_radius__hover_enabled=\u00a0\u00bboff\u00a0\u00bb button_one_border_radius__hover_enabled=\u00a0\u00bboff\u00a0\u00bb button_two_border_radius__hover_enabled=\u00a0\u00bboff\u00a0\u00bb button_letter_spacing__hover_enabled=\u00a0\u00bboff\u00a0\u00bb button_one_letter_spacing__hover_enabled=\u00a0\u00bboff\u00a0\u00bb button_two_letter_spacing__hover_enabled=\u00a0\u00bboff\u00a0\u00bb button_bg_color__hover_enabled=\u00a0\u00bboff\u00a0\u00bb button_one_bg_color__hover_enabled=\u00a0\u00bboff\u00a0\u00bb button_two_bg_color__hover_enabled=\u00a0\u00bboff\u00a0\u00bb][\/et_pb_contact_field][et_pb_contact_field field_id=\u00a0\u00bbNom\u00a0\u00bb field_title=\u00a0\u00bbNom\u00a0\u00bb _builder_version=\u00a0\u00bb4.23.1&Prime; global_colors_info=\u00a0\u00bb{}\u00a0\u00bb button_text_size__hover_enabled=\u00a0\u00bboff\u00a0\u00bb button_one_text_size__hover_enabled=\u00a0\u00bboff\u00a0\u00bb button_two_text_size__hover_enabled=\u00a0\u00bboff\u00a0\u00bb button_text_color__hover_enabled=\u00a0\u00bboff\u00a0\u00bb button_one_text_color__hover_enabled=\u00a0\u00bboff\u00a0\u00bb button_two_text_color__hover_enabled=\u00a0\u00bboff\u00a0\u00bb button_border_width__hover_enabled=\u00a0\u00bboff\u00a0\u00bb button_one_border_width__hover_enabled=\u00a0\u00bboff\u00a0\u00bb button_two_border_width__hover_enabled=\u00a0\u00bboff\u00a0\u00bb button_border_color__hover_enabled=\u00a0\u00bboff\u00a0\u00bb button_one_border_color__hover_enabled=\u00a0\u00bboff\u00a0\u00bb button_two_border_color__hover_enabled=\u00a0\u00bboff\u00a0\u00bb button_border_radius__hover_enabled=\u00a0\u00bboff\u00a0\u00bb button_one_border_radius__hover_enabled=\u00a0\u00bboff\u00a0\u00bb button_two_border_radius__hover_enabled=\u00a0\u00bboff\u00a0\u00bb button_letter_spacing__hover_enabled=\u00a0\u00bboff\u00a0\u00bb button_one_letter_spacing__hover_enabled=\u00a0\u00bboff\u00a0\u00bb button_two_letter_spacing__hover_enabled=\u00a0\u00bboff\u00a0\u00bb button_bg_color__hover_enabled=\u00a0\u00bboff\u00a0\u00bb button_one_bg_color__hover_enabled=\u00a0\u00bboff\u00a0\u00bb button_two_bg_color__hover_enabled=\u00a0\u00bboff\u00a0\u00bb][\/et_pb_contact_field][et_pb_contact_field field_id=\u00a0\u00bbPrenom\u00a0\u00bb field_title=\u00a0\u00bbPr\u00e9nom\u00a0\u00bb _builder_version=\u00a0\u00bb4.23.1&Prime; _module_preset=\u00a0\u00bbdefault\u00a0\u00bb global_colors_info=\u00a0\u00bb{}\u00a0\u00bb][\/et_pb_contact_field][et_pb_contact_field field_id=\u00a0\u00bbAdresse\u00a0\u00bb field_title=\u00a0\u00bbAdresse\u00a0\u00bb fullwidth_field=\u00a0\u00bbon\u00a0\u00bb _builder_version=\u00a0\u00bb4.22.1&Prime; _module_preset=\u00a0\u00bbdefault\u00a0\u00bb global_colors_info=\u00a0\u00bb{}\u00a0\u00bb][\/et_pb_contact_field][et_pb_contact_field field_id=\u00a0\u00bbApp\u00a0\u00bb field_title=\u00a0\u00bbApp.\u00a0\u00bb required_mark=\u00a0\u00bboff\u00a0\u00bb fullwidth_field=\u00a0\u00bbon\u00a0\u00bb _builder_version=\u00a0\u00bb4.23.1&Prime; _module_preset=\u00a0\u00bbdefault\u00a0\u00bb global_colors_info=\u00a0\u00bb{}\u00a0\u00bb][\/et_pb_contact_field][et_pb_contact_field field_id=\u00a0\u00bbVille\u00a0\u00bb field_title=\u00a0\u00bbVille\u00a0\u00bb _builder_version=\u00a0\u00bb4.23.1&Prime; _module_preset=\u00a0\u00bbdefault\u00a0\u00bb global_colors_info=\u00a0\u00bb{}\u00a0\u00bb][\/et_pb_contact_field][et_pb_contact_field field_id=\u00a0\u00bbProvince\u00a0\u00bb field_title=\u00a0\u00bbProvince\u00a0\u00bb _builder_version=\u00a0\u00bb4.22.1&Prime; _module_preset=\u00a0\u00bbdefault\u00a0\u00bb global_colors_info=\u00a0\u00bb{}\u00a0\u00bb][\/et_pb_contact_field][et_pb_contact_field field_id=\u00a0\u00bbCode_postale\u00a0\u00bb field_title=\u00a0\u00bbCode postale\u00a0\u00bb _builder_version=\u00a0\u00bb4.23.1&Prime; _module_preset=\u00a0\u00bbdefault\u00a0\u00bb global_colors_info=\u00a0\u00bb{}\u00a0\u00bb][\/et_pb_contact_field][et_pb_contact_field field_id=\u00a0\u00bbTelephone\u00a0\u00bb field_title=\u00a0\u00bbT\u00e9l\u00e9phone\u00a0\u00bb _builder_version=\u00a0\u00bb4.23.1&Prime; _module_preset=\u00a0\u00bbdefault\u00a0\u00bb global_colors_info=\u00a0\u00bb{}\u00a0\u00bb][\/et_pb_contact_field][et_pb_contact_field field_id=\u00a0\u00bbTelephone_travail\u00a0\u00bb field_title=\u00a0\u00bbT\u00e9l\u00e9phone (travail)\u00a0\u00bb required_mark=\u00a0\u00bboff\u00a0\u00bb _builder_version=\u00a0\u00bb4.23.1&Prime; _module_preset=\u00a0\u00bbdefault\u00a0\u00bb global_colors_info=\u00a0\u00bb{}\u00a0\u00bb][\/et_pb_contact_field][et_pb_contact_field field_id=\u00a0\u00bbEmail\u00a0\u00bb field_title=\u00a0\u00bbCourriel\u00a0\u00bb field_type=\u00a0\u00bbemail\u00a0\u00bb _builder_version=\u00a0\u00bb4.23.1&Prime; global_colors_info=\u00a0\u00bb{}\u00a0\u00bb button_text_size__hover_enabled=\u00a0\u00bboff\u00a0\u00bb button_one_text_size__hover_enabled=\u00a0\u00bboff\u00a0\u00bb button_two_text_size__hover_enabled=\u00a0\u00bboff\u00a0\u00bb button_text_color__hover_enabled=\u00a0\u00bboff\u00a0\u00bb button_one_text_color__hover_enabled=\u00a0\u00bboff\u00a0\u00bb button_two_text_color__hover_enabled=\u00a0\u00bboff\u00a0\u00bb button_border_width__hover_enabled=\u00a0\u00bboff\u00a0\u00bb button_one_border_width__hover_enabled=\u00a0\u00bboff\u00a0\u00bb button_two_border_width__hover_enabled=\u00a0\u00bboff\u00a0\u00bb button_border_color__hover_enabled=\u00a0\u00bboff\u00a0\u00bb button_one_border_color__hover_enabled=\u00a0\u00bboff\u00a0\u00bb button_two_border_color__hover_enabled=\u00a0\u00bboff\u00a0\u00bb button_border_radius__hover_enabled=\u00a0\u00bboff\u00a0\u00bb button_one_border_radius__hover_enabled=\u00a0\u00bboff\u00a0\u00bb button_two_border_radius__hover_enabled=\u00a0\u00bboff\u00a0\u00bb button_letter_spacing__hover_enabled=\u00a0\u00bboff\u00a0\u00bb button_one_letter_spacing__hover_enabled=\u00a0\u00bboff\u00a0\u00bb button_two_letter_spacing__hover_enabled=\u00a0\u00bboff\u00a0\u00bb button_bg_color__hover_enabled=\u00a0\u00bboff\u00a0\u00bb button_one_bg_color__hover_enabled=\u00a0\u00bboff\u00a0\u00bb button_two_bg_color__hover_enabled=\u00a0\u00bboff\u00a0\u00bb][\/et_pb_contact_field][et_pb_contact_field field_id=\u00a0\u00bbAnnee_Graduation\u00a0\u00bb field_title=\u00a0\u00bbAnn\u00e9e de graduation\u00a0\u00bb field_type=\u00a0\u00bbselect\u00a0\u00bb select_options=\u00a0\u00bb%91{%22value%22:%221980%22,%22checked%22:0,%22dragID%22:-1},{%22dragID%22:0,%22value%22:%221981%22,%22checked%22:0},{%22dragID%22:1,%22value%22:%221982%22,%22checked%22:0},{%22dragID%22:2,%22value%22:%221983%22,%22checked%22:0},{%22dragID%22:3,%22value%22:%221984%22,%22checked%22:0},{%22dragID%22:4,%22value%22:%221985%22,%22checked%22:0},{%22dragID%22:5,%22value%22:%221986%22,%22checked%22:0},{%22dragID%22:6,%22value%22:%221987%22,%22checked%22:0},{%22dragID%22:7,%22value%22:%221988%22,%22checked%22:0},{%22dragID%22:8,%22value%22:%221989%22,%22checked%22:0},{%22dragID%22:9,%22value%22:%221990%22,%22checked%22:0},{%22dragID%22:10,%22value%22:%221991%22,%22checked%22:0},{%22dragID%22:11,%22value%22:%221992%22,%22checked%22:0},{%22dragID%22:12,%22value%22:%221993%22,%22checked%22:0},{%22dragID%22:13,%22value%22:%221994%22,%22checked%22:0},{%22dragID%22:14,%22value%22:%221995%22,%22checked%22:0},{%22dragID%22:15,%22value%22:%221996%22,%22checked%22:0},{%22dragID%22:16,%22value%22:%221997%22,%22checked%22:0},{%22dragID%22:17,%22value%22:%221998%22,%22checked%22:0},{%22dragID%22:18,%22value%22:%221999%22,%22checked%22:0},{%22dragID%22:19,%22value%22:%222000%22,%22checked%22:0},{%22dragID%22:20,%22value%22:%222001%22,%22checked%22:0},{%22dragID%22:21,%22value%22:%222002%22,%22checked%22:0},{%22dragID%22:22,%22value%22:%222003%22,%22checked%22:0},{%22dragID%22:23,%22value%22:%222004%22,%22checked%22:0},{%22dragID%22:24,%22value%22:%222005%22,%22checked%22:0},{%22dragID%22:25,%22value%22:%222006%22,%22checked%22:0},{%22dragID%22:26,%22value%22:%222007%22,%22checked%22:0},{%22dragID%22:27,%22value%22:%222008%22,%22checked%22:0},{%22dragID%22:28,%22value%22:%222009%22,%22checked%22:0},{%22dragID%22:29,%22value%22:%222010%22,%22checked%22:0},{%22dragID%22:30,%22value%22:%222011%22,%22checked%22:0},{%22dragID%22:31,%22value%22:%222012%22,%22checked%22:0},{%22dragID%22:32,%22value%22:%222013%22,%22checked%22:0},{%22dragID%22:33,%22value%22:%222014%22,%22checked%22:0},{%22dragID%22:34,%22value%22:%222015%22,%22checked%22:0},{%22dragID%22:35,%22value%22:%222016%22,%22checked%22:0},{%22dragID%22:36,%22value%22:%222017%22,%22checked%22:0},{%22dragID%22:37,%22value%22:%222018%22,%22checked%22:0},{%22dragID%22:38,%22value%22:%222019%22,%22checked%22:0},{%22dragID%22:39,%22value%22:%222020%22,%22checked%22:0},{%22dragID%22:40,%22value%22:%222021%22,%22checked%22:0},{%22dragID%22:41,%22value%22:%222022%22,%22checked%22:0},{%22dragID%22:42,%22value%22:%222023%22,%22checked%22:0},{%22dragID%22:43,%22value%22:%222024%22,%22checked%22:0}%93&Prime; _builder_version=\u00a0\u00bb4.23.1&Prime; _module_preset=\u00a0\u00bbdefault\u00a0\u00bb global_colors_info=\u00a0\u00bb{}\u00a0\u00bb][\/et_pb_contact_field][et_pb_contact_field field_id=\u00a0\u00bbCollege_Enseignement\u00a0\u00bb field_title=\u00a0\u00bbColl\u00e8ge d&rsquo;enseignement\u00a0\u00bb field_type=\u00a0\u00bbselect\u00a0\u00bb select_options=\u00a0\u00bb%91{%22value%22:%22C\u00e9gep de La Pocati\u00e8re%22,%22checked%22:0,%22dragID%22:0},{%22value%22:%22Coll\u00e8ge de Rosemont%22,%22checked%22:0,%22dragID%22:44}%93&Prime; _builder_version=\u00a0\u00bb4.23.1&Prime; _module_preset=\u00a0\u00bbdefault\u00a0\u00bb global_colors_info=\u00a0\u00bb{}\u00a0\u00bb][\/et_pb_contact_field][et_pb_contact_field field_id=\u00a0\u00bb2_Comites\u00a0\u00bb field_title=\u00a0\u00bb2. Choix du comit\u00e9 \u00a0\u00bb fullwidth_field=\u00a0\u00bbon\u00a0\u00bb _builder_version=\u00a0\u00bb4.24.0&Prime; _module_preset=\u00a0\u00bbdefault\u00a0\u00bb background_color=\u00a0\u00bb#003D4C\u00a0\u00bb background_enable_color=\u00a0\u00bbon\u00a0\u00bb custom_padding=\u00a0\u00bb10px|10px|10px|10px|true|true\u00a0\u00bb use_field_html=\u00a0\u00bbon\u00a0\u00bb field_htmlcontent=\u00a0\u00bb<\/p>\n<p><b>2. Choix du comit\u00e9 | Pour plus d&rsquo;informations, visitez la section <a href=%22https:\/\/audioprothesistes.org\/staging20260303\/a-propos\/comites\/%22>comit\u00e9s<\/a> du site Web de l&rsquo;Ordre<\/b><\/p>\n<p>\u00a0\u00bb html_wrapper_margin=\u00a0\u00bb||15px||false|false\u00a0\u00bb html_wrapper_padding=\u00a0\u00bb15px|15px|0px|15px|false|false\u00a0\u00bb html_heading_color=\u00a0\u00bb#FFFFFF\u00a0\u00bb html_paragraph_color=\u00a0\u00bb#FFFFFF\u00a0\u00bb global_colors_info=\u00a0\u00bb{}\u00a0\u00bb][\/et_pb_contact_field][et_pb_contact_field field_id=\u00a0\u00bbComite_Loi\u00a0\u00bb field_title=\u00a0\u00bbLes comit\u00e9s cr\u00e9\u00e9s par la loi\u00a0\u00bb field_type=\u00a0\u00bbcheckbox\u00a0\u00bb checkbox_options=\u00a0\u00bb%91{%22value%22:%22Conseil de discipline%22,%22checked%22:0,%22dragID%22:-1},{%22value%22:%22Comit\u00e9 d&rsquo;inspection professionnelle%22,%22checked%22:0,%22dragID%22:0},{%22value%22:%22Comit\u00e9 de la formation%22,%22checked%22:0,%22dragID%22:1},{%22value%22:%22Comit\u00e9 de la formation continue%22,%22checked%22:0,%22dragID%22:2},{%22value%22:%22Comit\u00e9 d&rsquo;\u00e9quivalence de dipl\u00f4me et de la formation%22,%22checked%22:0,%22dragID%22:3},{%22value%22:%22Comit\u00e9 d\u2019enqu\u00eate \u00e0 l\u2019\u00e9thique et \u00e0 la d\u00e9ontologie%22,%22checked%22:0,%22dragID%22:4},{%22value%22:%22Comit\u00e9 de r\u00e9vision%22,%22checked%22:0,%22dragID%22:5}%93&Prime; required_mark=\u00a0\u00bboff\u00a0\u00bb fullwidth_field=\u00a0\u00bbon\u00a0\u00bb _builder_version=\u00a0\u00bb4.23.1&Prime; _module_preset=\u00a0\u00bbdefault\u00a0\u00bb global_colors_info=\u00a0\u00bb{}\u00a0\u00bb][\/et_pb_contact_field][et_pb_contact_field field_id=\u00a0\u00bbComite_Permanent\u00a0\u00bb field_title=\u00a0\u00bbLes comit\u00e9s permanents\u00a0\u00bb field_type=\u00a0\u00bbcheckbox\u00a0\u00bb checkbox_options=\u00a0\u00bb%91{%22value%22:%22Comit\u00e9 d&rsquo;innovation et de d\u00e9veloppement professionnel%22,%22checked%22:0,%22dragID%22:-1}%93&Prime; required_mark=\u00a0\u00bboff\u00a0\u00bb fullwidth_field=\u00a0\u00bbon\u00a0\u00bb _builder_version=\u00a0\u00bb4.23.1&Prime; _module_preset=\u00a0\u00bbdefault\u00a0\u00bb global_colors_info=\u00a0\u00bb{}\u00a0\u00bb][\/et_pb_contact_field][et_pb_contact_field field_id=\u00a0\u00bb3_Parcours_Professionnel\u00a0\u00bb field_title=\u00a0\u00bb3. Parcours professionnel | D\u00e9crivez en quelques mots votre parcours professionnel\u00a0\u00bb fullwidth_field=\u00a0\u00bbon\u00a0\u00bb _builder_version=\u00a0\u00bb4.23.1&Prime; _module_preset=\u00a0\u00bbdefault\u00a0\u00bb background_color=\u00a0\u00bb#003D4C\u00a0\u00bb background_enable_color=\u00a0\u00bbon\u00a0\u00bb custom_padding=\u00a0\u00bb10px|10px|10px|10px|true|true\u00a0\u00bb use_field_html=\u00a0\u00bbon\u00a0\u00bb field_htmlcontent=\u00a0\u00bb<\/p>\n<p><strong>3. Parcours professionnel | D\u00e9crivez en quelques mots votre parcours professionnel<\/strong><\/p>\n<p>\u00a0\u00bb html_wrapper_margin=\u00a0\u00bb||15px||false|false\u00a0\u00bb html_wrapper_padding=\u00a0\u00bb15px|15px|0px|15px|false|false\u00a0\u00bb html_heading_color=\u00a0\u00bb#FFFFFF\u00a0\u00bb html_paragraph_color=\u00a0\u00bb#FFFFFF\u00a0\u00bb global_colors_info=\u00a0\u00bb{}\u00a0\u00bb][\/et_pb_contact_field][et_pb_contact_field field_id=\u00a0\u00bbParcours\u00a0\u00bb field_title=\u00a0\u00bbD\u00e9crivez en quelques mots votre parcours professionel\u00a0\u00bb field_type=\u00a0\u00bbtext\u00a0\u00bb fullwidth_field=\u00a0\u00bbon\u00a0\u00bb _builder_version=\u00a0\u00bb4.22.1&Prime; _module_preset=\u00a0\u00bbdefault\u00a0\u00bb global_colors_info=\u00a0\u00bb{}\u00a0\u00bb][\/et_pb_contact_field][et_pb_contact_field field_id=\u00a0\u00bbAnnees\u00a0\u00bb field_title=\u00a0\u00bbDepuis combien d&rsquo;ann\u00e9es exercez-vous comme audioproth\u00e9siste?\u00a0\u00bb field_type=\u00a0\u00bbselect\u00a0\u00bb select_options=\u00a0\u00bb%91{%22value%22:%221 an%22,%22checked%22:0,%22dragID%22:-1},{%22dragID%22:0,%22value%22:%222 ans%22,%22checked%22:0},{%22dragID%22:1,%22value%22:%223 ans%22,%22checked%22:0},{%22dragID%22:2,%22value%22:%224 ans%22,%22checked%22:0},{%22dragID%22:3,%22value%22:%225 ans%22,%22checked%22:0},{%22dragID%22:4,%22value%22:%226 ans%22,%22checked%22:0},{%22dragID%22:5,%22value%22:%227 ans%22,%22checked%22:0},{%22dragID%22:6,%22value%22:%228 ans%22,%22checked%22:0},{%22dragID%22:7,%22value%22:%229 ans%22,%22checked%22:0},{%22dragID%22:8,%22value%22:%2210 ans%22,%22checked%22:0},{%22dragID%22:9,%22value%22:%2211 ans%22,%22checked%22:0},{%22dragID%22:10,%22value%22:%2212 ans%22,%22checked%22:0},{%22dragID%22:11,%22value%22:%2213 ans%22,%22checked%22:0},{%22dragID%22:12,%22value%22:%2214 ans%22,%22checked%22:0},{%22dragID%22:13,%22value%22:%2215 ans%22,%22checked%22:0},{%22dragID%22:14,%22value%22:%2216 ans%22,%22checked%22:0},{%22dragID%22:15,%22value%22:%2217 ans%22,%22checked%22:0},{%22dragID%22:16,%22value%22:%2218 ans%22,%22checked%22:0},{%22dragID%22:17,%22value%22:%2219 ans%22,%22checked%22:0},{%22dragID%22:18,%22value%22:%2220 ans%22,%22checked%22:0},{%22dragID%22:19,%22value%22:%2221 ans%22,%22checked%22:0},{%22dragID%22:20,%22value%22:%2222 ans%22,%22checked%22:0},{%22dragID%22:21,%22value%22:%2223 ans%22,%22checked%22:0},{%22dragID%22:22,%22value%22:%2224 ans%22,%22checked%22:0},{%22dragID%22:23,%22value%22:%2225 ans%22,%22checked%22:0},{%22dragID%22:24,%22value%22:%2226 ans%22,%22checked%22:0},{%22dragID%22:25,%22value%22:%2227 ans%22,%22checked%22:0},{%22dragID%22:26,%22value%22:%2228 ans%22,%22checked%22:0},{%22dragID%22:27,%22value%22:%2229 ans%22,%22checked%22:0},{%22dragID%22:28,%22value%22:%2230 ans%22,%22checked%22:0}%93&Prime; fullwidth_field=\u00a0\u00bbon\u00a0\u00bb _builder_version=\u00a0\u00bb4.23.1&Prime; _module_preset=\u00a0\u00bbdefault\u00a0\u00bb global_colors_info=\u00a0\u00bb{}\u00a0\u00bb][\/et_pb_contact_field][et_pb_contact_field field_id=\u00a0\u00bb4_Competences\u00a0\u00bb field_title=\u00a0\u00bb4. Comp\u00e9tences\u00a0\u00bb fullwidth_field=\u00a0\u00bbon\u00a0\u00bb _builder_version=\u00a0\u00bb4.23.1&Prime; _module_preset=\u00a0\u00bbdefault\u00a0\u00bb background_color=\u00a0\u00bb#003D4C\u00a0\u00bb background_enable_color=\u00a0\u00bbon\u00a0\u00bb custom_padding=\u00a0\u00bb10px|10px|10px|10px|true|true\u00a0\u00bb use_field_html=\u00a0\u00bbon\u00a0\u00bb field_htmlcontent=\u00a0\u00bb<\/p>\n<p><strong>4. Comp\u00e9tences<\/strong><\/p>\n<p>\u00a0\u00bb html_wrapper_margin=\u00a0\u00bb||15px||false|false\u00a0\u00bb html_wrapper_padding=\u00a0\u00bb15px|15px|0px|15px|false|false\u00a0\u00bb html_heading_color=\u00a0\u00bb#FFFFFF\u00a0\u00bb html_paragraph_color=\u00a0\u00bb#FFFFFF\u00a0\u00bb global_colors_info=\u00a0\u00bb{}\u00a0\u00bb][\/et_pb_contact_field][et_pb_contact_field field_id=\u00a0\u00bbForces\u00a0\u00bb field_title=\u00a0\u00bbForces\u00a0\u00bb field_type=\u00a0\u00bbtext\u00a0\u00bb fullwidth_field=\u00a0\u00bbon\u00a0\u00bb _builder_version=\u00a0\u00bb4.23.1&Prime; _module_preset=\u00a0\u00bbdefault\u00a0\u00bb global_colors_info=\u00a0\u00bb{}\u00a0\u00bb][\/et_pb_contact_field][et_pb_contact_field field_id=\u00a0\u00bbFaiblesses\u00a0\u00bb field_title=\u00a0\u00bbFaiblesses\u00a0\u00bb field_type=\u00a0\u00bbtext\u00a0\u00bb fullwidth_field=\u00a0\u00bbon\u00a0\u00bb _builder_version=\u00a0\u00bb4.23.1&Prime; _module_preset=\u00a0\u00bbdefault\u00a0\u00bb global_colors_info=\u00a0\u00bb{}\u00a0\u00bb][\/et_pb_contact_field][et_pb_contact_field field_id=\u00a0\u00bb5_Motivation\u00a0\u00bb field_title=\u00a0\u00bb5. Motivation | D\u00e9crivez en quelques mots votre motivation \u00e0 vous impliquer au sein d&rsquo;un comit\u00e9.\u00a0\u00bb fullwidth_field=\u00a0\u00bbon\u00a0\u00bb _builder_version=\u00a0\u00bb4.23.1&Prime; _module_preset=\u00a0\u00bbdefault\u00a0\u00bb background_color=\u00a0\u00bb#003D4C\u00a0\u00bb background_enable_color=\u00a0\u00bbon\u00a0\u00bb custom_padding=\u00a0\u00bb10px|10px|10px|10px|true|true\u00a0\u00bb use_field_html=\u00a0\u00bbon\u00a0\u00bb field_htmlcontent=\u00a0\u00bb<\/p>\n<p><strong>5. Motivation | D\u00e9crivez en quelques mots votre motivation \u00e0 vous impliquer au sein d&rsquo;un comit\u00e9<\/strong><\/p>\n<p>\u00a0\u00bb html_wrapper_margin=\u00a0\u00bb||15px||false|false\u00a0\u00bb html_wrapper_padding=\u00a0\u00bb15px|15px|0px|15px|false|false\u00a0\u00bb html_heading_color=\u00a0\u00bb#FFFFFF\u00a0\u00bb html_paragraph_color=\u00a0\u00bb#FFFFFF\u00a0\u00bb global_colors_info=\u00a0\u00bb{}\u00a0\u00bb][\/et_pb_contact_field][et_pb_contact_field field_id=\u00a0\u00bbMotivation_Description\u00a0\u00bb field_title=\u00a0\u00bbD\u00e9crivez en quelques mots votre motivation \u00e0 vous impliquer au sein d&rsquo;un comit\u00e9\u00a0\u00bb field_type=\u00a0\u00bbtext\u00a0\u00bb fullwidth_field=\u00a0\u00bbon\u00a0\u00bb _builder_version=\u00a0\u00bb4.22.1&Prime; _module_preset=\u00a0\u00bbdefault\u00a0\u00bb global_colors_info=\u00a0\u00bb{}\u00a0\u00bb][\/et_pb_contact_field][et_pb_contact_field field_id=\u00a0\u00bb6_Declaration\u00a0\u00bb field_title=\u00a0\u00bb6. D\u00e9claration | Pour \u00eatre jug\u00e9 admissible, le candidat ou la candidate doit r\u00e9pondre \u00e0 chacun des crit\u00e8res suivants\u00a0\u00bb fullwidth_field=\u00a0\u00bbon\u00a0\u00bb _builder_version=\u00a0\u00bb4.23.1&Prime; _module_preset=\u00a0\u00bbdefault\u00a0\u00bb background_color=\u00a0\u00bb#003D4C\u00a0\u00bb background_enable_color=\u00a0\u00bbon\u00a0\u00bb custom_padding=\u00a0\u00bb10px|10px|10px|10px|true|true\u00a0\u00bb use_field_html=\u00a0\u00bbon\u00a0\u00bb field_htmlcontent=\u00a0\u00bb<\/p>\n<p><strong>6. D\u00e9claration | Pour \u00eatre jug\u00e9 admissible, le candidat ou la candidate doit r\u00e9pondre \u00e0 chacun des crit\u00e8res suivants :<\/strong><\/p>\n<p>\u00a0\u00bb html_wrapper_margin=\u00a0\u00bb||15px||false|false\u00a0\u00bb html_wrapper_padding=\u00a0\u00bb15px|15px|0px|15px|false|false\u00a0\u00bb html_heading_color=\u00a0\u00bb#FFFFFF\u00a0\u00bb html_paragraph_color=\u00a0\u00bb#FFFFFF\u00a0\u00bb global_colors_info=\u00a0\u00bb{}\u00a0\u00bb][\/et_pb_contact_field][et_pb_contact_field field_id=\u00a0\u00bbPar_la_presente_je_declare\u00a0\u00bb field_title=\u00a0\u00bbPar la pr\u00e9sente, je d\u00e9clare :\u00a0\u00bb field_type=\u00a0\u00bbcheckbox\u00a0\u00bb checkbox_options=\u00a0\u00bb%91{%22value%22:%22Ne pas faire l\u2019objet d\u2019une poursuite concernant un acte impliquant de la collusion, de la corruption, de la malversation, de l\u2019abus de confiance, une fraude ou du trafic d\u2019influence; ni d\u2019une poursuite concernant des gestes ou des propos abusifs \u00e0 caract\u00e8re sexuel, ou d\u2019une poursuite pour une infraction punissable de cinq (5) ans d\u2019emprisonnement ou plus, incluant une absolution.%22,%22checked%22:0,%22dragID%22:-1},{%22value%22:%22Ne pas avoir \u00e9t\u00e9 trouv\u00e9 coupable dans une poursuite concernant un acte impliquant de la collusion, de la corruption, de la malversation, de l\u2019abus de confiance, une fraude ou du trafic d\u2019influence; ni dans une poursuite concernant des gestes ou des propos abusifs \u00e0 caract\u00e8re sexuel, ou dans une poursuite pour une infraction punissable de cinq (5) ans d\u2019emprisonnement ou plus, incluant une absolution.%22,%22checked%22:0,%22dragID%22:0},{%22value%22:%22Ne pas faire l\u2019objet d\u2019une plainte port\u00e9e par le syndic devant le conseil de discipline de l\u2019ordre professionnel dont je fais partie.%22,%22checked%22:0,%22dragID%22:1},{%22value%22:%22Ne pas faire l\u2019objet d\u2019une d\u00e9cision administrative ou disciplinaire ayant pour effet de porter atteinte \u00e0 mon droit d\u2019exercice.%22,%22checked%22:0,%22dragID%22:2},{%22value%22:%22Ne pas faire l\u2019objet d\u2019un stage ou d\u2019un cours de perfectionnement impos\u00e9, dont la r\u00e9alisation est en cours, avec ou sans limitation d\u2019exercice; ou de toute autre mesure dans le cadre d\u2019un processus d\u2019inspection professionnelle.%22,%22checked%22:0,%22dragID%22:3},{%22value%22:%22Ne pas avoir \u00e9t\u00e9 d\u00e9clar\u00e9 coupable d\u2019une infraction par le conseil de discipline d\u2019un ordre professionnel ou par le Tribunal des professions.%22,%22checked%22:0,%22dragID%22:4},{%22value%22:%22Ne pas \u00eatre administrateur ou dirigeant d\u2019une personne morale ou de tout autre groupement de personnes ayant pour objet principal la promotion des droits ou la d\u00e9fense des int\u00e9r\u00eats des membres d\u2019un ordre professionnel.%22,%22checked%22:0,%22dragID%22:5}%93&Prime; fullwidth_field=\u00a0\u00bbon\u00a0\u00bb _builder_version=\u00a0\u00bb4.23.1&Prime; _module_preset=\u00a0\u00bbdefault\u00a0\u00bb global_colors_info=\u00a0\u00bb{}\u00a0\u00bb][\/et_pb_contact_field][et_pb_contact_field field_id=\u00a0\u00bbLettre_Presentation\u00a0\u00bb field_title=\u00a0\u00bbLettre_Pr\u00e9sentation\u00a0\u00bb fullwidth_field=\u00a0\u00bbon\u00a0\u00bb _builder_version=\u00a0\u00bb4.23.1&Prime; _module_preset=\u00a0\u00bbdefault\u00a0\u00bb background_color=\u00a0\u00bb#003D4C\u00a0\u00bb background_enable_color=\u00a0\u00bbon\u00a0\u00bb custom_padding=\u00a0\u00bb10px|10px|10px|10px|true|true\u00a0\u00bb use_field_html=\u00a0\u00bbon\u00a0\u00bb field_htmlcontent=\u00a0\u00bb<\/p>\n<p>Nous vous prions de bien vouloir d\u00e9poser votre lettre de pr\u00e9sentation dans la bo\u00eete ci-dessous pr\u00e9vue \u00e0 cet effet.<\/p>\n<p>\u00a0\u00bb html_wrapper_margin=\u00a0\u00bb||15px||false|false\u00a0\u00bb html_wrapper_padding=\u00a0\u00bb15px|15px|0px|15px|false|false\u00a0\u00bb html_wrapper_background=\u00a0\u00bb#009EE2&Prime; html_heading_color=\u00a0\u00bb#FFFFFF\u00a0\u00bb html_paragraph_color=\u00a0\u00bb#FFFFFF\u00a0\u00bb global_colors_info=\u00a0\u00bb{}\u00a0\u00bb][\/et_pb_contact_field][et_pb_contact_field field_id=\u00a0\u00bbTelechargement\u00a0\u00bb field_title=\u00a0\u00bbT\u00e9l\u00e9chargment\u00a0\u00bb fullwidth_field=\u00a0\u00bbon\u00a0\u00bb _builder_version=\u00a0\u00bb4.27.0&Prime; _module_preset=\u00a0\u00bbdefault\u00a0\u00bb hover_enabled=\u00a0\u00bb0&Prime; use_file_upload=\u00a0\u00bbon\u00a0\u00bb file_size=\u00a0\u00bb20000&Prime; file_mime=\u00a0\u00bbon|off|on|off|off|off|off|off|off|off|off|off|off|off|off|off|off|off|off|off|off|off|off|off|off|off|off|off|off|off|off|off|off|off|off|off|off|off|off|off|off|off|off|off|off|off|off|off|on|off|off|off|off|off|off|off|off|off|off|off|off|off|off|off|off|off|off|off|off|off|off|off|off|off|off|off|off|off|off|off|off|off|off|off|off|off|off|off|off|off|off|off|off|off|off|off\u00a0\u00bb global_colors_info=\u00a0\u00bb{}\u00a0\u00bb sticky_enabled=\u00a0\u00bb0&Prime;][\/et_pb_contact_field][et_pb_contact_field field_id=\u00a0\u00bbLoi_25&Prime; field_title=\u00a0\u00bbAcceptation\u00a0\u00bb _builder_version=\u00a0\u00bb4.24.0&Prime; _module_preset=\u00a0\u00bba439312c-45cd-40f6-8c87-f463aad8b388&Prime; use_field_html=\u00a0\u00bbon\u00a0\u00bb field_htmlcontent=\u00a0\u00bb<\/p>\n<p><strong>Avis :<\/strong><\/p>\n<p>Les renseignements demand\u00e9s dans le cadre du pr\u00e9sent formulaire le sont en vue de permettre \u00e0 l\u2019Ordre des audioproth\u00e9sistes du Qu\u00e9bec de proc\u00e9der \u00e0 l\u2019analyse de votre candidature au sein du ou des comit\u00e9.s de l\u2019Ordre. Le personnel de l\u2019Ordre ainsi que d\u2019autres intervenants autoris\u00e9s suivant le <em>Code des professions<\/em>, pourront acc\u00e9der \u00e0 ces renseignements, aux seules fins de l\u2019exercice de leurs fonctions. Les droits d\u2019acc\u00e8s et de rectification \u00e0 l\u2019\u00e9gard des renseignements recueillis \u00e0 l\u2019aide ce formulaire sont notamment ceux pr\u00e9vus par le <em>Code des professions<\/em> et par la <em>Loi sur l\u2019acc\u00e8s aux documents des organismes publics et sur la protection des renseignements personnels<\/em> (L.R.Q., c. A-2.1).<\/p>\n<p>\u00a0\u00bb global_colors_info=\u00a0\u00bb{}\u00a0\u00bb][\/et_pb_contact_field][et_pb_contact_field field_id=\u00a0\u00bbConsentement\u00a0\u00bb field_title=\u00a0\u00bbConsentement\u00a0\u00bb field_type=\u00a0\u00bbcheckbox\u00a0\u00bb checkbox_options=\u00a0\u00bb%91{%22value%22:%22En cochant cette case, je confirme que les renseignement sont v\u00e9ridiques et fait foi de ma signature.%22,%22checked%22:0,%22dragID%22:-1}%93&Prime; fullwidth_field=\u00a0\u00bbon\u00a0\u00bb _builder_version=\u00a0\u00bb4.22.1&Prime; _module_preset=\u00a0\u00bbdefault\u00a0\u00bb global_colors_info=\u00a0\u00bb{}\u00a0\u00bb][\/et_pb_contact_field][\/et_pb_contact_form][\/et_pb_column][\/et_pb_row][\/et_pb_section]<\/p>\n","protected":false},"excerpt":{"rendered":"","protected":false},"author":3,"featured_media":5293,"parent":8408,"menu_order":0,"comment_status":"closed","ping_status":"closed","template":"","meta":{"_et_pb_use_builder":"on","_et_pb_old_content":"","_et_gb_content_width":"","footnotes":""},"class_list":["post-6893","page","type-page","status-publish","has-post-thumbnail","hentry"],"acf":[],"_links":{"self":[{"href":"https:\/\/audioprothesistes.org\/staging20260303\/wp-json\/wp\/v2\/pages\/6893","targetHints":{"allow":["GET"]}}],"collection":[{"href":"https:\/\/audioprothesistes.org\/staging20260303\/wp-json\/wp\/v2\/pages"}],"about":[{"href":"https:\/\/audioprothesistes.org\/staging20260303\/wp-json\/wp\/v2\/types\/page"}],"author":[{"embeddable":true,"href":"https:\/\/audioprothesistes.org\/staging20260303\/wp-json\/wp\/v2\/users\/3"}],"replies":[{"embeddable":true,"href":"https:\/\/audioprothesistes.org\/staging20260303\/wp-json\/wp\/v2\/comments?post=6893"}],"version-history":[{"count":52,"href":"https:\/\/audioprothesistes.org\/staging20260303\/wp-json\/wp\/v2\/pages\/6893\/revisions"}],"predecessor-version":[{"id":9251,"href":"https:\/\/audioprothesistes.org\/staging20260303\/wp-json\/wp\/v2\/pages\/6893\/revisions\/9251"}],"up":[{"embeddable":true,"href":"https:\/\/audioprothesistes.org\/staging20260303\/wp-json\/wp\/v2\/pages\/8408"}],"wp:featuredmedia":[{"embeddable":true,"href":"https:\/\/audioprothesistes.org\/staging20260303\/wp-json\/wp\/v2\/media\/5293"}],"wp:attachment":[{"href":"https:\/\/audioprothesistes.org\/staging20260303\/wp-json\/wp\/v2\/media?parent=6893"}],"curies":[{"name":"wp","href":"https:\/\/api.w.org\/{rel}","templated":true}]}}